{"id":3934,"date":"2026-02-10T16:50:20","date_gmt":"2026-02-10T16:50:20","guid":{"rendered":"https:\/\/sanblanch.com\/serveis-immobiliaris-i-reformes\/"},"modified":"2026-03-24T13:25:02","modified_gmt":"2026-03-24T13:25:02","slug":"serveis-immobiliaris-i-reformes","status":"publish","type":"page","link":"https:\/\/sanblanch.com\/ca\/serveis-immobiliaris-i-reformes\/","title":{"rendered":"Serveis immobiliaris i reformes"},"content":{"rendered":"\t\t<div data-elementor-type=\"wp-page\" data-elementor-id=\"3934\" class=\"elementor elementor-3934 elementor-3762\" data-elementor-post-type=\"page\">\n\t\t\t\t<div class=\"elementor-element elementor-element-16e26939 e-con-full e-flex e-con e-parent\" data-id=\"16e26939\" data-element_type=\"container\" data-e-type=\"container\" data-settings=\"{&quot;background_background&quot;:&quot;classic&quot;}\">\n\t\t\t\t<\/div>\n\t\t<div class=\"elementor-element elementor-element-1d780d29 e-flex e-con-boxed e-con e-parent\" data-id=\"1d780d29\" data-element_type=\"container\" data-e-type=\"container\" data-settings=\"{&quot;background_background&quot;:&quot;classic&quot;}\">\n\t\t\t\t\t<div class=\"e-con-inner\">\n\t\t\t\t<div class=\"elementor-element elementor-element-21969d7d elementor-widget elementor-widget-heading\" data-id=\"21969d7d\" data-element_type=\"widget\" data-e-type=\"widget\" data-widget_type=\"heading.default\">\n\t\t\t\t\t<h2 class=\"elementor-heading-title elementor-size-default\">Reformes i Interiorisme<\/h2>\t\t\t\t<\/div>\n\t\t\t\t<div class=\"elementor-element elementor-element-961066b elementor-hidden-mobile elementor-widget elementor-widget-image\" data-id=\"961066b\" data-element_type=\"widget\" data-e-type=\"widget\" data-widget_type=\"image.default\">\n\t\t\t\t\t\t\t\t\t\t\t\t\t\t\t<img decoding=\"async\" width=\"300\" height=\"41\" src=\"https:\/\/sanblanch.com\/wp-content\/uploads\/2025\/08\/Logo-blanco-nombre-300x41.webp\" class=\"attachment-medium size-medium wp-image-2057\" alt=\"\" srcset=\"https:\/\/sanblanch.com\/wp-content\/uploads\/2025\/08\/Logo-blanco-nombre-300x41.webp 300w, https:\/\/sanblanch.com\/wp-content\/uploads\/2025\/08\/Logo-blanco-nombre-768x104.webp 768w, https:\/\/sanblanch.com\/wp-content\/uploads\/2025\/08\/Logo-blanco-nombre.webp 800w\" sizes=\"(max-width: 300px) 100vw, 300px\" \/>\t\t\t\t\t\t\t\t\t\t\t\t\t\t\t<\/div>\n\t\t\t\t<div class=\"elementor-element elementor-element-4654770c elementor-widget elementor-widget-heading\" data-id=\"4654770c\" data-element_type=\"widget\" data-e-type=\"widget\" data-widget_type=\"heading.default\">\n\t\t\t\t\t<h1 class=\"elementor-heading-title elementor-size-default\">Servei immobiliari amb assessorament i reforma integral al Garraf<\/h1>\t\t\t\t<\/div>\n\t\t\t\t<div class=\"elementor-element elementor-element-26ed0798 elementor-widget elementor-widget-heading\" data-id=\"26ed0798\" data-element_type=\"widget\" data-e-type=\"widget\" data-widget_type=\"heading.default\">\n\t\t\t\t\t<h2 class=\"elementor-heading-title elementor-size-default\">Compra, venda o lloguer d\u2019immobles a Vilanova i la Geltr\u00fa, Sitges i Sant Pere de Ribes\n<\/h2>\t\t\t\t<\/div>\n\t\t\t\t\t<\/div>\n\t\t\t\t<\/div>\n\t\t<div class=\"elementor-element elementor-element-20baf677 e-flex e-con-boxed elementor-invisible e-con e-parent\" data-id=\"20baf677\" data-element_type=\"container\" data-e-type=\"container\" data-settings=\"{&quot;background_background&quot;:&quot;classic&quot;,&quot;animation&quot;:&quot;slideInDown&quot;}\">\n\t\t\t\t\t<div class=\"e-con-inner\">\n\t\t\t\t<div class=\"elementor-element elementor-element-2da4c98d elementor-widget elementor-widget-text-editor\" data-id=\"2da4c98d\" data-element_type=\"widget\" data-e-type=\"widget\" data-widget_type=\"text-editor.default\">\n\t\t\t\t\t\t\t\t\t<p>Trobar un immoble per comprar o llogar no \u00e9s nom\u00e9s una q\u00fcesti\u00f3 de preu o ubicaci\u00f3. \u00c9s entendre el seu potencial real.<br>A <strong>Sanblanch oferim un servei integral immobiliari i de reformes <\/strong>per a qui busca una vivenda a Vilanova i la Geltr\u00fa, Sitges, Sant Pere de Ribes i tot el Garraf, tant si ets comprador com a venedor.<br>T\u2019acompanyem<strong> des de la recerca o la posada al mercat de l\u2019immoble fins a la seva transformaci\u00f3 final.<\/strong> <\/p>\t\t\t\t\t\t\t\t<\/div>\n\t\t\t\t\t<\/div>\n\t\t\t\t<\/div>\n\t\t<div class=\"elementor-element elementor-element-3eab127 elementor-hidden-tablet elementor-hidden-mobile e-flex e-con-boxed e-con e-parent\" data-id=\"3eab127\" data-element_type=\"container\" data-e-type=\"container\">\n\t\t\t\t\t<div class=\"e-con-inner\">\n\t\t<div class=\"elementor-element elementor-element-a491dcd e-con-full e-flex e-con e-child\" data-id=\"a491dcd\" data-element_type=\"container\" data-e-type=\"container\">\n\t\t\t\t<div class=\"elementor-element elementor-element-dfbb0d8 elementor-widget elementor-widget-heading\" data-id=\"dfbb0d8\" data-element_type=\"widget\" data-e-type=\"widget\" data-widget_type=\"heading.default\">\n\t\t\t\t\t<h2 class=\"elementor-heading-title elementor-size-default\">Si est\u00e0s buscant comprar o llogar una vivenda<\/h2>\t\t\t\t<\/div>\n\t\t\t\t<div class=\"elementor-element elementor-element-aee8487 elementor-widget elementor-widget-text-editor\" data-id=\"aee8487\" data-element_type=\"widget\" data-e-type=\"widget\" data-widget_type=\"text-editor.default\">\n\t\t\t\t\t\t\t\t\t<p><span style=\"font-weight: 400;\">T\u2019ajudem a trobar pisos i cases en venda o lloguer al Garraf amb una visi\u00f3 clara i realista.<br><br><\/span><\/p><p><span style=\"font-weight: 400;\">Analitzem cada immoble des d\u2019un enfocament t\u00e8cnic i funcional:<\/span><\/p><ul><li aria-level=\"1\">estat real de la vivenda<\/li><li aria-level=\"1\">possibilitats de redistribuci\u00f3 o ampliaci\u00f3<\/li><li aria-level=\"1\">cost aproximat de reforma<\/li><li aria-level=\"1\">viabilitat del projecte<\/li><\/ul><p><span style=\"font-weight: 400;\">Aix\u00ed pots prendre decisions informades abans de comprar o llogar.<br>I si ho desitges, ens encarreguem de la reforma integral o parcial de la vivenda, adaptant-la al teu estil de vida i pressupost.<\/span><\/p><p><span style=\"font-weight: 400;\">Un \u00fanic equip per buscar, valorar i reformar la teva vivenda.<\/span><span style=\"font-weight: 400;\">.<\/span><\/p>\t\t\t\t\t\t\t\t<\/div>\n\t\t\t\t<\/div>\n\t\t<div class=\"elementor-element elementor-element-ee3e8ed e-con-full e-flex e-con e-child\" data-id=\"ee3e8ed\" data-element_type=\"container\" data-e-type=\"container\">\n\t\t\t\t<div class=\"elementor-element elementor-element-982f10b elementor-widget elementor-widget-image\" data-id=\"982f10b\" data-element_type=\"widget\" data-e-type=\"widget\" data-widget_type=\"image.default\">\n\t\t\t\t\t\t\t\t\t\t\t\t\t\t\t<img fetchpriority=\"high\" decoding=\"async\" width=\"600\" height=\"800\" src=\"https:\/\/sanblanch.com\/wp-content\/uploads\/2026\/02\/buscar-piso.webp\" class=\"attachment-large size-large wp-image-3915\" alt=\"\" srcset=\"https:\/\/sanblanch.com\/wp-content\/uploads\/2026\/02\/buscar-piso.webp 600w, https:\/\/sanblanch.com\/wp-content\/uploads\/2026\/02\/buscar-piso-225x300.webp 225w\" sizes=\"(max-width: 600px) 100vw, 600px\" \/>\t\t\t\t\t\t\t\t\t\t\t\t\t\t\t<\/div>\n\t\t\t\t<\/div>\n\t\t\t\t\t<\/div>\n\t\t\t\t<\/div>\n\t\t<div class=\"elementor-element elementor-element-a9e8a35 elementor-hidden-desktop e-flex e-con-boxed e-con e-parent\" data-id=\"a9e8a35\" data-element_type=\"container\" data-e-type=\"container\">\n\t\t\t\t\t<div class=\"e-con-inner\">\n\t\t<div class=\"elementor-element elementor-element-6f21c6a e-flex e-con-boxed e-con e-child\" data-id=\"6f21c6a\" data-element_type=\"container\" data-e-type=\"container\">\n\t\t\t\t\t<div class=\"e-con-inner\">\n\t\t\t\t<div class=\"elementor-element elementor-element-85c1714 elementor-widget elementor-widget-image\" data-id=\"85c1714\" data-element_type=\"widget\" data-e-type=\"widget\" data-widget_type=\"image.default\">\n\t\t\t\t\t\t\t\t\t\t\t\t\t\t\t<img fetchpriority=\"high\" decoding=\"async\" width=\"600\" height=\"800\" src=\"https:\/\/sanblanch.com\/wp-content\/uploads\/2026\/02\/buscar-piso.webp\" class=\"attachment-large size-large wp-image-3915\" alt=\"\" srcset=\"https:\/\/sanblanch.com\/wp-content\/uploads\/2026\/02\/buscar-piso.webp 600w, https:\/\/sanblanch.com\/wp-content\/uploads\/2026\/02\/buscar-piso-225x300.webp 225w\" sizes=\"(max-width: 600px) 100vw, 600px\" \/>\t\t\t\t\t\t\t\t\t\t\t\t\t\t\t<\/div>\n\t\t\t\t<div class=\"elementor-element elementor-element-3ec0e4d elementor-widget elementor-widget-heading\" data-id=\"3ec0e4d\" data-element_type=\"widget\" data-e-type=\"widget\" data-widget_type=\"heading.default\">\n\t\t\t\t\t<h2 class=\"elementor-heading-title elementor-size-default\">Si est\u00e0s buscant comprar o llogar una vivenda<\/h2>\t\t\t\t<\/div>\n\t\t\t\t<div class=\"elementor-element elementor-element-6d9e8ec elementor-widget elementor-widget-text-editor\" data-id=\"6d9e8ec\" data-element_type=\"widget\" data-e-type=\"widget\" data-widget_type=\"text-editor.default\">\n\t\t\t\t\t\t\t\t\t<p><span style=\"font-weight: 400;\">T\u2019ajudem a trobar pisos i cases en venda o lloguer al Garraf amb una visi\u00f3 clara i realista.<br><br><\/span><\/p><p><span style=\"font-weight: 400;\">Analitzem cada immoble des d\u2019un enfocament t\u00e8cnic i funcional:<\/span><\/p><ul><li aria-level=\"1\">estat real de la vivenda<\/li><li aria-level=\"1\">possibilitats de redistribuci\u00f3 o ampliaci\u00f3<\/li><li aria-level=\"1\">cost aproximat de reforma<\/li><li aria-level=\"1\">viabilitat del projecte<\/li><\/ul><p><span style=\"font-weight: 400;\">Aix\u00ed pots prendre decisions informades abans de comprar o llogar.<br>I si ho desitges, ens encarreguem de la reforma integral o parcial de la vivenda, adaptant-la al teu estil de vida i pressupost.<\/span><\/p><p><span style=\"font-weight: 400;\">Un \u00fanic equip per buscar, valorar i reformar la teva vivenda.<\/span><span style=\"font-weight: 400;\">.<\/span><\/p>\t\t\t\t\t\t\t\t<\/div>\n\t\t\t\t\t<\/div>\n\t\t\t\t<\/div>\n\t\t\t\t\t<\/div>\n\t\t\t\t<\/div>\n\t\t<div class=\"elementor-element elementor-element-57359d3 elementor-hidden-tablet elementor-hidden-mobile e-flex e-con-boxed e-con e-parent\" data-id=\"57359d3\" data-element_type=\"container\" data-e-type=\"container\">\n\t\t\t\t\t<div class=\"e-con-inner\">\n\t\t<div class=\"elementor-element elementor-element-61d230d e-con-full e-flex e-con e-child\" data-id=\"61d230d\" data-element_type=\"container\" data-e-type=\"container\">\n\t\t\t\t<div class=\"elementor-element elementor-element-9564692 elementor-widget__width-initial elementor-widget elementor-widget-image\" data-id=\"9564692\" data-element_type=\"widget\" data-e-type=\"widget\" data-widget_type=\"image.default\">\n\t\t\t\t\t\t\t\t\t\t\t\t\t\t\t<img decoding=\"async\" width=\"600\" height=\"800\" src=\"https:\/\/sanblanch.com\/wp-content\/uploads\/2026\/02\/vender-piso.webp\" class=\"attachment-large size-large wp-image-3916\" alt=\"\" srcset=\"https:\/\/sanblanch.com\/wp-content\/uploads\/2026\/02\/vender-piso.webp 600w, https:\/\/sanblanch.com\/wp-content\/uploads\/2026\/02\/vender-piso-225x300.webp 225w\" sizes=\"(max-width: 600px) 100vw, 600px\" \/>\t\t\t\t\t\t\t\t\t\t\t\t\t\t\t<\/div>\n\t\t\t\t<\/div>\n\t\t<div class=\"elementor-element elementor-element-c3edac1 e-con-full e-flex e-con e-child\" data-id=\"c3edac1\" data-element_type=\"container\" data-e-type=\"container\">\n\t\t\t\t<div class=\"elementor-element elementor-element-e6ea7bb elementor-widget elementor-widget-heading\" data-id=\"e6ea7bb\" data-element_type=\"widget\" data-e-type=\"widget\" data-widget_type=\"heading.default\">\n\t\t\t\t\t<h2 class=\"elementor-heading-title elementor-size-default\">Si vols <b>vendre o llogar<\/b> el teu immoble<\/h2>\t\t\t\t<\/div>\n\t\t\t\t<div class=\"elementor-element elementor-element-a370914 elementor-widget elementor-widget-text-editor\" data-id=\"a370914\" data-element_type=\"widget\" data-e-type=\"widget\" data-widget_type=\"text-editor.default\">\n\t\t\t\t\t\t\t\t\t<p><span style=\"font-weight: 400;\">Si tens una vivenda a Sitges, Vilanova, Sant Pere de Ribes o al Garraf i vols vendre-la o llogar-la, t\u2019ajudem a revaloritzar-la abans de treure-la al mercat. <\/span><\/p><p><span style=\"font-weight: 400;\">Estudiem quines millores poden marcar la difer\u00e8ncia:<\/span><\/p><ul><li style=\"font-weight: 400;\" aria-level=\"1\"><span style=\"font-weight: 400;\">petites reformes estrat\u00e8giques<\/span><span style=\"font-weight: 400;\"><br><br><\/span><\/li><li style=\"font-weight: 400;\" aria-level=\"1\"><span style=\"font-weight: 400;\">redistribuci\u00f3 d\u2019espais<\/span><span style=\"font-weight: 400;\"><br><br><\/span><\/li><li style=\"font-weight: 400;\" aria-level=\"1\"><span style=\"font-weight: 400;\">actualitzaci\u00f3 de cuina o bany<\/span><span style=\"font-weight: 400;\"><br><br><\/span><\/li><li style=\"font-weight: 400;\" aria-level=\"1\"><span style=\"font-weight: 400;\">millora de la il\u00b7luminaci\u00f3 i els acabats<\/span><span style=\"font-weight: 400;\"><br><br><\/span><\/li><\/ul><p>L\u2019objectiu \u00e9s:<br>\u2714 augmentar el valor percebut<br>\u2714 reduir els temps de venda o lloguer<br>\u2714 atraure compradors o inquilins de millor qualitat<\/p>\t\t\t\t\t\t\t\t<\/div>\n\t\t\t\t<\/div>\n\t\t\t\t\t<\/div>\n\t\t\t\t<\/div>\n\t\t<div class=\"elementor-element elementor-element-72c0e13 elementor-hidden-desktop e-flex e-con-boxed e-con e-parent\" data-id=\"72c0e13\" data-element_type=\"container\" data-e-type=\"container\">\n\t\t\t\t\t<div class=\"e-con-inner\">\n\t\t<div class=\"elementor-element elementor-element-351aff8 e-flex e-con-boxed e-con e-child\" data-id=\"351aff8\" data-element_type=\"container\" data-e-type=\"container\">\n\t\t\t\t\t<div class=\"e-con-inner\">\n\t\t\t\t<div class=\"elementor-element elementor-element-97b7700 elementor-widget__width-initial elementor-widget elementor-widget-image\" data-id=\"97b7700\" data-element_type=\"widget\" data-e-type=\"widget\" data-widget_type=\"image.default\">\n\t\t\t\t\t\t\t\t\t\t\t\t\t\t\t<img decoding=\"async\" width=\"600\" height=\"800\" src=\"https:\/\/sanblanch.com\/wp-content\/uploads\/2026\/02\/vender-piso.webp\" class=\"attachment-large size-large wp-image-3916\" alt=\"\" srcset=\"https:\/\/sanblanch.com\/wp-content\/uploads\/2026\/02\/vender-piso.webp 600w, https:\/\/sanblanch.com\/wp-content\/uploads\/2026\/02\/vender-piso-225x300.webp 225w\" sizes=\"(max-width: 600px) 100vw, 600px\" \/>\t\t\t\t\t\t\t\t\t\t\t\t\t\t\t<\/div>\n\t\t\t\t<div class=\"elementor-element elementor-element-0751510 elementor-widget elementor-widget-heading\" data-id=\"0751510\" data-element_type=\"widget\" data-e-type=\"widget\" data-widget_type=\"heading.default\">\n\t\t\t\t\t<h2 class=\"elementor-heading-title elementor-size-default\">Si vols <b>vendre o llogar<\/b> el teu immoble<\/h2>\t\t\t\t<\/div>\n\t\t\t\t<div class=\"elementor-element elementor-element-9dcbb88 elementor-widget elementor-widget-text-editor\" data-id=\"9dcbb88\" data-element_type=\"widget\" data-e-type=\"widget\" data-widget_type=\"text-editor.default\">\n\t\t\t\t\t\t\t\t\t<p><span style=\"font-weight: 400;\">Si tens una vivenda a Sitges, Vilanova, Sant Pere de Ribes o al Garraf i vols vendre-la o llogar-la, t\u2019ajudem a revaloritzar-la abans de treure-la al mercat. <\/span><\/p><p><span style=\"font-weight: 400;\">Estudiem quines millores poden marcar la difer\u00e8ncia:<\/span><\/p><ul><li style=\"font-weight: 400;\" aria-level=\"1\"><span style=\"font-weight: 400;\">petites reformes estrat\u00e8giques<\/span><p> <\/p><\/li><li style=\"font-weight: 400;\" aria-level=\"1\"><span style=\"font-weight: 400;\">redistribuci\u00f3 d\u2019espais<\/span><p> <\/p><\/li><li style=\"font-weight: 400;\" aria-level=\"1\"><span style=\"font-weight: 400;\">actualitzaci\u00f3 de cuina o bany<\/span><p> <\/p><\/li><li style=\"font-weight: 400;\" aria-level=\"1\"><span style=\"font-weight: 400;\">millora de la il\u00b7luminaci\u00f3 i els acabats<\/span><p> <\/p><\/li><\/ul><p>L\u2019objectiu \u00e9s:<br>\u2714 augmentar el valor percebut<br>\u2714 reduir els temps de venda o lloguer<br>\u2714 atraure compradors o inquilins de millor qualitat<\/p>\t\t\t\t\t\t\t\t<\/div>\n\t\t\t\t\t<\/div>\n\t\t\t\t<\/div>\n\t\t\t\t\t<\/div>\n\t\t\t\t<\/div>\n\t\t<div class=\"elementor-element elementor-element-7190c715 e-flex e-con-boxed e-con e-parent\" data-id=\"7190c715\" data-element_type=\"container\" data-e-type=\"container\" data-settings=\"{&quot;background_background&quot;:&quot;classic&quot;}\">\n\t\t\t\t\t<div class=\"e-con-inner\">\n\t\t\t\t<div class=\"elementor-element elementor-element-2b62da18 elementor-invisible elementor-widget elementor-widget-heading\" data-id=\"2b62da18\" data-element_type=\"widget\" data-e-type=\"widget\" data-settings=\"{&quot;_animation&quot;:&quot;fadeIn&quot;,&quot;_animation_delay&quot;:0.5}\" data-widget_type=\"heading.default\">\n\t\t\t\t\t<h2 class=\"elementor-heading-title elementor-size-default\">Immobili\u00e0ria + reforma: un servei integral amb una sola direcci\u00f3\n<\/h2>\t\t\t\t<\/div>\n\t\t\t\t<div class=\"elementor-element elementor-element-7e80c753 elementor-view-default elementor-invisible elementor-widget elementor-widget-icon\" data-id=\"7e80c753\" data-element_type=\"widget\" data-e-type=\"widget\" data-settings=\"{&quot;_animation&quot;:&quot;fadeInDown&quot;}\" data-widget_type=\"icon.default\">\n\t\t\t\t\t\t\t<div class=\"elementor-icon-wrapper\">\n\t\t\t<div class=\"elementor-icon\">\n\t\t\t<svg aria-hidden=\"true\" class=\"e-font-icon-svg e-fas-arrow-down\" viewBox=\"0 0 448 512\" xmlns=\"http:\/\/www.w3.org\/2000\/svg\"><path d=\"M413.1 222.5l22.2 22.2c9.4 9.4 9.4 24.6 0 33.9L241 473c-9.4 9.4-24.6 9.4-33.9 0L12.7 278.6c-9.4-9.4-9.4-24.6 0-33.9l22.2-22.2c9.5-9.5 25-9.3 34.3.4L184 343.4V56c0-13.3 10.7-24 24-24h32c13.3 0 24 10.7 24 24v287.4l114.8-120.5c9.3-9.8 24.8-10 34.3-.4z\"><\/path><\/svg>\t\t\t<\/div>\n\t\t<\/div>\n\t\t\t\t\t\t<\/div>\n\t\t\t\t<div class=\"elementor-element elementor-element-23465b15 elementor-invisible elementor-widget elementor-widget-text-editor\" data-id=\"23465b15\" data-element_type=\"widget\" data-e-type=\"widget\" data-settings=\"{&quot;_animation&quot;:&quot;fadeIn&quot;,&quot;_animation_delay&quot;:0.5}\" data-widget_type=\"text-editor.default\">\n\t\t\t\t\t\t\t\t\t<p><span style=\"font-weight: 400;\">A Sanblanch unim<b> assessorament immobiliari, disseny i reforma integral <\/b>sota una mateixa visi\u00f3. Aix\u00f2 es tradueix en:<\/span><\/p><ul><li style=\"font-weight: 400;\" aria-level=\"1\"><span style=\"font-weight: 400;\">menys intermediaris<\/span> <\/li><li style=\"font-weight: 400;\" aria-level=\"1\"><span style=\"font-weight: 400;\">decisions m\u00e9s r\u00e0pides i coherents<\/span> <\/li><li style=\"font-weight: 400;\" aria-level=\"1\"><span style=\"font-weight: 400;\">control total del proc\u00e9s<\/span> <\/li><\/ul><p><span style=\"font-weight: 400;\">Tant si busques comprar una vivenda per reformar com si vols vendre un immoble amb major atractiu, t\u2019oferim <b>clareza, estrat\u00e8gia i solucions reals.<\/b><\/span><\/p>\t\t\t\t\t\t\t\t<\/div>\n\t\t\t\t\t<\/div>\n\t\t\t\t<\/div>\n\t\t<div class=\"elementor-element elementor-element-86561d5 e-flex e-con-boxed e-con e-parent\" data-id=\"86561d5\" data-element_type=\"container\" data-e-type=\"container\">\n\t\t\t\t\t<div class=\"e-con-inner\">\n\t\t\t\t<div class=\"elementor-element elementor-element-5afd32d0 elementor-invisible elementor-widget elementor-widget-heading\" data-id=\"5afd32d0\" data-element_type=\"widget\" data-e-type=\"widget\" data-settings=\"{&quot;_animation&quot;:&quot;fadeIn&quot;,&quot;_animation_delay&quot;:0.5}\" data-widget_type=\"heading.default\">\n\t\t\t\t\t<h2 class=\"elementor-heading-title elementor-size-default\">Alguns dels nostres immobles<\/h2>\t\t\t\t<\/div>\n\t\t\t\t\t<\/div>\n\t\t\t\t<\/div>\n\t\t<div class=\"elementor-element elementor-element-12802c9 e-flex e-con-boxed e-con e-parent\" data-id=\"12802c9\" data-element_type=\"container\" data-e-type=\"container\">\n\t\t\t\t\t<div class=\"e-con-inner\">\n\t\t<div class=\"elementor-element elementor-element-fcb9baa e-con-full e-flex e-con e-child\" data-id=\"fcb9baa\" data-element_type=\"container\" data-e-type=\"container\">\n\t\t\t\t<div class=\"elementor-element elementor-element-f4dccaf elementor-skin-carousel elementor-arrows-yes elementor-pagination-type-bullets elementor-pagination-position-outside elementor-widget elementor-widget-media-carousel\" data-id=\"f4dccaf\" data-element_type=\"widget\" data-e-type=\"widget\" data-settings=\"{&quot;effect&quot;:&quot;fade&quot;,&quot;skin&quot;:&quot;carousel&quot;,&quot;show_arrows&quot;:&quot;yes&quot;,&quot;pagination&quot;:&quot;bullets&quot;,&quot;speed&quot;:500,&quot;autoplay&quot;:&quot;yes&quot;,&quot;autoplay_speed&quot;:5000,&quot;loop&quot;:&quot;yes&quot;,&quot;pause_on_hover&quot;:&quot;yes&quot;,&quot;pause_on_interaction&quot;:&quot;yes&quot;,&quot;space_between&quot;:{&quot;unit&quot;:&quot;px&quot;,&quot;size&quot;:10,&quot;sizes&quot;:[]},&quot;space_between_tablet&quot;:{&quot;unit&quot;:&quot;px&quot;,&quot;size&quot;:10,&quot;sizes&quot;:[]},&quot;space_between_mobile&quot;:{&quot;unit&quot;:&quot;px&quot;,&quot;size&quot;:10,&quot;sizes&quot;:[]}}\" data-widget_type=\"media-carousel.default\">\n\t\t\t\t\t\t\t\t\t\t<div class=\"elementor-main-swiper swiper\" role=\"region\" aria-roledescription=\"carousel\" aria-label=\"Diapositivas\">\n\t\t\t\t<div class=\"swiper-wrapper\">\n\t\t\t\t\t\t\t\t\t\t\t<div class=\"swiper-slide\" role=\"group\" aria-roledescription=\"slide\">\n\t\t\t\t\t\t\t\t\t<div class=\"elementor-carousel-image\" role=\"img\" aria-label=\"Masia Canyelles piscina)\" style=\"background-image: url(&#039;https:\/\/sanblanch.com\/wp-content\/uploads\/2026\/02\/Masia-Canyelles-piscina.webp&#039;)\">\n\n\t\t\t\n\t\t\t\t\t<\/div>\n\t\t\t\t\t\t\t\t<\/div>\n\t\t\t\t\t\t\t\t\t\t\t<div class=\"swiper-slide\" role=\"group\" aria-roledescription=\"slide\">\n\t\t\t\t\t\t\t\t\t<div class=\"elementor-carousel-image\" role=\"img\" aria-label=\"Masia Canyelles salon\" style=\"background-image: url(&#039;https:\/\/sanblanch.com\/wp-content\/uploads\/2026\/02\/Masia-Canyelles-salon.webp&#039;)\">\n\n\t\t\t\n\t\t\t\t\t<\/div>\n\t\t\t\t\t\t\t\t<\/div>\n\t\t\t\t\t\t\t\t\t\t\t<div class=\"swiper-slide\" role=\"group\" aria-roledescription=\"slide\">\n\t\t\t\t\t\t\t\t\t<div class=\"elementor-carousel-image\" role=\"img\" aria-label=\"Masia Canyelles jardin)\" style=\"background-image: url(&#039;https:\/\/sanblanch.com\/wp-content\/uploads\/2026\/02\/Masia-Canyelles-jardin.webp&#039;)\">\n\n\t\t\t\n\t\t\t\t\t<\/div>\n\t\t\t\t\t\t\t\t<\/div>\n\t\t\t\t\t\t\t\t\t\t\t<div class=\"swiper-slide\" role=\"group\" aria-roledescription=\"slide\">\n\t\t\t\t\t\t\t\t\t<div class=\"elementor-carousel-image\" role=\"img\" aria-label=\"Masia Canyelles salon\" style=\"background-image: url(&#039;https:\/\/sanblanch.com\/wp-content\/uploads\/2026\/02\/Masia-Canyelles-salon.webp&#039;)\">\n\n\t\t\t\n\t\t\t\t\t<\/div>\n\t\t\t\t\t\t\t\t<\/div>\n\t\t\t\t\t\t\t\t\t<\/div>\n\t\t\t\t\t\t\t\t\t\t\t\t\t\t\t<div class=\"elementor-swiper-button elementor-swiper-button-prev\" role=\"button\" tabindex=\"0\" aria-label=\"Previous\">\n\t\t\t\t\t\t\t<svg aria-hidden=\"true\" class=\"e-font-icon-svg e-eicon-chevron-left\" viewBox=\"0 0 1000 1000\" xmlns=\"http:\/\/www.w3.org\/2000\/svg\"><path d=\"M646 125C629 125 613 133 604 142L308 442C296 454 292 471 292 487 292 504 296 521 308 533L604 854C617 867 629 875 646 875 663 875 679 871 692 858 704 846 713 829 713 812 713 796 708 779 692 767L438 487 692 225C700 217 708 204 708 187 708 171 704 154 692 142 675 129 663 125 646 125Z\"><\/path><\/svg>\t\t\t\t\t\t<\/div>\n\t\t\t\t\t\t<div class=\"elementor-swiper-button elementor-swiper-button-next\" role=\"button\" tabindex=\"0\" aria-label=\"Next\">\n\t\t\t\t\t\t\t<svg aria-hidden=\"true\" class=\"e-font-icon-svg e-eicon-chevron-right\" viewBox=\"0 0 1000 1000\" xmlns=\"http:\/\/www.w3.org\/2000\/svg\"><path d=\"M696 533C708 521 713 504 713 487 713 471 708 454 696 446L400 146C388 133 375 125 354 125 338 125 325 129 313 142 300 154 292 171 292 187 292 204 296 221 308 233L563 492 304 771C292 783 288 800 288 817 288 833 296 850 308 863 321 871 338 875 354 875 371 875 388 867 400 854L696 533Z\"><\/path><\/svg>\t\t\t\t\t\t<\/div>\n\t\t\t\t\t\t\t\t\t\t\t\t\t\t\t\t<div class=\"swiper-pagination\"><\/div>\n\t\t\t\t\t\t\t\t\t\t\t\t<\/div>\n\t\t\t\t\t\t\t\t<\/div>\n\t\t\t\t<div class=\"elementor-element elementor-element-d32c74d elementor-widget elementor-widget-heading\" data-id=\"d32c74d\" data-element_type=\"widget\" data-e-type=\"widget\" data-widget_type=\"heading.default\">\n\t\t\t\t\t<h2 class=\"elementor-heading-title elementor-size-default\">Masia Canyelles<\/h2>\t\t\t\t<\/div>\n\t\t\t\t<div class=\"elementor-element elementor-element-1fe91c2 elementor-widget elementor-widget-n-accordion\" data-id=\"1fe91c2\" data-element_type=\"widget\" data-e-type=\"widget\" data-settings=\"{&quot;default_state&quot;:&quot;expanded&quot;,&quot;max_items_expended&quot;:&quot;one&quot;,&quot;n_accordion_animation_duration&quot;:{&quot;unit&quot;:&quot;ms&quot;,&quot;size&quot;:400,&quot;sizes&quot;:[]}}\" data-widget_type=\"nested-accordion.default\">\n\t\t\t\t\t\t\t<div class=\"e-n-accordion\" aria-label=\"Accordion. Open links with Enter or Space, close with Escape, and navigate with Arrow Keys\">\n\t\t\t\t\t\t<details id=\"e-n-accordion-item-3340\" class=\"e-n-accordion-item\" open>\n\t\t\t\t<summary class=\"e-n-accordion-item-title\" data-accordion-index=\"1\" tabindex=\"0\" aria-expanded=\"true\" aria-controls=\"e-n-accordion-item-3340\" >\n\t\t\t\t\t<span class='e-n-accordion-item-title-header'><div class=\"e-n-accordion-item-title-text\"> FITXA T\u00c8CNICA <\/div><\/span>\n\t\t\t\t\t\t\t<span class='e-n-accordion-item-title-icon'>\n\t\t\t<span class='e-opened' ><svg aria-hidden=\"true\" class=\"e-font-icon-svg e-fas-minus\" viewBox=\"0 0 448 512\" xmlns=\"http:\/\/www.w3.org\/2000\/svg\"><path d=\"M416 208H32c-17.67 0-32 14.33-32 32v32c0 17.67 14.33 32 32 32h384c17.67 0 32-14.33 32-32v-32c0-17.67-14.33-32-32-32z\"><\/path><\/svg><\/span>\n\t\t\t<span class='e-closed'><svg aria-hidden=\"true\" class=\"e-font-icon-svg e-fas-plus\" viewBox=\"0 0 448 512\" xmlns=\"http:\/\/www.w3.org\/2000\/svg\"><path d=\"M416 208H272V64c0-17.67-14.33-32-32-32h-32c-17.67 0-32 14.33-32 32v144H32c-17.67 0-32 14.33-32 32v32c0 17.67 14.33 32 32 32h144v144c0 17.67 14.33 32 32 32h32c17.67 0 32-14.33 32-32V304h144c17.67 0 32-14.33 32-32v-32c0-17.67-14.33-32-32-32z\"><\/path><\/svg><\/span>\n\t\t<\/span>\n\n\t\t\t\t\t\t<\/summary>\n\t\t\t\t<div role=\"region\" aria-labelledby=\"e-n-accordion-item-3340\" class=\"elementor-element elementor-element-7a4cf1d e-con-full e-flex e-con e-child\" data-id=\"7a4cf1d\" data-element_type=\"container\" data-e-type=\"container\">\n\t\t<div role=\"region\" aria-labelledby=\"e-n-accordion-item-3340\" class=\"elementor-element elementor-element-938ea6a e-flex e-con-boxed e-con e-child\" data-id=\"938ea6a\" data-element_type=\"container\" data-e-type=\"container\">\n\t\t\t\t\t<div class=\"e-con-inner\">\n\t\t\t\t<div class=\"elementor-element elementor-element-3913e26 elementor-widget elementor-widget-text-editor\" data-id=\"3913e26\" data-element_type=\"widget\" data-e-type=\"widget\" data-widget_type=\"text-editor.default\">\n\t\t\t\t\t\t\t\t\t<p>Ubicada en una zona privilegiada, al costat del Parc del Garraf i a nom\u00e9s 41 km de l\u2019Aeroport, aquesta propietat de 15 hect\u00e0rees t\u2019ofereix la combinaci\u00f3 perfecta de tranquil\u00b7litat i accessibilitat. Connectada a trav\u00e9s dels T\u00fanels del Garraf i la C15, estar\u00e0s a nom\u00e9s 10 minuts de Sitges i Vilanova i de les seves espectaculars platges, aix\u00ed com de la carretera nacional cap a Sant Pere de Ribes. <\/p><p>La masia compta amb una superf\u00edcie \u00fatil de 294 m\u00b2, distribu\u00efda en dues plantes. A la planta baixa hi trobar\u00e0s un acollidor menjador amb llar de foc, ideal per gaudir de moments en fam\u00edlia, una cuina totalment equipada amb mobiliari de fusta, 3 habitacions dobles amb armaris encastats, molt \u00e0mplies i c\u00f2modes, i un garatge amb capacitat per a diversos vehicles. <\/p><p>A la planta superior, t\u2019espera un estudi llumin\u00f3s amb llar de foc, una petita cuina, un bany i acc\u00e9s a dues encantadores terrasses: una davantera i una altra posterior, perfectes per relaxar-se i gaudir de les vistes.<\/p><p>I aix\u00f2 no \u00e9s tot! La propietat inclou una impressionant piscina de 47 m\u00b2, amb un quart de depuradora. Tamb\u00e9 disposa d\u2019un pou d\u2019aigua i un aljub per a emmagatzematge, aix\u00ed com dos magatzems i una barbacoa amb zona de menjador exterior, ideal per a reunions a l\u2019aire lliure.  <\/p><p>Si vols gaudir de viure a la muntanya, amb espai per a cavalls, un gran bosc privat i molts metres per crear el teu propi negoci, aquesta \u00e9s la propietat perfecta. Tot aix\u00f2 amb unes vistes meravelloses al Castell de Canyelles i respirant l\u2019aire pur de la muntanya del Garraf.<\/p><p><em><strong>PREU: 730.00\u20ac<\/strong><\/em><\/p>\t\t\t\t\t\t\t\t<\/div>\n\t\t\t\t\t<\/div>\n\t\t\t\t<\/div>\n\t\t\t\t<\/div>\n\t\t\t\t\t<\/details>\n\t\t\t\t\t<\/div>\n\t\t\t\t\t\t<\/div>\n\t\t\t\t<\/div>\n\t\t<div class=\"elementor-element elementor-element-5f50749 e-con-full e-flex e-con e-child\" data-id=\"5f50749\" data-element_type=\"container\" data-e-type=\"container\">\n\t\t\t\t<div class=\"elementor-element elementor-element-707ef49 elementor-skin-carousel elementor-arrows-yes elementor-pagination-type-bullets elementor-pagination-position-outside elementor-widget elementor-widget-media-carousel\" data-id=\"707ef49\" data-element_type=\"widget\" data-e-type=\"widget\" data-settings=\"{&quot;effect&quot;:&quot;fade&quot;,&quot;skin&quot;:&quot;carousel&quot;,&quot;show_arrows&quot;:&quot;yes&quot;,&quot;pagination&quot;:&quot;bullets&quot;,&quot;speed&quot;:500,&quot;autoplay&quot;:&quot;yes&quot;,&quot;autoplay_speed&quot;:5000,&quot;loop&quot;:&quot;yes&quot;,&quot;pause_on_hover&quot;:&quot;yes&quot;,&quot;pause_on_interaction&quot;:&quot;yes&quot;,&quot;space_between&quot;:{&quot;unit&quot;:&quot;px&quot;,&quot;size&quot;:10,&quot;sizes&quot;:[]},&quot;space_between_tablet&quot;:{&quot;unit&quot;:&quot;px&quot;,&quot;size&quot;:10,&quot;sizes&quot;:[]},&quot;space_between_mobile&quot;:{&quot;unit&quot;:&quot;px&quot;,&quot;size&quot;:10,&quot;sizes&quot;:[]}}\" data-widget_type=\"media-carousel.default\">\n\t\t\t\t\t\t\t\t\t\t<div class=\"elementor-main-swiper swiper\" role=\"region\" aria-roledescription=\"carousel\" aria-label=\"Diapositivas\">\n\t\t\t\t<div class=\"swiper-wrapper\">\n\t\t\t\t\t\t\t\t\t\t\t<div class=\"swiper-slide\" role=\"group\" aria-roledescription=\"slide\">\n\t\t\t\t\t\t\t\t\t<div class=\"elementor-carousel-image\" role=\"img\" aria-label=\"piscina Casa en calle Palestina de segur de Calafell\" style=\"background-image: url(&#039;https:\/\/sanblanch.com\/wp-content\/uploads\/2026\/02\/piscina-Casa-en-calle-Palestina-de-segur-de-Calafell.webp&#039;)\">\n\n\t\t\t\n\t\t\t\t\t<\/div>\n\t\t\t\t\t\t\t\t<\/div>\n\t\t\t\t\t\t\t\t\t\t\t<div class=\"swiper-slide\" role=\"group\" aria-roledescription=\"slide\">\n\t\t\t\t\t\t\t\t\t<div class=\"elementor-carousel-image\" role=\"img\" aria-label=\"dormitorio Casa en calle Palestina de segur de Calafell\" style=\"background-image: url(&#039;https:\/\/sanblanch.com\/wp-content\/uploads\/2026\/02\/dormitorio-Casa-en-calle-Palestina-de-segur-de-Calafell.webp&#039;)\">\n\n\t\t\t\n\t\t\t\t\t<\/div>\n\t\t\t\t\t\t\t\t<\/div>\n\t\t\t\t\t\t\t\t\t\t\t<div class=\"swiper-slide\" role=\"group\" aria-roledescription=\"slide\">\n\t\t\t\t\t\t\t\t\t<div class=\"elementor-carousel-image\" role=\"img\" aria-label=\"salon Casa en calle Palestina de segur de Calafell\" style=\"background-image: url(&#039;https:\/\/sanblanch.com\/wp-content\/uploads\/2026\/02\/salon-Casa-en-calle-Palestina-de-segur-de-Calafell.webp&#039;)\">\n\n\t\t\t\n\t\t\t\t\t<\/div>\n\t\t\t\t\t\t\t\t<\/div>\n\t\t\t\t\t\t\t\t\t\t\t<div class=\"swiper-slide\" role=\"group\" aria-roledescription=\"slide\">\n\t\t\t\t\t\t\t\t\t<div class=\"elementor-carousel-image\" role=\"img\" aria-label=\"IMG-20250709-WA0003\" style=\"background-image: url(&#039;https:\/\/sanblanch.com\/wp-content\/uploads\/2026\/02\/IMG-20250709-WA0003.jpg&#039;)\">\n\n\t\t\t\n\t\t\t\t\t<\/div>\n\t\t\t\t\t\t\t\t<\/div>\n\t\t\t\t\t\t\t\t\t<\/div>\n\t\t\t\t\t\t\t\t\t\t\t\t\t\t\t<div class=\"elementor-swiper-button elementor-swiper-button-prev\" role=\"button\" tabindex=\"0\" aria-label=\"Previous\">\n\t\t\t\t\t\t\t<svg aria-hidden=\"true\" class=\"e-font-icon-svg e-eicon-chevron-left\" viewBox=\"0 0 1000 1000\" xmlns=\"http:\/\/www.w3.org\/2000\/svg\"><path d=\"M646 125C629 125 613 133 604 142L308 442C296 454 292 471 292 487 292 504 296 521 308 533L604 854C617 867 629 875 646 875 663 875 679 871 692 858 704 846 713 829 713 812 713 796 708 779 692 767L438 487 692 225C700 217 708 204 708 187 708 171 704 154 692 142 675 129 663 125 646 125Z\"><\/path><\/svg>\t\t\t\t\t\t<\/div>\n\t\t\t\t\t\t<div class=\"elementor-swiper-button elementor-swiper-button-next\" role=\"button\" tabindex=\"0\" aria-label=\"Next\">\n\t\t\t\t\t\t\t<svg aria-hidden=\"true\" class=\"e-font-icon-svg e-eicon-chevron-right\" viewBox=\"0 0 1000 1000\" xmlns=\"http:\/\/www.w3.org\/2000\/svg\"><path d=\"M696 533C708 521 713 504 713 487 713 471 708 454 696 446L400 146C388 133 375 125 354 125 338 125 325 129 313 142 300 154 292 171 292 187 292 204 296 221 308 233L563 492 304 771C292 783 288 800 288 817 288 833 296 850 308 863 321 871 338 875 354 875 371 875 388 867 400 854L696 533Z\"><\/path><\/svg>\t\t\t\t\t\t<\/div>\n\t\t\t\t\t\t\t\t\t\t\t\t\t\t\t\t<div class=\"swiper-pagination\"><\/div>\n\t\t\t\t\t\t\t\t\t\t\t\t<\/div>\n\t\t\t\t\t\t\t\t<\/div>\n\t\t\t\t<div class=\"elementor-element elementor-element-43b63b5 elementor-widget elementor-widget-heading\" data-id=\"43b63b5\" data-element_type=\"widget\" data-e-type=\"widget\" data-widget_type=\"heading.default\">\n\t\t\t\t\t<h2 class=\"elementor-heading-title elementor-size-default\"> Casa en Segur de Calafell<\/h2>\t\t\t\t<\/div>\n\t\t\t\t<div class=\"elementor-element elementor-element-7757c02 elementor-widget elementor-widget-n-accordion\" data-id=\"7757c02\" data-element_type=\"widget\" data-e-type=\"widget\" data-settings=\"{&quot;default_state&quot;:&quot;expanded&quot;,&quot;max_items_expended&quot;:&quot;one&quot;,&quot;n_accordion_animation_duration&quot;:{&quot;unit&quot;:&quot;ms&quot;,&quot;size&quot;:400,&quot;sizes&quot;:[]}}\" data-widget_type=\"nested-accordion.default\">\n\t\t\t\t\t\t\t<div class=\"e-n-accordion\" aria-label=\"Accordion. Open links with Enter or Space, close with Escape, and navigate with Arrow Keys\">\n\t\t\t\t\t\t<details id=\"e-n-accordion-item-1250\" class=\"e-n-accordion-item\" open>\n\t\t\t\t<summary class=\"e-n-accordion-item-title\" data-accordion-index=\"1\" tabindex=\"0\" aria-expanded=\"true\" aria-controls=\"e-n-accordion-item-1250\" >\n\t\t\t\t\t<span class='e-n-accordion-item-title-header'><div class=\"e-n-accordion-item-title-text\"> FITXA T\u00c8CNICA<br> <\/div><\/span>\n\t\t\t\t\t\t\t<span class='e-n-accordion-item-title-icon'>\n\t\t\t<span class='e-opened' ><svg aria-hidden=\"true\" class=\"e-font-icon-svg e-fas-minus\" viewBox=\"0 0 448 512\" xmlns=\"http:\/\/www.w3.org\/2000\/svg\"><path d=\"M416 208H32c-17.67 0-32 14.33-32 32v32c0 17.67 14.33 32 32 32h384c17.67 0 32-14.33 32-32v-32c0-17.67-14.33-32-32-32z\"><\/path><\/svg><\/span>\n\t\t\t<span class='e-closed'><svg aria-hidden=\"true\" class=\"e-font-icon-svg e-fas-plus\" viewBox=\"0 0 448 512\" xmlns=\"http:\/\/www.w3.org\/2000\/svg\"><path d=\"M416 208H272V64c0-17.67-14.33-32-32-32h-32c-17.67 0-32 14.33-32 32v144H32c-17.67 0-32 14.33-32 32v32c0 17.67 14.33 32 32 32h144v144c0 17.67 14.33 32 32 32h32c17.67 0 32-14.33 32-32V304h144c17.67 0 32-14.33 32-32v-32c0-17.67-14.33-32-32-32z\"><\/path><\/svg><\/span>\n\t\t<\/span>\n\n\t\t\t\t\t\t<\/summary>\n\t\t\t\t<div role=\"region\" aria-labelledby=\"e-n-accordion-item-1250\" class=\"elementor-element elementor-element-a30c69c e-con-full e-flex e-con e-child\" data-id=\"a30c69c\" data-element_type=\"container\" data-e-type=\"container\">\n\t\t<div role=\"region\" aria-labelledby=\"e-n-accordion-item-1250\" class=\"elementor-element elementor-element-6f2df46 e-flex e-con-boxed e-con e-child\" data-id=\"6f2df46\" data-element_type=\"container\" data-e-type=\"container\">\n\t\t\t\t\t<div class=\"e-con-inner\">\n\t\t\t\t<div class=\"elementor-element elementor-element-4bac04f elementor-widget elementor-widget-text-editor\" data-id=\"4bac04f\" data-element_type=\"widget\" data-e-type=\"widget\" data-widget_type=\"text-editor.default\">\n\t\t\t\t\t\t\t\t\t<div class=\"group-[.is-prestige]:flex group-[.is-prestige]:justify-between group-[.is-prestige]:pt-m group-[.is-prestige]:lg:pt-0 group-[.is-prestige]:pb-m group-[.is-prestige]:lg:border-b group-[.is-prestige]:lg:border-white\/10\"><p><strong><span style=\"font-size: inherit;\">Casa adossada de 155 m\u00b2 amb terrassa, piscina i excel\u00b7lents prestacions a Segur de Calafell<\/span><\/strong><\/p><p><span style=\"font-size: inherit;\">Fant\u00e0stica casa adossada amb 300 m\u00b2 de terreny, situada en una zona tranquil\u00b7la de Segur de Calafell, a prop de les autopistes i a pocs minuts de tots els serveis. L\u2019habitatge es distribueix en tres plantes i destaca per la seva amplitud, lluminositat i comoditat. Disposa de 4 habitacions dobles, 2 banys complets, una gran cuina totalment equipada i una acollidora terrassa amb piscina privada, perfecta per gaudir en fam\u00edlia o amb amics.  <\/span><\/p><p><strong>Distribuci\u00f3:<\/strong><\/p><p> <span style=\"text-decoration: underline;\">Primera planta: <\/span>Garatge reconvertit en habitaci\u00f3 doble, m\u00e9s una altra habitaci\u00f3 ideal com a despatx o dormitori addicional..<\/p><p> Segona planta: Sal\u00f3-menjador amb sortida a una terrassa tancada, convertida en menjador per guanyar amplitud. Cuina independent molt espaiosa i lluminosa, bany complet amb plat de dutxa. <\/p><p>Planta baixa: Tres habitacions dobles, un bany complet i sortida a la terrassa amb piscina.<\/p><p><span style=\"text-decoration: underline;\"> Equipament i extres:<\/span><\/p><ul><li>Plaques solars per a una major efici\u00e8ncia energ\u00e8tica<\/li><li>Calefacci\u00f3 per radiadors<\/li><li>Aire condicionat amb bomba de calor<\/li><li>Fusteria d\u2019alumini amb mosquiteres<\/li><li>Sistema d\u2019osmosi per aigua purificada<\/li><li>Sistema d\u2019alarma instal\u00b7lat<\/li><\/ul><p>Una propietat a punt per entrar-hi a viure, ideal com a resid\u00e8ncia habitual o segona resid\u00e8ncia a prop del mar. Vine a visitar-la i enamora\u2019t de cada rac\u00f3! <\/p><p><em><strong>PREU: 300.000\u20ac<\/strong><\/em><\/p><\/div>\t\t\t\t\t\t\t\t<\/div>\n\t\t\t\t\t<\/div>\n\t\t\t\t<\/div>\n\t\t\t\t<\/div>\n\t\t\t\t\t<\/details>\n\t\t\t\t\t<\/div>\n\t\t\t\t\t\t<\/div>\n\t\t\t\t<\/div>\n\t\t\t\t\t<\/div>\n\t\t\t\t<\/div>\n\t\t<div class=\"elementor-element elementor-element-0fe9041 e-flex e-con-boxed e-con e-parent\" data-id=\"0fe9041\" data-element_type=\"container\" data-e-type=\"container\">\n\t\t\t\t\t<div class=\"e-con-inner\">\n\t\t\t\t<div class=\"elementor-element elementor-element-b675d44 elementor-widget__width-auto elementor-skin-carousel elementor-arrows-yes elementor-pagination-type-bullets elementor-pagination-position-outside elementor-widget elementor-widget-media-carousel\" data-id=\"b675d44\" data-element_type=\"widget\" data-e-type=\"widget\" data-settings=\"{&quot;effect&quot;:&quot;fade&quot;,&quot;space_between&quot;:{&quot;unit&quot;:&quot;px&quot;,&quot;size&quot;:26,&quot;sizes&quot;:[]},&quot;skin&quot;:&quot;carousel&quot;,&quot;show_arrows&quot;:&quot;yes&quot;,&quot;pagination&quot;:&quot;bullets&quot;,&quot;speed&quot;:500,&quot;autoplay&quot;:&quot;yes&quot;,&quot;autoplay_speed&quot;:5000,&quot;loop&quot;:&quot;yes&quot;,&quot;pause_on_hover&quot;:&quot;yes&quot;,&quot;pause_on_interaction&quot;:&quot;yes&quot;,&quot;space_between_tablet&quot;:{&quot;unit&quot;:&quot;px&quot;,&quot;size&quot;:10,&quot;sizes&quot;:[]},&quot;space_between_mobile&quot;:{&quot;unit&quot;:&quot;px&quot;,&quot;size&quot;:10,&quot;sizes&quot;:[]}}\" data-widget_type=\"media-carousel.default\">\n\t\t\t\t\t\t\t\t\t\t<div class=\"elementor-main-swiper swiper\" role=\"region\" aria-roledescription=\"carousel\" aria-label=\"Diapositivas\">\n\t\t\t\t<div class=\"swiper-wrapper\">\n\t\t\t\t\t\t\t\t\t\t\t<div class=\"swiper-slide\" role=\"group\" aria-roledescription=\"slide\">\n\t\t\t\t\t\t\t\t\t<div class=\"elementor-carousel-image\" role=\"img\" aria-label=\"CHALET MAS ALBA PERGOLA\" style=\"background-image: url(&#039;https:\/\/sanblanch.com\/wp-content\/uploads\/2026\/03\/CHALET-MAS-ALBA-PERGOLA.webp&#039;)\">\n\n\t\t\t\n\t\t\t\t\t<\/div>\n\t\t\t\t\t\t\t\t<\/div>\n\t\t\t\t\t\t\t\t\t\t\t<div class=\"swiper-slide\" role=\"group\" aria-roledescription=\"slide\">\n\t\t\t\t\t\t\t\t\t<div class=\"elementor-carousel-image\" role=\"img\" aria-label=\"CHATET MAS ALBA EXTERIOR\" style=\"background-image: url(&#039;https:\/\/sanblanch.com\/wp-content\/uploads\/2026\/03\/CHATET-MAS-ALBA-EXTERIOR.webp&#039;)\">\n\n\t\t\t\n\t\t\t\t\t<\/div>\n\t\t\t\t\t\t\t\t<\/div>\n\t\t\t\t\t\t\t\t\t\t\t<div class=\"swiper-slide\" role=\"group\" aria-roledescription=\"slide\">\n\t\t\t\t\t\t\t\t\t<div class=\"elementor-carousel-image\" role=\"img\" aria-label=\"CHATET MAS ALBA EXTERIOR PISCINA\" style=\"background-image: url(&#039;https:\/\/sanblanch.com\/wp-content\/uploads\/2026\/03\/CHATET-MAS-ALBA-EXTERIOR-PISCINA.webp&#039;)\">\n\n\t\t\t\n\t\t\t\t\t<\/div>\n\t\t\t\t\t\t\t\t<\/div>\n\t\t\t\t\t\t\t\t\t\t\t<div class=\"swiper-slide\" role=\"group\" aria-roledescription=\"slide\">\n\t\t\t\t\t\t\t\t\t<div class=\"elementor-carousel-image\" role=\"img\" aria-label=\"CHATET MAS ALBA EXTERIOR PISCINA\" style=\"background-image: url(&#039;https:\/\/sanblanch.com\/wp-content\/uploads\/2026\/03\/CHATET-MAS-ALBA-EXTERIOR-PISCINA.webp&#039;)\">\n\n\t\t\t\n\t\t\t\t\t<\/div>\n\t\t\t\t\t\t\t\t<\/div>\n\t\t\t\t\t\t\t\t\t\t\t<div class=\"swiper-slide\" role=\"group\" aria-roledescription=\"slide\">\n\t\t\t\t\t\t\t\t\t<div class=\"elementor-carousel-image\" role=\"img\" aria-label=\"DETALLE PISCINA CHATEL MAS ALBA\" style=\"background-image: url(&#039;https:\/\/sanblanch.com\/wp-content\/uploads\/2026\/03\/DETALLE-PISCINA-CHATEL-MAS-ALBA.webp&#039;)\">\n\n\t\t\t\n\t\t\t\t\t<\/div>\n\t\t\t\t\t\t\t\t<\/div>\n\t\t\t\t\t\t\t\t\t\t\t<div class=\"swiper-slide\" role=\"group\" aria-roledescription=\"slide\">\n\t\t\t\t\t\t\t\t\t<div class=\"elementor-carousel-image\" role=\"img\" aria-label=\"CHATET MAS ALBA VISTA EXTERIOR\" style=\"background-image: url(&#039;https:\/\/sanblanch.com\/wp-content\/uploads\/2026\/03\/CHATET-MAS-ALBA-VISTA-EXTERIOR.webp&#039;)\">\n\n\t\t\t\n\t\t\t\t\t<\/div>\n\t\t\t\t\t\t\t\t<\/div>\n\t\t\t\t\t\t\t\t\t\t\t<div class=\"swiper-slide\" role=\"group\" aria-roledescription=\"slide\">\n\t\t\t\t\t\t\t\t\t<div class=\"elementor-carousel-image\" role=\"img\" aria-label=\"SALON CHALET MAS ALBA\" style=\"background-image: url(&#039;https:\/\/sanblanch.com\/wp-content\/uploads\/2026\/03\/SALON-CHALET-MAS-ALBA.webp&#039;)\">\n\n\t\t\t\n\t\t\t\t\t<\/div>\n\t\t\t\t\t\t\t\t<\/div>\n\t\t\t\t\t\t\t\t\t\t\t<div class=\"swiper-slide\" role=\"group\" aria-roledescription=\"slide\">\n\t\t\t\t\t\t\t\t\t<div class=\"elementor-carousel-image\" role=\"img\" aria-label=\"SALON SOFA CHALER MAS ALBA\" style=\"background-image: url(&#039;https:\/\/sanblanch.com\/wp-content\/uploads\/2026\/03\/SALON-SOFA-CHALER-MAS-ALBA.webp&#039;)\">\n\n\t\t\t\n\t\t\t\t\t<\/div>\n\t\t\t\t\t\t\t\t<\/div>\n\t\t\t\t\t\t\t\t\t\t\t<div class=\"swiper-slide\" role=\"group\" aria-roledescription=\"slide\">\n\t\t\t\t\t\t\t\t\t<div class=\"elementor-carousel-image\" role=\"img\" aria-label=\"COCINA CHALET MAS ALBA\" style=\"background-image: url(&#039;https:\/\/sanblanch.com\/wp-content\/uploads\/2026\/03\/COCINA-CHALET-MAS-ALBA.webp&#039;)\">\n\n\t\t\t\n\t\t\t\t\t<\/div>\n\t\t\t\t\t\t\t\t<\/div>\n\t\t\t\t\t\t\t\t\t\t\t<div class=\"swiper-slide\" role=\"group\" aria-roledescription=\"slide\">\n\t\t\t\t\t\t\t\t\t<div class=\"elementor-carousel-image\" role=\"img\" aria-label=\"ISLA COCINA CHALET MAS ALBA\" style=\"background-image: url(&#039;https:\/\/sanblanch.com\/wp-content\/uploads\/2026\/03\/ISLA-COCINA-CHALET-MAS-ALBA.webp&#039;)\">\n\n\t\t\t\n\t\t\t\t\t<\/div>\n\t\t\t\t\t\t\t\t<\/div>\n\t\t\t\t\t\t\t\t\t\t\t<div class=\"swiper-slide\" role=\"group\" aria-roledescription=\"slide\">\n\t\t\t\t\t\t\t\t\t<div class=\"elementor-carousel-image\" role=\"img\" aria-label=\"DORMITORIO CHALET MAS ALBA\" style=\"background-image: url(&#039;https:\/\/sanblanch.com\/wp-content\/uploads\/2026\/03\/DORMITORIO-CHALET-MAS-ALBA.webp&#039;)\">\n\n\t\t\t\n\t\t\t\t\t<\/div>\n\t\t\t\t\t\t\t\t<\/div>\n\t\t\t\t\t\t\t\t\t\t\t<div class=\"swiper-slide\" role=\"group\" aria-roledescription=\"slide\">\n\t\t\t\t\t\t\t\t\t<div class=\"elementor-carousel-image\" role=\"img\" aria-label=\"BA\u00d1O CHALET MAS ALBA\" style=\"background-image: url(&#039;https:\/\/sanblanch.com\/wp-content\/uploads\/2026\/03\/BANO-CHALET-MAS-ALBA.webp&#039;)\">\n\n\t\t\t\n\t\t\t\t\t<\/div>\n\t\t\t\t\t\t\t\t<\/div>\n\t\t\t\t\t\t\t\t\t<\/div>\n\t\t\t\t\t\t\t\t\t\t\t\t\t\t\t<div class=\"elementor-swiper-button elementor-swiper-button-prev\" role=\"button\" tabindex=\"0\" aria-label=\"Previous\">\n\t\t\t\t\t\t\t<svg aria-hidden=\"true\" class=\"e-font-icon-svg e-eicon-chevron-left\" viewBox=\"0 0 1000 1000\" xmlns=\"http:\/\/www.w3.org\/2000\/svg\"><path d=\"M646 125C629 125 613 133 604 142L308 442C296 454 292 471 292 487 292 504 296 521 308 533L604 854C617 867 629 875 646 875 663 875 679 871 692 858 704 846 713 829 713 812 713 796 708 779 692 767L438 487 692 225C700 217 708 204 708 187 708 171 704 154 692 142 675 129 663 125 646 125Z\"><\/path><\/svg>\t\t\t\t\t\t<\/div>\n\t\t\t\t\t\t<div class=\"elementor-swiper-button elementor-swiper-button-next\" role=\"button\" tabindex=\"0\" aria-label=\"Next\">\n\t\t\t\t\t\t\t<svg aria-hidden=\"true\" class=\"e-font-icon-svg e-eicon-chevron-right\" viewBox=\"0 0 1000 1000\" xmlns=\"http:\/\/www.w3.org\/2000\/svg\"><path d=\"M696 533C708 521 713 504 713 487 713 471 708 454 696 446L400 146C388 133 375 125 354 125 338 125 325 129 313 142 300 154 292 171 292 187 292 204 296 221 308 233L563 492 304 771C292 783 288 800 288 817 288 833 296 850 308 863 321 871 338 875 354 875 371 875 388 867 400 854L696 533Z\"><\/path><\/svg>\t\t\t\t\t\t<\/div>\n\t\t\t\t\t\t\t\t\t\t\t\t\t\t\t\t<div class=\"swiper-pagination\"><\/div>\n\t\t\t\t\t\t\t\t\t\t\t\t<\/div>\n\t\t\t\t\t\t\t\t<\/div>\n\t\t\t\t<div class=\"elementor-element elementor-element-e820368 elementor-widget elementor-widget-heading\" data-id=\"e820368\" data-element_type=\"widget\" data-e-type=\"widget\" data-widget_type=\"heading.default\">\n\t\t\t\t\t<h2 class=\"elementor-heading-title elementor-size-default\">Casa o xalet independent en venda a Mas Alba - Can Lloses<\/h2>\t\t\t\t<\/div>\n\t\t\t\t<div class=\"elementor-element elementor-element-7208cd4 elementor-widget elementor-widget-n-accordion\" data-id=\"7208cd4\" data-element_type=\"widget\" data-e-type=\"widget\" data-settings=\"{&quot;default_state&quot;:&quot;expanded&quot;,&quot;max_items_expended&quot;:&quot;one&quot;,&quot;n_accordion_animation_duration&quot;:{&quot;unit&quot;:&quot;ms&quot;,&quot;size&quot;:400,&quot;sizes&quot;:[]}}\" data-widget_type=\"nested-accordion.default\">\n\t\t\t\t\t\t\t<div class=\"e-n-accordion\" aria-label=\"Accordion. Open links with Enter or Space, close with Escape, and navigate with Arrow Keys\">\n\t\t\t\t\t\t<details id=\"e-n-accordion-item-1190\" class=\"e-n-accordion-item\" open>\n\t\t\t\t<summary class=\"e-n-accordion-item-title\" data-accordion-index=\"1\" tabindex=\"0\" aria-expanded=\"true\" aria-controls=\"e-n-accordion-item-1190\" >\n\t\t\t\t\t<span class='e-n-accordion-item-title-header'><div class=\"e-n-accordion-item-title-text\"> FITXA T\u00c8CNICA <\/div><\/span>\n\t\t\t\t\t\t\t<span class='e-n-accordion-item-title-icon'>\n\t\t\t<span class='e-opened' ><svg aria-hidden=\"true\" class=\"e-font-icon-svg e-fas-minus\" viewBox=\"0 0 448 512\" xmlns=\"http:\/\/www.w3.org\/2000\/svg\"><path d=\"M416 208H32c-17.67 0-32 14.33-32 32v32c0 17.67 14.33 32 32 32h384c17.67 0 32-14.33 32-32v-32c0-17.67-14.33-32-32-32z\"><\/path><\/svg><\/span>\n\t\t\t<span class='e-closed'><svg aria-hidden=\"true\" class=\"e-font-icon-svg e-fas-plus\" viewBox=\"0 0 448 512\" xmlns=\"http:\/\/www.w3.org\/2000\/svg\"><path d=\"M416 208H272V64c0-17.67-14.33-32-32-32h-32c-17.67 0-32 14.33-32 32v144H32c-17.67 0-32 14.33-32 32v32c0 17.67 14.33 32 32 32h144v144c0 17.67 14.33 32 32 32h32c17.67 0 32-14.33 32-32V304h144c17.67 0 32-14.33 32-32v-32c0-17.67-14.33-32-32-32z\"><\/path><\/svg><\/span>\n\t\t<\/span>\n\n\t\t\t\t\t\t<\/summary>\n\t\t\t\t<div role=\"region\" aria-labelledby=\"e-n-accordion-item-1190\" class=\"elementor-element elementor-element-6b8b060 e-con-full e-flex e-con e-child\" data-id=\"6b8b060\" data-element_type=\"container\" data-e-type=\"container\">\n\t\t<div role=\"region\" aria-labelledby=\"e-n-accordion-item-1190\" class=\"elementor-element elementor-element-88d238e e-flex e-con-boxed e-con e-child\" data-id=\"88d238e\" data-element_type=\"container\" data-e-type=\"container\">\n\t\t\t\t\t<div class=\"e-con-inner\">\n\t\t\t\t<div class=\"elementor-element elementor-element-7004cf5 elementor-widget elementor-widget-text-editor\" data-id=\"7004cf5\" data-element_type=\"widget\" data-e-type=\"widget\" data-widget_type=\"text-editor.default\">\n\t\t\t\t\t\t\t\t\t<p><strong>Metroland presenta aquesta espectacular casa tipus Passivhaus d\u2019obra nova amb piscina i doble parcel\u00b7la a Mas Alba (Sant Pere de Ribes).<\/strong><\/p><p>Exclusiva vivenda d\u2019obra nova finalitzada el 2023, concebuda sota criteris d\u2019arquitectura sostenible, alta efici\u00e8ncia energ\u00e8tica i disseny minimalista contemporani.<\/p><p>La propietat destaca per la seva m\u00e0xima qualificaci\u00f3 energ\u00e8tica (Certificat A) i per integrar les tecnologies m\u00e9s avan\u00e7ades per garantir confort, estalvi i respecte pel medi ambient, convertint-la en una vivenda de futur.<\/p><p>Caracter\u00edstiques principals:<br>\u2022 Superf\u00edcie \u00fatil neta: 296 m\u00b2<br>\u2022 Superf\u00edcie constru\u00efda total: 328 m\u00b2<br>\u2022 Superf\u00edcie d\u2019aparcament i sales polivalents: 101 m\u00b2<br>\u2022 Piscina: 32 m\u00b2<br>\u2022 Parcel\u00b7la: 860 m\u00b2 (considerada doble terreny)<br>\u2022 Any de construcci\u00f3: 2023<\/p><p>Distribuci\u00f3<br>\u2022 Ampli sal\u00f3-menjador amb gran entrada de llum natural<br><br>\u2022 Cuina totalment equipada, de disseny modern<br><br>\u2022 4 habitacions, de les quals 2 s\u00f3n tipus suite<br>\u2022 3 banys complets + 1 lavabo<br>\u2022 Garatge per a 2 cotxes<br>\u2022 A la planta de garatge: 2 sales polivalents de grans dimensions i sala de m\u00e0quines<br>Efici\u00e8ncia energ\u00e8tica i sostenibilitat<br>Habitatge tipus casa passiva<br>Aerot\u00e8rmia<br>\u2022 Plaques fotovoltaiques<br>\u2022 Transmit\u00e0ncia t\u00e8rmica de parets: 0,12 W\/m\u00b2K<br>\u2022 Finestres de doble vidre amb gas arg\u00f3<br>\u2022 Persianes a totes les habitacions<br>\u2022 Excel\u00b7lent a\u00efllament t\u00e8rmic i ac\u00fastic<br>\u2022 Molt baix consum energ\u00e8tic<\/p><p>Extres i acabats<br>\u2022 Piscina privada<br>\u2022 Estil modern i minimalista<br>\u2022 Materials d\u2019alta qualitat<br>\u2022 M\u00e0xim confort t\u00e8rmic durant tot l\u2019any<br>\u2022 Disseny pensat per a una vida eficient, saludable i confortable<br>Una vivenda \u00fanica. Obra acabada <\/p><p>Aquesta propietat ha estat acuradament projectada segons els r<strong>equisits t\u00e8cnics m\u00e9s avan\u00e7ats, oferint un equilibri perfecte entre disseny contemporani, innovaci\u00f3 tecnol\u00f2gica i sostenibilitat.<\/strong> Ideal per a qui busca una vivenda exclusiva, eficient i preparada per al futur.<br>En accedir a l\u2019habitatge, despr\u00e9s de travessar el vest\u00edbul, s\u2019accedeix a la planta principal, on hi ha un ampli espai di\u00e0fan de sal\u00f3-menjador i cuina, banyat per abundant llum natural gr\u00e0cies als grans finestrals i portes corredisses de terra a sostre, que connecten directament amb l\u2019exterior i la zona de piscina. <\/p><p>En aquesta mateixa planta hi ha dues habitacions dobles, pensades per als fills, que comparteixen un bany complet amb vistes i connexi\u00f3 directa amb la piscina.<\/p><p>Al final del passad\u00eds es troba la master suite principal, amb vestidor, bany privat i sortida directa amb vistes a la piscina, oferint una sensaci\u00f3 de calma i privacitat.<\/p><p>Des del passad\u00eds, baixant per les escales, s\u2019accedeix a la planta -1, on es troba el garatge, dues \u00e0mplies sales polivalents (zona d\u2019oci, gimn\u00e0s, despatx, sala de cinema\u2026) i una master suite per a convidats amb bany privat i terrassa exclusiva amb vistes al jard\u00ed<\/p><p>Una distribuci\u00f3 funcional i molt ben pensada, que combina <strong>lluminositat, privacitat i comoditat,<\/strong> ideal tant per a la vida familiar com per rebre convidats amb total independ\u00e8ncia.<\/p><p>\ud83d\udcde Truca\u2019ns per a m\u00e9s informaci\u00f3 i visites<\/p><p><strong><em><span class=\"txt-bold\">PREU: 1.300.000 \u20ac<\/span><\/em><\/strong><\/p><p>Despeses i impostos no inclosos en el preu*.<\/p>\t\t\t\t\t\t\t\t<\/div>\n\t\t\t\t\t<\/div>\n\t\t\t\t<\/div>\n\t\t\t\t<\/div>\n\t\t\t\t\t<\/details>\n\t\t\t\t\t<\/div>\n\t\t\t\t\t\t<\/div>\n\t\t\t\t\t<\/div>\n\t\t\t\t<\/div>\n\t\t<div class=\"elementor-element elementor-element-ed143e8 elementor-hidden-desktop elementor-hidden-tablet elementor-hidden-mobile e-flex e-con-boxed e-con e-parent\" data-id=\"ed143e8\" data-element_type=\"container\" data-e-type=\"container\">\n\t\t\t\t\t<div class=\"e-con-inner\">\n\t\t<div class=\"elementor-element elementor-element-7b6342d e-con-full e-flex e-con e-child\" data-id=\"7b6342d\" data-element_type=\"container\" data-e-type=\"container\">\n\t\t\t\t<div class=\"elementor-element elementor-element-d2c8fb0 elementor-skin-carousel elementor-arrows-yes elementor-pagination-type-bullets elementor-pagination-position-outside elementor-widget elementor-widget-media-carousel\" data-id=\"d2c8fb0\" data-element_type=\"widget\" data-e-type=\"widget\" data-settings=\"{&quot;effect&quot;:&quot;fade&quot;,&quot;skin&quot;:&quot;carousel&quot;,&quot;show_arrows&quot;:&quot;yes&quot;,&quot;pagination&quot;:&quot;bullets&quot;,&quot;speed&quot;:500,&quot;autoplay&quot;:&quot;yes&quot;,&quot;autoplay_speed&quot;:5000,&quot;loop&quot;:&quot;yes&quot;,&quot;pause_on_hover&quot;:&quot;yes&quot;,&quot;pause_on_interaction&quot;:&quot;yes&quot;,&quot;space_between&quot;:{&quot;unit&quot;:&quot;px&quot;,&quot;size&quot;:10,&quot;sizes&quot;:[]},&quot;space_between_tablet&quot;:{&quot;unit&quot;:&quot;px&quot;,&quot;size&quot;:10,&quot;sizes&quot;:[]},&quot;space_between_mobile&quot;:{&quot;unit&quot;:&quot;px&quot;,&quot;size&quot;:10,&quot;sizes&quot;:[]}}\" data-widget_type=\"media-carousel.default\">\n\t\t\t\t\t\t\t\t\t\t<div class=\"elementor-main-swiper swiper\" role=\"region\" aria-roledescription=\"carousel\" aria-label=\"Diapositivas\">\n\t\t\t\t<div class=\"swiper-wrapper\">\n\t\t\t\t\t\t\t\t\t\t\t<div class=\"swiper-slide\" role=\"group\" aria-roledescription=\"slide\">\n\t\t\t\t\t\t\t\t\t<div class=\"elementor-carousel-image\" role=\"img\" aria-label=\"piscina Casa en calle Palestina de segur de Calafell\" style=\"background-image: url(&#039;https:\/\/sanblanch.com\/wp-content\/uploads\/2026\/02\/piscina-Casa-en-calle-Palestina-de-segur-de-Calafell.webp&#039;)\">\n\n\t\t\t\n\t\t\t\t\t<\/div>\n\t\t\t\t\t\t\t\t<\/div>\n\t\t\t\t\t\t\t\t\t\t\t<div class=\"swiper-slide\" role=\"group\" aria-roledescription=\"slide\">\n\t\t\t\t\t\t\t\t\t<div class=\"elementor-carousel-image\" role=\"img\" aria-label=\"dormitorio Casa en calle Palestina de segur de Calafell\" style=\"background-image: url(&#039;https:\/\/sanblanch.com\/wp-content\/uploads\/2026\/02\/dormitorio-Casa-en-calle-Palestina-de-segur-de-Calafell.webp&#039;)\">\n\n\t\t\t\n\t\t\t\t\t<\/div>\n\t\t\t\t\t\t\t\t<\/div>\n\t\t\t\t\t\t\t\t\t\t\t<div class=\"swiper-slide\" role=\"group\" aria-roledescription=\"slide\">\n\t\t\t\t\t\t\t\t\t<div class=\"elementor-carousel-image\" role=\"img\" aria-label=\"salon Casa en calle Palestina de segur de Calafell\" style=\"background-image: url(&#039;https:\/\/sanblanch.com\/wp-content\/uploads\/2026\/02\/salon-Casa-en-calle-Palestina-de-segur-de-Calafell.webp&#039;)\">\n\n\t\t\t\n\t\t\t\t\t<\/div>\n\t\t\t\t\t\t\t\t<\/div>\n\t\t\t\t\t\t\t\t\t\t\t<div class=\"swiper-slide\" role=\"group\" aria-roledescription=\"slide\">\n\t\t\t\t\t\t\t\t\t<div class=\"elementor-carousel-image\" role=\"img\" aria-label=\"IMG-20250709-WA0003\" style=\"background-image: url(&#039;https:\/\/sanblanch.com\/wp-content\/uploads\/2026\/02\/IMG-20250709-WA0003.jpg&#039;)\">\n\n\t\t\t\n\t\t\t\t\t<\/div>\n\t\t\t\t\t\t\t\t<\/div>\n\t\t\t\t\t\t\t\t\t<\/div>\n\t\t\t\t\t\t\t\t\t\t\t\t\t\t\t<div class=\"elementor-swiper-button elementor-swiper-button-prev\" role=\"button\" tabindex=\"0\" aria-label=\"Previous\">\n\t\t\t\t\t\t\t<svg aria-hidden=\"true\" class=\"e-font-icon-svg e-eicon-chevron-left\" viewBox=\"0 0 1000 1000\" xmlns=\"http:\/\/www.w3.org\/2000\/svg\"><path d=\"M646 125C629 125 613 133 604 142L308 442C296 454 292 471 292 487 292 504 296 521 308 533L604 854C617 867 629 875 646 875 663 875 679 871 692 858 704 846 713 829 713 812 713 796 708 779 692 767L438 487 692 225C700 217 708 204 708 187 708 171 704 154 692 142 675 129 663 125 646 125Z\"><\/path><\/svg>\t\t\t\t\t\t<\/div>\n\t\t\t\t\t\t<div class=\"elementor-swiper-button elementor-swiper-button-next\" role=\"button\" tabindex=\"0\" aria-label=\"Next\">\n\t\t\t\t\t\t\t<svg aria-hidden=\"true\" class=\"e-font-icon-svg e-eicon-chevron-right\" viewBox=\"0 0 1000 1000\" xmlns=\"http:\/\/www.w3.org\/2000\/svg\"><path d=\"M696 533C708 521 713 504 713 487 713 471 708 454 696 446L400 146C388 133 375 125 354 125 338 125 325 129 313 142 300 154 292 171 292 187 292 204 296 221 308 233L563 492 304 771C292 783 288 800 288 817 288 833 296 850 308 863 321 871 338 875 354 875 371 875 388 867 400 854L696 533Z\"><\/path><\/svg>\t\t\t\t\t\t<\/div>\n\t\t\t\t\t\t\t\t\t\t\t\t\t\t\t\t<div class=\"swiper-pagination\"><\/div>\n\t\t\t\t\t\t\t\t\t\t\t\t<\/div>\n\t\t\t\t\t\t\t\t<\/div>\n\t\t\t\t<div class=\"elementor-element elementor-element-e984f91 elementor-widget elementor-widget-heading\" data-id=\"e984f91\" data-element_type=\"widget\" data-e-type=\"widget\" data-widget_type=\"heading.default\">\n\t\t\t\t\t<h2 class=\"elementor-heading-title elementor-size-default\"> Casa en Segur de Calafell<\/h2>\t\t\t\t<\/div>\n\t\t\t\t<\/div>\n\t\t<div class=\"elementor-element elementor-element-cbe2605 e-con-full e-flex e-con e-child\" data-id=\"cbe2605\" data-element_type=\"container\" data-e-type=\"container\">\n\t\t\t\t<div class=\"elementor-element elementor-element-e495cdf elementor-skin-carousel elementor-arrows-yes elementor-pagination-type-bullets elementor-pagination-position-outside elementor-widget elementor-widget-media-carousel\" data-id=\"e495cdf\" data-element_type=\"widget\" data-e-type=\"widget\" data-settings=\"{&quot;effect&quot;:&quot;fade&quot;,&quot;skin&quot;:&quot;carousel&quot;,&quot;show_arrows&quot;:&quot;yes&quot;,&quot;pagination&quot;:&quot;bullets&quot;,&quot;speed&quot;:500,&quot;autoplay&quot;:&quot;yes&quot;,&quot;autoplay_speed&quot;:5000,&quot;loop&quot;:&quot;yes&quot;,&quot;pause_on_hover&quot;:&quot;yes&quot;,&quot;pause_on_interaction&quot;:&quot;yes&quot;,&quot;space_between&quot;:{&quot;unit&quot;:&quot;px&quot;,&quot;size&quot;:10,&quot;sizes&quot;:[]},&quot;space_between_tablet&quot;:{&quot;unit&quot;:&quot;px&quot;,&quot;size&quot;:10,&quot;sizes&quot;:[]},&quot;space_between_mobile&quot;:{&quot;unit&quot;:&quot;px&quot;,&quot;size&quot;:10,&quot;sizes&quot;:[]}}\" data-widget_type=\"media-carousel.default\">\n\t\t\t\t\t\t\t\t\t\t<div class=\"elementor-main-swiper swiper\" role=\"region\" aria-roledescription=\"carousel\" aria-label=\"Diapositivas\">\n\t\t\t\t<div class=\"swiper-wrapper\">\n\t\t\t\t\t\t\t\t\t\t\t<div class=\"swiper-slide\" role=\"group\" aria-roledescription=\"slide\">\n\t\t\t\t\t\t\t\t\t<div class=\"elementor-carousel-image\" role=\"img\" aria-label=\"piscina Casa en calle Palestina de segur de Calafell\" style=\"background-image: url(&#039;https:\/\/sanblanch.com\/wp-content\/uploads\/2026\/02\/piscina-Casa-en-calle-Palestina-de-segur-de-Calafell.webp&#039;)\">\n\n\t\t\t\n\t\t\t\t\t<\/div>\n\t\t\t\t\t\t\t\t<\/div>\n\t\t\t\t\t\t\t\t\t\t\t<div class=\"swiper-slide\" role=\"group\" aria-roledescription=\"slide\">\n\t\t\t\t\t\t\t\t\t<div class=\"elementor-carousel-image\" role=\"img\" aria-label=\"dormitorio Casa en calle Palestina de segur de Calafell\" style=\"background-image: url(&#039;https:\/\/sanblanch.com\/wp-content\/uploads\/2026\/02\/dormitorio-Casa-en-calle-Palestina-de-segur-de-Calafell.webp&#039;)\">\n\n\t\t\t\n\t\t\t\t\t<\/div>\n\t\t\t\t\t\t\t\t<\/div>\n\t\t\t\t\t\t\t\t\t\t\t<div class=\"swiper-slide\" role=\"group\" aria-roledescription=\"slide\">\n\t\t\t\t\t\t\t\t\t<div class=\"elementor-carousel-image\" role=\"img\" aria-label=\"salon Casa en calle Palestina de segur de Calafell\" style=\"background-image: url(&#039;https:\/\/sanblanch.com\/wp-content\/uploads\/2026\/02\/salon-Casa-en-calle-Palestina-de-segur-de-Calafell.webp&#039;)\">\n\n\t\t\t\n\t\t\t\t\t<\/div>\n\t\t\t\t\t\t\t\t<\/div>\n\t\t\t\t\t\t\t\t\t\t\t<div class=\"swiper-slide\" role=\"group\" aria-roledescription=\"slide\">\n\t\t\t\t\t\t\t\t\t<div class=\"elementor-carousel-image\" role=\"img\" aria-label=\"IMG-20250709-WA0003\" style=\"background-image: url(&#039;https:\/\/sanblanch.com\/wp-content\/uploads\/2026\/02\/IMG-20250709-WA0003.jpg&#039;)\">\n\n\t\t\t\n\t\t\t\t\t<\/div>\n\t\t\t\t\t\t\t\t<\/div>\n\t\t\t\t\t\t\t\t\t<\/div>\n\t\t\t\t\t\t\t\t\t\t\t\t\t\t\t<div class=\"elementor-swiper-button elementor-swiper-button-prev\" role=\"button\" tabindex=\"0\" aria-label=\"Previous\">\n\t\t\t\t\t\t\t<svg aria-hidden=\"true\" class=\"e-font-icon-svg e-eicon-chevron-left\" viewBox=\"0 0 1000 1000\" xmlns=\"http:\/\/www.w3.org\/2000\/svg\"><path d=\"M646 125C629 125 613 133 604 142L308 442C296 454 292 471 292 487 292 504 296 521 308 533L604 854C617 867 629 875 646 875 663 875 679 871 692 858 704 846 713 829 713 812 713 796 708 779 692 767L438 487 692 225C700 217 708 204 708 187 708 171 704 154 692 142 675 129 663 125 646 125Z\"><\/path><\/svg>\t\t\t\t\t\t<\/div>\n\t\t\t\t\t\t<div class=\"elementor-swiper-button elementor-swiper-button-next\" role=\"button\" tabindex=\"0\" aria-label=\"Next\">\n\t\t\t\t\t\t\t<svg aria-hidden=\"true\" class=\"e-font-icon-svg e-eicon-chevron-right\" viewBox=\"0 0 1000 1000\" xmlns=\"http:\/\/www.w3.org\/2000\/svg\"><path d=\"M696 533C708 521 713 504 713 487 713 471 708 454 696 446L400 146C388 133 375 125 354 125 338 125 325 129 313 142 300 154 292 171 292 187 292 204 296 221 308 233L563 492 304 771C292 783 288 800 288 817 288 833 296 850 308 863 321 871 338 875 354 875 371 875 388 867 400 854L696 533Z\"><\/path><\/svg>\t\t\t\t\t\t<\/div>\n\t\t\t\t\t\t\t\t\t\t\t\t\t\t\t\t<div class=\"swiper-pagination\"><\/div>\n\t\t\t\t\t\t\t\t\t\t\t\t<\/div>\n\t\t\t\t\t\t\t\t<\/div>\n\t\t\t\t<div class=\"elementor-element elementor-element-4f26958 elementor-widget elementor-widget-heading\" data-id=\"4f26958\" data-element_type=\"widget\" data-e-type=\"widget\" data-widget_type=\"heading.default\">\n\t\t\t\t\t<h2 class=\"elementor-heading-title elementor-size-default\">Masia Canyelles<\/h2>\t\t\t\t<\/div>\n\t\t\t\t<\/div>\n\t\t\t\t\t<\/div>\n\t\t\t\t<\/div>\n\t\t<div class=\"elementor-element elementor-element-5e509ba e-flex e-con-boxed e-con e-parent\" data-id=\"5e509ba\" data-element_type=\"container\" data-e-type=\"container\">\n\t\t\t\t\t<div class=\"e-con-inner\">\n\t\t\t\t<div class=\"elementor-element elementor-element-8f7b3ee elementor-widget elementor-widget-heading\" data-id=\"8f7b3ee\" data-element_type=\"widget\" data-e-type=\"widget\" data-widget_type=\"heading.default\">\n\t\t\t\t\t<h2 class=\"elementor-heading-title elementor-size-default\">Nova promoci\u00f3 <\/h2>\t\t\t\t<\/div>\n\t\t\t\t<div class=\"elementor-element elementor-element-c005240 elementor-widget elementor-widget-text-editor\" data-id=\"c005240\" data-element_type=\"widget\" data-e-type=\"widget\" data-widget_type=\"text-editor.default\">\n\t\t\t\t\t\t\t\t\t<p>Vilanova i la Geltr\u00fa ( Barcelona)<\/p>\t\t\t\t\t\t\t\t<\/div>\n\t\t\t\t<div class=\"elementor-element elementor-element-e02445b elementor-skin-carousel elementor-arrows-yes elementor-pagination-type-bullets elementor-pagination-position-outside elementor-widget elementor-widget-media-carousel\" data-id=\"e02445b\" data-element_type=\"widget\" data-e-type=\"widget\" data-settings=\"{&quot;effect&quot;:&quot;fade&quot;,&quot;space_between&quot;:{&quot;unit&quot;:&quot;px&quot;,&quot;size&quot;:16,&quot;sizes&quot;:[]},&quot;skin&quot;:&quot;carousel&quot;,&quot;show_arrows&quot;:&quot;yes&quot;,&quot;pagination&quot;:&quot;bullets&quot;,&quot;speed&quot;:500,&quot;autoplay&quot;:&quot;yes&quot;,&quot;autoplay_speed&quot;:5000,&quot;loop&quot;:&quot;yes&quot;,&quot;pause_on_hover&quot;:&quot;yes&quot;,&quot;pause_on_interaction&quot;:&quot;yes&quot;,&quot;space_between_tablet&quot;:{&quot;unit&quot;:&quot;px&quot;,&quot;size&quot;:10,&quot;sizes&quot;:[]},&quot;space_between_mobile&quot;:{&quot;unit&quot;:&quot;px&quot;,&quot;size&quot;:10,&quot;sizes&quot;:[]}}\" data-widget_type=\"media-carousel.default\">\n\t\t\t\t\t\t\t\t\t\t<div class=\"elementor-main-swiper swiper\" role=\"region\" aria-roledescription=\"carousel\" aria-label=\"Diapositivas\">\n\t\t\t\t<div class=\"swiper-wrapper\">\n\t\t\t\t\t\t\t\t\t\t\t<div class=\"swiper-slide\" role=\"group\" aria-roledescription=\"slide\">\n\t\t\t\t\t\t\t\t\t<div class=\"elementor-carousel-image\" role=\"img\" aria-label=\"2.-Perspectiva Delantera\" style=\"background-image: url(&#039;https:\/\/sanblanch.com\/wp-content\/uploads\/2026\/02\/2.-Perspectiva-Delantera.webp&#039;)\">\n\n\t\t\t\n\t\t\t\t\t<\/div>\n\t\t\t\t\t\t\t\t<\/div>\n\t\t\t\t\t\t\t\t\t\t\t<div class=\"swiper-slide\" role=\"group\" aria-roledescription=\"slide\">\n\t\t\t\t\t\t\t\t\t<div class=\"elementor-carousel-image\" role=\"img\" aria-label=\"1.-Perspectiva Trasera (1)\" style=\"background-image: url(&#039;https:\/\/sanblanch.com\/wp-content\/uploads\/2026\/02\/1.-Perspectiva-Trasera-1.webp&#039;)\">\n\n\t\t\t\n\t\t\t\t\t<\/div>\n\t\t\t\t\t\t\t\t<\/div>\n\t\t\t\t\t\t\t\t\t\t\t<div class=\"swiper-slide\" role=\"group\" aria-roledescription=\"slide\">\n\t\t\t\t\t\t\t\t\t<div class=\"elementor-carousel-image\" role=\"img\" aria-label=\"3.-PB Mobiliario\" style=\"background-image: url(&#039;https:\/\/sanblanch.com\/wp-content\/uploads\/2026\/02\/3.-PB-Mobiliario.webp&#039;)\">\n\n\t\t\t\n\t\t\t\t\t<\/div>\n\t\t\t\t\t\t\t\t<\/div>\n\t\t\t\t\t\t\t\t\t\t\t<div class=\"swiper-slide\" role=\"group\" aria-roledescription=\"slide\">\n\t\t\t\t\t\t\t\t\t<div class=\"elementor-carousel-image\" role=\"img\" aria-label=\"plano promocion vivienda\" style=\"background-image: url(&#039;https:\/\/sanblanch.com\/wp-content\/uploads\/2026\/02\/plano-promocion-vivienda.webp&#039;)\">\n\n\t\t\t\n\t\t\t\t\t<\/div>\n\t\t\t\t\t\t\t\t<\/div>\n\t\t\t\t\t\t\t\t\t<\/div>\n\t\t\t\t\t\t\t\t\t\t\t\t\t\t\t<div class=\"elementor-swiper-button elementor-swiper-button-prev\" role=\"button\" tabindex=\"0\" aria-label=\"Previous\">\n\t\t\t\t\t\t\t<svg aria-hidden=\"true\" class=\"e-font-icon-svg e-eicon-chevron-left\" viewBox=\"0 0 1000 1000\" xmlns=\"http:\/\/www.w3.org\/2000\/svg\"><path d=\"M646 125C629 125 613 133 604 142L308 442C296 454 292 471 292 487 292 504 296 521 308 533L604 854C617 867 629 875 646 875 663 875 679 871 692 858 704 846 713 829 713 812 713 796 708 779 692 767L438 487 692 225C700 217 708 204 708 187 708 171 704 154 692 142 675 129 663 125 646 125Z\"><\/path><\/svg>\t\t\t\t\t\t<\/div>\n\t\t\t\t\t\t<div class=\"elementor-swiper-button elementor-swiper-button-next\" role=\"button\" tabindex=\"0\" aria-label=\"Next\">\n\t\t\t\t\t\t\t<svg aria-hidden=\"true\" class=\"e-font-icon-svg e-eicon-chevron-right\" viewBox=\"0 0 1000 1000\" xmlns=\"http:\/\/www.w3.org\/2000\/svg\"><path d=\"M696 533C708 521 713 504 713 487 713 471 708 454 696 446L400 146C388 133 375 125 354 125 338 125 325 129 313 142 300 154 292 171 292 187 292 204 296 221 308 233L563 492 304 771C292 783 288 800 288 817 288 833 296 850 308 863 321 871 338 875 354 875 371 875 388 867 400 854L696 533Z\"><\/path><\/svg>\t\t\t\t\t\t<\/div>\n\t\t\t\t\t\t\t\t\t\t\t\t\t\t\t\t<div class=\"swiper-pagination\"><\/div>\n\t\t\t\t\t\t\t\t\t\t\t\t<\/div>\n\t\t\t\t\t\t\t\t<\/div>\n\t\t\t\t<div class=\"elementor-element elementor-element-fe38b10 elementor-mobile-align-center elementor-hidden-desktop elementor-hidden-tablet elementor-invisible elementor-widget elementor-widget-button\" data-id=\"fe38b10\" data-element_type=\"widget\" data-e-type=\"widget\" data-settings=\"{&quot;_animation&quot;:&quot;bounce&quot;}\" data-widget_type=\"button.default\">\n\t\t\t\t\t\t\t\t\t\t<a class=\"elementor-button elementor-button-link elementor-size-sm\" href=\"tel:+34633680415\">\n\t\t\t\t\t\t<span class=\"elementor-button-content-wrapper\">\n\t\t\t\t\t\t<span class=\"elementor-button-icon\">\n\t\t\t\t<svg aria-hidden=\"true\" class=\"e-font-icon-svg e-fas-phone-alt\" viewBox=\"0 0 512 512\" xmlns=\"http:\/\/www.w3.org\/2000\/svg\"><path d=\"M497.39 361.8l-112-48a24 24 0 0 0-28 6.9l-49.6 60.6A370.66 370.66 0 0 1 130.6 204.11l60.6-49.6a23.94 23.94 0 0 0 6.9-28l-48-112A24.16 24.16 0 0 0 122.6.61l-104 24A24 24 0 0 0 0 48c0 256.5 207.9 464 464 464a24 24 0 0 0 23.4-18.6l24-104a24.29 24.29 0 0 0-14.01-27.6z\"><\/path><\/svg>\t\t\t<\/span>\n\t\t\t\t\t\t\t\t\t<span class=\"elementor-button-text\">Truca\u2019ns i t\u2019informem<\/span>\n\t\t\t\t\t<\/span>\n\t\t\t\t\t<\/a>\n\t\t\t\t\t\t\t\t<\/div>\n\t\t\t\t<div class=\"elementor-element elementor-element-9ccae69 elementor-align-center elementor-mobile-align-center elementor-hidden-tablet elementor-hidden-mobile elementor-invisible elementor-widget elementor-widget-button\" data-id=\"9ccae69\" data-element_type=\"widget\" data-e-type=\"widget\" data-settings=\"{&quot;_animation&quot;:&quot;bounce&quot;}\" data-widget_type=\"button.default\">\n\t\t\t\t\t\t\t\t\t\t<a class=\"elementor-button elementor-button-link elementor-size-sm\" href=\"https:\/\/wa.me\/633680415?text=Hola,%20quiero%20m\u00e1s%20informaci\u00f3n%20sobre%20vuestros%20servicios\">\n\t\t\t\t\t\t<span class=\"elementor-button-content-wrapper\">\n\t\t\t\t\t\t<span class=\"elementor-button-icon\">\n\t\t\t\t<svg aria-hidden=\"true\" class=\"e-font-icon-svg e-fas-phone-alt\" viewBox=\"0 0 512 512\" xmlns=\"http:\/\/www.w3.org\/2000\/svg\"><path d=\"M497.39 361.8l-112-48a24 24 0 0 0-28 6.9l-49.6 60.6A370.66 370.66 0 0 1 130.6 204.11l60.6-49.6a23.94 23.94 0 0 0 6.9-28l-48-112A24.16 24.16 0 0 0 122.6.61l-104 24A24 24 0 0 0 0 48c0 256.5 207.9 464 464 464a24 24 0 0 0 23.4-18.6l24-104a24.29 24.29 0 0 0-14.01-27.6z\"><\/path><\/svg>\t\t\t<\/span>\n\t\t\t\t\t\t\t\t\t<span class=\"elementor-button-text\">Sol\u00b7licita informaci\u00f3 per WhatsApp<\/span>\n\t\t\t\t\t<\/span>\n\t\t\t\t\t<\/a>\n\t\t\t\t\t\t\t\t<\/div>\n\t\t\t\t<div class=\"elementor-element elementor-element-945c730 elementor-hidden-desktop elementor-hidden-tablet elementor-hidden-mobile elementor-widget elementor-widget-gallery\" data-id=\"945c730\" data-element_type=\"widget\" data-e-type=\"widget\" data-settings=\"{&quot;columns&quot;:2,&quot;gap&quot;:{&quot;unit&quot;:&quot;px&quot;,&quot;size&quot;:7,&quot;sizes&quot;:[]},&quot;lazyload&quot;:&quot;yes&quot;,&quot;gallery_layout&quot;:&quot;grid&quot;,&quot;columns_tablet&quot;:2,&quot;columns_mobile&quot;:1,&quot;gap_tablet&quot;:{&quot;unit&quot;:&quot;px&quot;,&quot;size&quot;:10,&quot;sizes&quot;:[]},&quot;gap_mobile&quot;:{&quot;unit&quot;:&quot;px&quot;,&quot;size&quot;:10,&quot;sizes&quot;:[]},&quot;link_to&quot;:&quot;file&quot;,&quot;aspect_ratio&quot;:&quot;3:2&quot;,&quot;overlay_background&quot;:&quot;yes&quot;,&quot;content_hover_animation&quot;:&quot;fade-in&quot;}\" data-widget_type=\"gallery.default\">\n\t\t\t\t\t\t\t<div class=\"elementor-gallery__container\">\n\t\t\t\t\t\t\t<a class=\"e-gallery-item elementor-gallery-item elementor-animated-content\" href=\"https:\/\/sanblanch.com\/wp-content\/uploads\/2026\/02\/2.-Perspectiva-Delantera.webp\" data-elementor-open-lightbox=\"yes\" data-elementor-lightbox-slideshow=\"945c730\" data-elementor-lightbox-title=\"2.-Perspectiva Delantera\" data-e-action-hash=\"#elementor-action%3Aaction%3Dlightbox%26settings%3DeyJpZCI6MzkyNSwidXJsIjoiaHR0cHM6XC9cL3NhbmJsYW5jaC5jb21cL3dwLWNvbnRlbnRcL3VwbG9hZHNcLzIwMjZcLzAyXC8yLi1QZXJzcGVjdGl2YS1EZWxhbnRlcmEud2VicCIsInNsaWRlc2hvdyI6Ijk0NWM3MzAifQ%3D%3D\">\n\t\t\t\t\t<div class=\"e-gallery-image elementor-gallery-item__image\" data-thumbnail=\"https:\/\/sanblanch.com\/wp-content\/uploads\/2026\/02\/2.-Perspectiva-Delantera.webp\" data-width=\"900\" data-height=\"700\" aria-label=\"\" role=\"img\" ><\/div>\n\t\t\t\t\t\t\t\t\t\t\t<div class=\"elementor-gallery-item__overlay\"><\/div>\n\t\t\t\t\t\t\t\t\t\t\t\t\t\t<\/a>\n\t\t\t\t\t\t\t<a class=\"e-gallery-item elementor-gallery-item elementor-animated-content\" href=\"https:\/\/sanblanch.com\/wp-content\/uploads\/2026\/02\/3.-PB-Mobiliario.webp\" data-elementor-open-lightbox=\"yes\" data-elementor-lightbox-slideshow=\"945c730\" data-elementor-lightbox-title=\"3.-PB Mobiliario\" data-e-action-hash=\"#elementor-action%3Aaction%3Dlightbox%26settings%3DeyJpZCI6MzkyNywidXJsIjoiaHR0cHM6XC9cL3NhbmJsYW5jaC5jb21cL3dwLWNvbnRlbnRcL3VwbG9hZHNcLzIwMjZcLzAyXC8zLi1QQi1Nb2JpbGlhcmlvLndlYnAiLCJzbGlkZXNob3ciOiI5NDVjNzMwIn0%3D\">\n\t\t\t\t\t<div class=\"e-gallery-image elementor-gallery-item__image\" data-thumbnail=\"https:\/\/sanblanch.com\/wp-content\/uploads\/2026\/02\/3.-PB-Mobiliario.webp\" data-width=\"900\" data-height=\"700\" aria-label=\"\" role=\"img\" ><\/div>\n\t\t\t\t\t\t\t\t\t\t\t<div class=\"elementor-gallery-item__overlay\"><\/div>\n\t\t\t\t\t\t\t\t\t\t\t\t\t\t<\/a>\n\t\t\t\t\t\t\t<a class=\"e-gallery-item elementor-gallery-item elementor-animated-content\" href=\"https:\/\/sanblanch.com\/wp-content\/uploads\/2026\/02\/6.-P1-Mobiliario.webp\" data-elementor-open-lightbox=\"yes\" data-elementor-lightbox-slideshow=\"945c730\" data-elementor-lightbox-title=\"6.-P1 Mobiliario\" data-e-action-hash=\"#elementor-action%3Aaction%3Dlightbox%26settings%3DeyJpZCI6MzkyOSwidXJsIjoiaHR0cHM6XC9cL3NhbmJsYW5jaC5jb21cL3dwLWNvbnRlbnRcL3VwbG9hZHNcLzIwMjZcLzAyXC82Li1QMS1Nb2JpbGlhcmlvLndlYnAiLCJzbGlkZXNob3ciOiI5NDVjNzMwIn0%3D\">\n\t\t\t\t\t<div class=\"e-gallery-image elementor-gallery-item__image\" data-thumbnail=\"https:\/\/sanblanch.com\/wp-content\/uploads\/2026\/02\/6.-P1-Mobiliario.webp\" data-width=\"900\" data-height=\"700\" aria-label=\"\" role=\"img\" ><\/div>\n\t\t\t\t\t\t\t\t\t\t\t<div class=\"elementor-gallery-item__overlay\"><\/div>\n\t\t\t\t\t\t\t\t\t\t\t\t\t\t<\/a>\n\t\t\t\t\t\t\t<a class=\"e-gallery-item elementor-gallery-item elementor-animated-content\" href=\"https:\/\/sanblanch.com\/wp-content\/uploads\/2026\/02\/4.-PB-Superficies.webp\" data-elementor-open-lightbox=\"yes\" data-elementor-lightbox-slideshow=\"945c730\" data-elementor-lightbox-title=\"4.-PB Superficies\" data-e-action-hash=\"#elementor-action%3Aaction%3Dlightbox%26settings%3DeyJpZCI6MzkzMCwidXJsIjoiaHR0cHM6XC9cL3NhbmJsYW5jaC5jb21cL3dwLWNvbnRlbnRcL3VwbG9hZHNcLzIwMjZcLzAyXC80Li1QQi1TdXBlcmZpY2llcy53ZWJwIiwic2xpZGVzaG93IjoiOTQ1YzczMCJ9\">\n\t\t\t\t\t<div class=\"e-gallery-image elementor-gallery-item__image\" data-thumbnail=\"https:\/\/sanblanch.com\/wp-content\/uploads\/2026\/02\/4.-PB-Superficies.webp\" data-width=\"900\" data-height=\"700\" aria-label=\"\" role=\"img\" ><\/div>\n\t\t\t\t\t\t\t\t\t\t\t<div class=\"elementor-gallery-item__overlay\"><\/div>\n\t\t\t\t\t\t\t\t\t\t\t\t\t\t<\/a>\n\t\t\t\t\t\t\t<a class=\"e-gallery-item elementor-gallery-item elementor-animated-content\" href=\"https:\/\/sanblanch.com\/wp-content\/uploads\/2026\/02\/5.-PB-Cotas.webp\" data-elementor-open-lightbox=\"yes\" data-elementor-lightbox-slideshow=\"945c730\" data-elementor-lightbox-title=\"5.-PB Cotas\" data-e-action-hash=\"#elementor-action%3Aaction%3Dlightbox%26settings%3DeyJpZCI6MzkzMSwidXJsIjoiaHR0cHM6XC9cL3NhbmJsYW5jaC5jb21cL3dwLWNvbnRlbnRcL3VwbG9hZHNcLzIwMjZcLzAyXC81Li1QQi1Db3Rhcy53ZWJwIiwic2xpZGVzaG93IjoiOTQ1YzczMCJ9\">\n\t\t\t\t\t<div class=\"e-gallery-image elementor-gallery-item__image\" data-thumbnail=\"https:\/\/sanblanch.com\/wp-content\/uploads\/2026\/02\/5.-PB-Cotas.webp\" data-width=\"900\" data-height=\"700\" aria-label=\"\" role=\"img\" ><\/div>\n\t\t\t\t\t\t\t\t\t\t\t<div class=\"elementor-gallery-item__overlay\"><\/div>\n\t\t\t\t\t\t\t\t\t\t\t\t\t\t<\/a>\n\t\t\t\t\t\t\t<a class=\"e-gallery-item elementor-gallery-item elementor-animated-content\" href=\"https:\/\/sanblanch.com\/wp-content\/uploads\/2026\/02\/7.-P1-Superficies.webp\" data-elementor-open-lightbox=\"yes\" data-elementor-lightbox-slideshow=\"945c730\" data-elementor-lightbox-title=\"7.-P1 Superficies\" data-e-action-hash=\"#elementor-action%3Aaction%3Dlightbox%26settings%3DeyJpZCI6MzkzMiwidXJsIjoiaHR0cHM6XC9cL3NhbmJsYW5jaC5jb21cL3dwLWNvbnRlbnRcL3VwbG9hZHNcLzIwMjZcLzAyXC83Li1QMS1TdXBlcmZpY2llcy53ZWJwIiwic2xpZGVzaG93IjoiOTQ1YzczMCJ9\">\n\t\t\t\t\t<div class=\"e-gallery-image elementor-gallery-item__image\" data-thumbnail=\"https:\/\/sanblanch.com\/wp-content\/uploads\/2026\/02\/7.-P1-Superficies.webp\" data-width=\"2381\" data-height=\"1684\" aria-label=\"\" role=\"img\" ><\/div>\n\t\t\t\t\t\t\t\t\t\t\t<div class=\"elementor-gallery-item__overlay\"><\/div>\n\t\t\t\t\t\t\t\t\t\t\t\t\t\t<\/a>\n\t\t\t\t\t\t\t<a class=\"e-gallery-item elementor-gallery-item elementor-animated-content\" href=\"https:\/\/sanblanch.com\/wp-content\/uploads\/2026\/02\/8.-P1-Cotas.webp\" data-elementor-open-lightbox=\"yes\" data-elementor-lightbox-slideshow=\"945c730\" data-elementor-lightbox-title=\"8.-P1 Cotas\" data-e-action-hash=\"#elementor-action%3Aaction%3Dlightbox%26settings%3DeyJpZCI6MzkzMywidXJsIjoiaHR0cHM6XC9cL3NhbmJsYW5jaC5jb21cL3dwLWNvbnRlbnRcL3VwbG9hZHNcLzIwMjZcLzAyXC84Li1QMS1Db3Rhcy53ZWJwIiwic2xpZGVzaG93IjoiOTQ1YzczMCJ9\">\n\t\t\t\t\t<div class=\"e-gallery-image elementor-gallery-item__image\" data-thumbnail=\"https:\/\/sanblanch.com\/wp-content\/uploads\/2026\/02\/8.-P1-Cotas.webp\" data-width=\"900\" data-height=\"700\" aria-label=\"\" role=\"img\" ><\/div>\n\t\t\t\t\t\t\t\t\t\t\t<div class=\"elementor-gallery-item__overlay\"><\/div>\n\t\t\t\t\t\t\t\t\t\t\t\t\t\t<\/a>\n\t\t\t\t\t\t\t<a class=\"e-gallery-item elementor-gallery-item elementor-animated-content\" href=\"https:\/\/sanblanch.com\/wp-content\/uploads\/2026\/02\/1.-Perspectiva-Trasera-1.webp\" data-elementor-open-lightbox=\"yes\" data-elementor-lightbox-slideshow=\"945c730\" data-elementor-lightbox-title=\"1.-Perspectiva Trasera (1)\" data-e-action-hash=\"#elementor-action%3Aaction%3Dlightbox%26settings%3DeyJpZCI6MzkyNiwidXJsIjoiaHR0cHM6XC9cL3NhbmJsYW5jaC5jb21cL3dwLWNvbnRlbnRcL3VwbG9hZHNcLzIwMjZcLzAyXC8xLi1QZXJzcGVjdGl2YS1UcmFzZXJhLTEud2VicCIsInNsaWRlc2hvdyI6Ijk0NWM3MzAifQ%3D%3D\">\n\t\t\t\t\t<div class=\"e-gallery-image elementor-gallery-item__image\" data-thumbnail=\"https:\/\/sanblanch.com\/wp-content\/uploads\/2026\/02\/1.-Perspectiva-Trasera-1.webp\" data-width=\"900\" data-height=\"700\" aria-label=\"\" role=\"img\" ><\/div>\n\t\t\t\t\t\t\t\t\t\t\t<div class=\"elementor-gallery-item__overlay\"><\/div>\n\t\t\t\t\t\t\t\t\t\t\t\t\t\t<\/a>\n\t\t\t\t\t<\/div>\n\t\t\t\t\t<\/div>\n\t\t\t\t\t<\/div>\n\t\t\t\t<\/div>\n\t\t<div class=\"elementor-element elementor-element-4a9481c4 e-flex e-con-boxed e-con e-parent\" data-id=\"4a9481c4\" data-element_type=\"container\" data-e-type=\"container\" data-settings=\"{&quot;background_background&quot;:&quot;classic&quot;}\">\n\t\t\t\t\t<div class=\"e-con-inner\">\n\t\t\t\t<div class=\"elementor-element elementor-element-87fd489 elementor-invisible elementor-widget elementor-widget-heading\" data-id=\"87fd489\" data-element_type=\"widget\" data-e-type=\"widget\" data-settings=\"{&quot;_animation&quot;:&quot;fadeIn&quot;,&quot;_animation_delay&quot;:0.5}\" data-widget_type=\"heading.default\">\n\t\t\t\t\t<h2 class=\"elementor-heading-title elementor-size-default\">El teu pr\u00f2xim projecte immobiliari comen\u00e7a aqu\u00ed \n<\/h2>\t\t\t\t<\/div>\n\t\t\t\t<div class=\"elementor-element elementor-element-1ca56700 elementor-invisible elementor-widget elementor-widget-heading\" data-id=\"1ca56700\" data-element_type=\"widget\" data-e-type=\"widget\" data-settings=\"{&quot;_animation&quot;:&quot;fadeIn&quot;,&quot;_animation_delay&quot;:0.5}\" data-widget_type=\"heading.default\">\n\t\t\t\t\t<h2 class=\"elementor-heading-title elementor-size-default\">aqu\u00ed\n<\/h2>\t\t\t\t<\/div>\n\t\t\t\t<div class=\"elementor-element elementor-element-4fc7f46d elementor-invisible elementor-widget elementor-widget-text-editor\" data-id=\"4fc7f46d\" data-element_type=\"widget\" data-e-type=\"widget\" data-settings=\"{&quot;_animation&quot;:&quot;fadeIn&quot;,&quot;_animation_delay&quot;:0.5}\" data-widget_type=\"text-editor.default\">\n\t\t\t\t\t\t\t\t\t<p><span style=\"font-weight: 400;\">Explica\u2019ns qu\u00e8 est\u00e0s buscant o quin immoble vols posar en valor.<br><br><\/span><span style=\"font-weight: 400;\"><br><\/span><span style=\"font-weight: 400;\"> T\u2019ajudem a trobar-lo, analitzar-lo i transformar-lo amb la tranquil\u00b7litat de treballar amb un equip que con\u00e8ix el mercat i l\u2019execuci\u00f3 d\u2019obra.<\/span><\/p>\t\t\t\t\t\t\t\t<\/div>\n\t\t\t\t<div class=\"elementor-element elementor-element-38924cff elementor-align-center elementor-mobile-align-center elementor-invisible elementor-widget elementor-widget-button\" data-id=\"38924cff\" data-element_type=\"widget\" data-e-type=\"widget\" data-settings=\"{&quot;motion_fx_motion_fx_mouse&quot;:&quot;yes&quot;,&quot;_animation&quot;:&quot;bounce&quot;}\" data-widget_type=\"button.default\">\n\t\t\t\t\t\t\t\t\t\t<a class=\"elementor-button elementor-button-link elementor-size-sm\" href=\"https:\/\/sanblanch.comca\/ca\/contacte\/\">\n\t\t\t\t\t\t<span class=\"elementor-button-content-wrapper\">\n\t\t\t\t\t\t<span class=\"elementor-button-icon\">\n\t\t\t\t<svg aria-hidden=\"true\" class=\"e-font-icon-svg e-fas-plus-circle\" viewBox=\"0 0 512 512\" xmlns=\"http:\/\/www.w3.org\/2000\/svg\"><path d=\"M256 8C119 8 8 119 8 256s111 248 248 248 248-111 248-248S393 8 256 8zm144 276c0 6.6-5.4 12-12 12h-92v92c0 6.6-5.4 12-12 12h-56c-6.6 0-12-5.4-12-12v-92h-92c-6.6 0-12-5.4-12-12v-56c0-6.6 5.4-12 12-12h92v-92c0-6.6 5.4-12 12-12h56c6.6 0 12 5.4 12 12v92h92c6.6 0 12 5.4 12 12v56z\"><\/path><\/svg>\t\t\t<\/span>\n\t\t\t\t\t\t\t\t\t<span class=\"elementor-button-text\">Explica\u2019ns qu\u00e8 necessites<\/span>\n\t\t\t\t\t<\/span>\n\t\t\t\t\t<\/a>\n\t\t\t\t\t\t\t\t<\/div>\n\t\t\t\t\t<\/div>\n\t\t\t\t<\/div>\n\t\t\t\t<\/div>\n\t\t","protected":false},"excerpt":{"rendered":"<p>Reformes i Interiorisme Servei immobiliari amb assessorament i reforma integral al Garraf Compra, venda o lloguer d\u2019immobles a Vilanova i la Geltr\u00fa, Sitges i Sant Pere de Ribes Trobar un immoble per comprar o llogar no \u00e9s nom\u00e9s una q\u00fcesti\u00f3 de preu o ubicaci\u00f3. \u00c9s entendre el seu potencial real.A Sanblanch oferim un servei integral &#8230; <a title=\"Serveis immobiliaris i reformes\" class=\"read-more\" href=\"https:\/\/sanblanch.com\/ca\/serveis-immobiliaris-i-reformes\/\" aria-label=\"M\u00e9s informaci\u00f3 sobre Serveis immobiliaris i reformes\">Read more<\/a><\/p>\n","protected":false},"author":1,"featured_media":0,"parent":0,"menu_order":0,"comment_status":"closed","ping_status":"closed","template":"elementor_header_footer","meta":{"_joinchat":[],"footnotes":""},"class_list":["post-3934","page","type-page","status-publish"],"yoast_head":"<!-- This site is optimized with the Yoast SEO plugin v27.4 - https:\/\/yoast.com\/product\/yoast-seo-wordpress\/ -->\n<title>Serveis immobiliaris i reformes - Sanblanch<\/title>\n<meta name=\"robots\" content=\"index, follow, max-snippet:-1, max-image-preview:large, max-video-preview:-1\" \/>\n<link rel=\"canonical\" href=\"https:\/\/sanblanch.com\/ca\/serveis-immobiliaris-i-reformes\/\" \/>\n<meta property=\"og:locale\" content=\"ca_ES\" \/>\n<meta property=\"og:type\" content=\"article\" \/>\n<meta property=\"og:title\" content=\"Serveis immobiliaris i reformes - Sanblanch\" \/>\n<meta property=\"og:description\" content=\"Reformes i Interiorisme Servei immobiliari amb assessorament i reforma integral al Garraf Compra, venda o lloguer d\u2019immobles a Vilanova i la Geltr\u00fa, Sitges i Sant Pere de Ribes Trobar un immoble per comprar o llogar no \u00e9s nom\u00e9s una q\u00fcesti\u00f3 de preu o ubicaci\u00f3. \u00c9s entendre el seu potencial real.A Sanblanch oferim un servei integral ... Read more\" \/>\n<meta property=\"og:url\" content=\"https:\/\/sanblanch.com\/ca\/serveis-immobiliaris-i-reformes\/\" \/>\n<meta property=\"og:site_name\" content=\"Sanblanch\" \/>\n<meta property=\"article:modified_time\" content=\"2026-03-24T13:25:02+00:00\" \/>\n<meta property=\"og:image\" content=\"https:\/\/sanblanch.com\/wp-content\/uploads\/2025\/08\/Logo-blanco-nombre.webp\" \/>\n\t<meta property=\"og:image:width\" content=\"800\" \/>\n\t<meta property=\"og:image:height\" content=\"108\" \/>\n\t<meta property=\"og:image:type\" content=\"image\/webp\" \/>\n<meta name=\"twitter:card\" content=\"summary_large_image\" \/>\n<meta name=\"twitter:label1\" content=\"Temps estimat de lectura\" \/>\n\t<meta name=\"twitter:data1\" content=\"13 minuts\" \/>\n<script type=\"application\/ld+json\" class=\"yoast-schema-graph\">{\"@context\":\"https:\\\/\\\/schema.org\",\"@graph\":[{\"@type\":\"WebPage\",\"@id\":\"https:\\\/\\\/sanblanch.com\\\/ca\\\/serveis-immobiliaris-i-reformes\\\/\",\"url\":\"https:\\\/\\\/sanblanch.com\\\/ca\\\/serveis-immobiliaris-i-reformes\\\/\",\"name\":\"Serveis immobiliaris i reformes - Sanblanch\",\"isPartOf\":{\"@id\":\"https:\\\/\\\/sanblanch.com\\\/ca\\\/#website\"},\"primaryImageOfPage\":{\"@id\":\"https:\\\/\\\/sanblanch.com\\\/ca\\\/serveis-immobiliaris-i-reformes\\\/#primaryimage\"},\"image\":{\"@id\":\"https:\\\/\\\/sanblanch.com\\\/ca\\\/serveis-immobiliaris-i-reformes\\\/#primaryimage\"},\"thumbnailUrl\":\"https:\\\/\\\/sanblanch.com\\\/wp-content\\\/uploads\\\/2025\\\/08\\\/Logo-blanco-nombre-300x41.webp\",\"datePublished\":\"2026-02-10T16:50:20+00:00\",\"dateModified\":\"2026-03-24T13:25:02+00:00\",\"breadcrumb\":{\"@id\":\"https:\\\/\\\/sanblanch.com\\\/ca\\\/serveis-immobiliaris-i-reformes\\\/#breadcrumb\"},\"inLanguage\":\"ca\",\"potentialAction\":[{\"@type\":\"ReadAction\",\"target\":[\"https:\\\/\\\/sanblanch.com\\\/ca\\\/serveis-immobiliaris-i-reformes\\\/\"]}]},{\"@type\":\"ImageObject\",\"inLanguage\":\"ca\",\"@id\":\"https:\\\/\\\/sanblanch.com\\\/ca\\\/serveis-immobiliaris-i-reformes\\\/#primaryimage\",\"url\":\"https:\\\/\\\/sanblanch.com\\\/wp-content\\\/uploads\\\/2025\\\/08\\\/Logo-blanco-nombre-300x41.webp\",\"contentUrl\":\"https:\\\/\\\/sanblanch.com\\\/wp-content\\\/uploads\\\/2025\\\/08\\\/Logo-blanco-nombre-300x41.webp\"},{\"@type\":\"BreadcrumbList\",\"@id\":\"https:\\\/\\\/sanblanch.com\\\/ca\\\/serveis-immobiliaris-i-reformes\\\/#breadcrumb\",\"itemListElement\":[{\"@type\":\"ListItem\",\"position\":1,\"name\":\"Portada\",\"item\":\"https:\\\/\\\/sanblanch.com\\\/ca\\\/\"},{\"@type\":\"ListItem\",\"position\":2,\"name\":\"Serveis immobiliaris i reformes\"}]},{\"@type\":\"WebSite\",\"@id\":\"https:\\\/\\\/sanblanch.com\\\/ca\\\/#website\",\"url\":\"https:\\\/\\\/sanblanch.com\\\/ca\\\/\",\"name\":\"Sanblanch\",\"description\":\"Reformas e interiorismo Vilanova i la Geltru, Sitges, Garraf\",\"publisher\":{\"@id\":\"https:\\\/\\\/sanblanch.com\\\/ca\\\/#organization\"},\"potentialAction\":[{\"@type\":\"SearchAction\",\"target\":{\"@type\":\"EntryPoint\",\"urlTemplate\":\"https:\\\/\\\/sanblanch.com\\\/ca\\\/?s={search_term_string}\"},\"query-input\":{\"@type\":\"PropertyValueSpecification\",\"valueRequired\":true,\"valueName\":\"search_term_string\"}}],\"inLanguage\":\"ca\"},{\"@type\":\"Organization\",\"@id\":\"https:\\\/\\\/sanblanch.com\\\/ca\\\/#organization\",\"name\":\"Sanblanch\",\"url\":\"https:\\\/\\\/sanblanch.com\\\/ca\\\/\",\"logo\":{\"@type\":\"ImageObject\",\"inLanguage\":\"ca\",\"@id\":\"https:\\\/\\\/sanblanch.com\\\/ca\\\/#\\\/schema\\\/logo\\\/image\\\/\",\"url\":\"https:\\\/\\\/sanblanch.com\\\/wp-content\\\/uploads\\\/2025\\\/08\\\/Logo-H-Soluciones-para-el-hogar-Blanco-y-negro.webp\",\"contentUrl\":\"https:\\\/\\\/sanblanch.com\\\/wp-content\\\/uploads\\\/2025\\\/08\\\/Logo-H-Soluciones-para-el-hogar-Blanco-y-negro.webp\",\"width\":800,\"height\":329,\"caption\":\"Sanblanch\"},\"image\":{\"@id\":\"https:\\\/\\\/sanblanch.com\\\/ca\\\/#\\\/schema\\\/logo\\\/image\\\/\"},\"sameAs\":[\"https:\\\/\\\/www.instagram.com\\\/sanblanch\\\/?hl=es\"]}]}<\/script>\n<!-- \/ Yoast SEO plugin. -->","yoast_head_json":{"title":"Serveis immobiliaris i reformes - Sanblanch","robots":{"index":"index","follow":"follow","max-snippet":"max-snippet:-1","max-image-preview":"max-image-preview:large","max-video-preview":"max-video-preview:-1"},"canonical":"https:\/\/sanblanch.com\/ca\/serveis-immobiliaris-i-reformes\/","og_locale":"ca_ES","og_type":"article","og_title":"Serveis immobiliaris i reformes - Sanblanch","og_description":"Reformes i Interiorisme Servei immobiliari amb assessorament i reforma integral al Garraf Compra, venda o lloguer d\u2019immobles a Vilanova i la Geltr\u00fa, Sitges i Sant Pere de Ribes Trobar un immoble per comprar o llogar no \u00e9s nom\u00e9s una q\u00fcesti\u00f3 de preu o ubicaci\u00f3. \u00c9s entendre el seu potencial real.A Sanblanch oferim un servei integral ... Read more","og_url":"https:\/\/sanblanch.com\/ca\/serveis-immobiliaris-i-reformes\/","og_site_name":"Sanblanch","article_modified_time":"2026-03-24T13:25:02+00:00","og_image":[{"width":800,"height":108,"url":"https:\/\/sanblanch.com\/wp-content\/uploads\/2025\/08\/Logo-blanco-nombre.webp","type":"image\/webp"}],"twitter_card":"summary_large_image","twitter_misc":{"Temps estimat de lectura":"13 minuts"},"schema":{"@context":"https:\/\/schema.org","@graph":[{"@type":"WebPage","@id":"https:\/\/sanblanch.com\/ca\/serveis-immobiliaris-i-reformes\/","url":"https:\/\/sanblanch.com\/ca\/serveis-immobiliaris-i-reformes\/","name":"Serveis immobiliaris i reformes - Sanblanch","isPartOf":{"@id":"https:\/\/sanblanch.com\/ca\/#website"},"primaryImageOfPage":{"@id":"https:\/\/sanblanch.com\/ca\/serveis-immobiliaris-i-reformes\/#primaryimage"},"image":{"@id":"https:\/\/sanblanch.com\/ca\/serveis-immobiliaris-i-reformes\/#primaryimage"},"thumbnailUrl":"https:\/\/sanblanch.com\/wp-content\/uploads\/2025\/08\/Logo-blanco-nombre-300x41.webp","datePublished":"2026-02-10T16:50:20+00:00","dateModified":"2026-03-24T13:25:02+00:00","breadcrumb":{"@id":"https:\/\/sanblanch.com\/ca\/serveis-immobiliaris-i-reformes\/#breadcrumb"},"inLanguage":"ca","potentialAction":[{"@type":"ReadAction","target":["https:\/\/sanblanch.com\/ca\/serveis-immobiliaris-i-reformes\/"]}]},{"@type":"ImageObject","inLanguage":"ca","@id":"https:\/\/sanblanch.com\/ca\/serveis-immobiliaris-i-reformes\/#primaryimage","url":"https:\/\/sanblanch.com\/wp-content\/uploads\/2025\/08\/Logo-blanco-nombre-300x41.webp","contentUrl":"https:\/\/sanblanch.com\/wp-content\/uploads\/2025\/08\/Logo-blanco-nombre-300x41.webp"},{"@type":"BreadcrumbList","@id":"https:\/\/sanblanch.com\/ca\/serveis-immobiliaris-i-reformes\/#breadcrumb","itemListElement":[{"@type":"ListItem","position":1,"name":"Portada","item":"https:\/\/sanblanch.com\/ca\/"},{"@type":"ListItem","position":2,"name":"Serveis immobiliaris i reformes"}]},{"@type":"WebSite","@id":"https:\/\/sanblanch.com\/ca\/#website","url":"https:\/\/sanblanch.com\/ca\/","name":"Sanblanch","description":"Reformas e interiorismo Vilanova i la Geltru, Sitges, Garraf","publisher":{"@id":"https:\/\/sanblanch.com\/ca\/#organization"},"potentialAction":[{"@type":"SearchAction","target":{"@type":"EntryPoint","urlTemplate":"https:\/\/sanblanch.com\/ca\/?s={search_term_string}"},"query-input":{"@type":"PropertyValueSpecification","valueRequired":true,"valueName":"search_term_string"}}],"inLanguage":"ca"},{"@type":"Organization","@id":"https:\/\/sanblanch.com\/ca\/#organization","name":"Sanblanch","url":"https:\/\/sanblanch.com\/ca\/","logo":{"@type":"ImageObject","inLanguage":"ca","@id":"https:\/\/sanblanch.com\/ca\/#\/schema\/logo\/image\/","url":"https:\/\/sanblanch.com\/wp-content\/uploads\/2025\/08\/Logo-H-Soluciones-para-el-hogar-Blanco-y-negro.webp","contentUrl":"https:\/\/sanblanch.com\/wp-content\/uploads\/2025\/08\/Logo-H-Soluciones-para-el-hogar-Blanco-y-negro.webp","width":800,"height":329,"caption":"Sanblanch"},"image":{"@id":"https:\/\/sanblanch.com\/ca\/#\/schema\/logo\/image\/"},"sameAs":["https:\/\/www.instagram.com\/sanblanch\/?hl=es"]}]}},"_links":{"self":[{"href":"https:\/\/sanblanch.com\/ca\/wp-json\/wp\/v2\/pages\/3934","targetHints":{"allow":["GET"]}}],"collection":[{"href":"https:\/\/sanblanch.com\/ca\/wp-json\/wp\/v2\/pages"}],"about":[{"href":"https:\/\/sanblanch.com\/ca\/wp-json\/wp\/v2\/types\/page"}],"author":[{"embeddable":true,"href":"https:\/\/sanblanch.com\/ca\/wp-json\/wp\/v2\/users\/1"}],"replies":[{"embeddable":true,"href":"https:\/\/sanblanch.com\/ca\/wp-json\/wp\/v2\/comments?post=3934"}],"version-history":[{"count":2,"href":"https:\/\/sanblanch.com\/ca\/wp-json\/wp\/v2\/pages\/3934\/revisions"}],"predecessor-version":[{"id":4001,"href":"https:\/\/sanblanch.com\/ca\/wp-json\/wp\/v2\/pages\/3934\/revisions\/4001"}],"wp:attachment":[{"href":"https:\/\/sanblanch.com\/ca\/wp-json\/wp\/v2\/media?parent=3934"}],"curies":[{"name":"wp","href":"https:\/\/api.w.org\/{rel}","templated":true}]}}