{"id":3506,"date":"2025-08-31T16:24:37","date_gmt":"2025-08-31T16:24:37","guid":{"rendered":"https:\/\/sanblanch.com\/una-cuina-amb-molta-llum\/"},"modified":"2026-01-08T11:32:22","modified_gmt":"2026-01-08T11:32:22","slug":"una-cuina-amb-molta-llum","status":"publish","type":"page","link":"https:\/\/sanblanch.com\/ca\/una-cuina-amb-molta-llum\/","title":{"rendered":"Una cuina amb molta llum"},"content":{"rendered":"\t\t<div data-elementor-type=\"wp-page\" data-elementor-id=\"3506\" class=\"elementor elementor-3506 elementor-2591\" data-elementor-post-type=\"page\">\n\t\t\t\t<div class=\"elementor-element elementor-element-580fdf7 e-flex e-con-boxed e-con e-parent\" data-id=\"580fdf7\" data-element_type=\"container\" data-e-type=\"container\" data-settings=\"{&quot;background_background&quot;:&quot;classic&quot;}\">\n\t\t\t\t\t<div class=\"e-con-inner\">\n\t\t\t\t<div class=\"elementor-element elementor-element-647cdf7 elementor-widget elementor-widget-heading\" data-id=\"647cdf7\" data-element_type=\"widget\" data-e-type=\"widget\" data-widget_type=\"heading.default\">\n\t\t\t\t\t<h1 class=\"elementor-heading-title elementor-size-default\">Una cuina amb molta llum <br> <\/h1>\t\t\t\t<\/div>\n\t\t\t\t<div class=\"elementor-element elementor-element-18b12bb9 elementor-widget elementor-widget-text-editor\" data-id=\"18b12bb9\" data-element_type=\"widget\" data-e-type=\"widget\" data-widget_type=\"text-editor.default\">\n\t\t\t\t\t\t\t\t\t<p>Sant Pere de Ribes<\/p>\t\t\t\t\t\t\t\t<\/div>\n\t\t\t\t\t<\/div>\n\t\t\t\t<\/div>\n\t\t<div class=\"elementor-element elementor-element-4a92053 e-flex e-con-boxed e-con e-parent\" data-id=\"4a92053\" data-element_type=\"container\" data-e-type=\"container\">\n\t\t\t\t\t<div class=\"e-con-inner\">\n\t\t\t\t\t<\/div>\n\t\t\t\t<\/div>\n\t\t<div class=\"elementor-element elementor-element-58dca00d e-con-full elementor-hidden-tablet e-flex e-con e-parent\" data-id=\"58dca00d\" data-element_type=\"container\" data-e-type=\"container\">\n\t\t<div class=\"elementor-element elementor-element-6ce90f6e e-con-full e-flex e-con e-child\" data-id=\"6ce90f6e\" data-element_type=\"container\" data-e-type=\"container\">\n\t\t\t\t<div class=\"elementor-element elementor-element-4a771429 elementor-widget elementor-widget-heading\" data-id=\"4a771429\" data-element_type=\"widget\" data-e-type=\"widget\" data-widget_type=\"heading.default\">\n\t\t\t\t\t<h2 class=\"elementor-heading-title elementor-size-default\">D\u2019un espai fred a una llar<\/h2>\t\t\t\t<\/div>\n\t\t\t\t<div class=\"elementor-element elementor-element-4d63336d elementor-widget elementor-widget-text-editor\" data-id=\"4d63336d\" data-element_type=\"widget\" data-e-type=\"widget\" data-widget_type=\"text-editor.default\">\n\t\t\t\t\t\t\t\t\t<p data-start=\"259\" data-end=\"457\">A Sanblanch vam dur a terme aquesta <strong data-start=\"292\" data-end=\"323\">reforma de cuina a Sitges<\/strong>, mantenint alguns elements originals com la nevera i la campana extractora, per\u00f2 renovant completament la resta de l\u2019espai.<\/p><p data-start=\"459\" data-end=\"710\">La cuina original era freda, sense personalitat i poc pr\u00e0ctica. Amb el nostre equip vam aconseguir una transformaci\u00f3 total: ara \u00e9s un lloc acollidor i llumin\u00f3s, ideal per gaudir d\u2019un caf\u00e8, cuinar en fam\u00edlia o compartir bons moments. <\/p><p data-start=\"712\" data-end=\"967\">El nou disseny combina <strong data-start=\"736\" data-end=\"801\">estil mediterrani, acabats cuidats i m\u00e0xima funcionalita<\/strong>t. Cada detall ha estat escollit amb precisi\u00f3 per aconseguir una cuina moderna i duradora, on la qualitat del treball de <strong data-start=\"925\" data-end=\"938\">Sanblanch<\/strong> es reflecteix en cada rac\u00f3. <\/p>\t\t\t\t\t\t\t\t<\/div>\n\t\t\t\t<\/div>\n\t\t\t\t<div class=\"elementor-element elementor-element-4d67648f elementor-widget elementor-widget-image\" data-id=\"4d67648f\" data-element_type=\"widget\" data-e-type=\"widget\" data-widget_type=\"image.default\">\n\t\t\t\t\t\t\t\t\t\t\t\t\t\t\t<img fetchpriority=\"high\" decoding=\"async\" width=\"1024\" height=\"768\" src=\"https:\/\/sanblanch.com\/wp-content\/uploads\/2025\/08\/lateral-cocina-sitges-1024x768.webp\" class=\"attachment-large size-large wp-image-2597\" alt=\"\" srcset=\"https:\/\/sanblanch.com\/wp-content\/uploads\/2025\/08\/lateral-cocina-sitges-1024x768.webp 1024w, https:\/\/sanblanch.com\/wp-content\/uploads\/2025\/08\/lateral-cocina-sitges-300x225.webp 300w, https:\/\/sanblanch.com\/wp-content\/uploads\/2025\/08\/lateral-cocina-sitges-768x576.webp 768w, https:\/\/sanblanch.com\/wp-content\/uploads\/2025\/08\/lateral-cocina-sitges-1536x1152.webp 1536w, https:\/\/sanblanch.com\/wp-content\/uploads\/2025\/08\/lateral-cocina-sitges.webp 1900w\" sizes=\"(max-width: 1024px) 100vw, 1024px\" \/>\t\t\t\t\t\t\t\t\t\t\t\t\t\t\t<\/div>\n\t\t\t\t<\/div>\n\t\t<div class=\"elementor-element elementor-element-b24534e e-con-full elementor-hidden-desktop elementor-hidden-mobile e-flex e-con e-parent\" data-id=\"b24534e\" data-element_type=\"container\" data-e-type=\"container\">\n\t\t<div class=\"elementor-element elementor-element-417309e e-flex e-con-boxed e-con e-child\" data-id=\"417309e\" data-element_type=\"container\" data-e-type=\"container\">\n\t\t\t\t\t<div class=\"e-con-inner\">\n\t\t\t\t<div class=\"elementor-element elementor-element-235bb1a elementor-widget elementor-widget-heading\" data-id=\"235bb1a\" data-element_type=\"widget\" data-e-type=\"widget\" data-widget_type=\"heading.default\">\n\t\t\t\t\t<h2 class=\"elementor-heading-title elementor-size-default\">D\u2019un espai fred a una llar<\/h2>\t\t\t\t<\/div>\n\t\t\t\t<div class=\"elementor-element elementor-element-493e267 elementor-widget elementor-widget-image\" data-id=\"493e267\" data-element_type=\"widget\" data-e-type=\"widget\" data-widget_type=\"image.default\">\n\t\t\t\t\t\t\t\t\t\t\t\t\t\t\t<img fetchpriority=\"high\" decoding=\"async\" width=\"1024\" height=\"768\" src=\"https:\/\/sanblanch.com\/wp-content\/uploads\/2025\/08\/lateral-cocina-sitges-1024x768.webp\" class=\"attachment-large size-large wp-image-2597\" alt=\"\" srcset=\"https:\/\/sanblanch.com\/wp-content\/uploads\/2025\/08\/lateral-cocina-sitges-1024x768.webp 1024w, https:\/\/sanblanch.com\/wp-content\/uploads\/2025\/08\/lateral-cocina-sitges-300x225.webp 300w, https:\/\/sanblanch.com\/wp-content\/uploads\/2025\/08\/lateral-cocina-sitges-768x576.webp 768w, https:\/\/sanblanch.com\/wp-content\/uploads\/2025\/08\/lateral-cocina-sitges-1536x1152.webp 1536w, https:\/\/sanblanch.com\/wp-content\/uploads\/2025\/08\/lateral-cocina-sitges.webp 1900w\" sizes=\"(max-width: 1024px) 100vw, 1024px\" \/>\t\t\t\t\t\t\t\t\t\t\t\t\t\t\t<\/div>\n\t\t\t\t<div class=\"elementor-element elementor-element-50167c6 elementor-widget elementor-widget-text-editor\" data-id=\"50167c6\" data-element_type=\"widget\" data-e-type=\"widget\" data-widget_type=\"text-editor.default\">\n\t\t\t\t\t\t\t\t\t<p data-start=\"259\" data-end=\"457\">A Sanblanch vam dur a terme aquesta <strong data-start=\"292\" data-end=\"323\">reforma de cuina a Sitges<\/strong>, mantenint alguns elements originals com la nevera i la campana extractora, per\u00f2 renovant completament la resta de l\u2019espai.<\/p><p data-start=\"459\" data-end=\"710\">La cuina original era freda, sense personalitat i poc pr\u00e0ctica. Amb el nostre equip vam aconseguir una transformaci\u00f3 total: ara \u00e9s un lloc acollidor i llumin\u00f3s, ideal per gaudir d\u2019un caf\u00e8, cuinar en fam\u00edlia o compartir bons moments. <\/p><p data-start=\"712\" data-end=\"967\">El nou disseny combina <strong data-start=\"736\" data-end=\"801\">estil mediterrani, acabats cuidats i m\u00e0xima funcionalita<\/strong>t. Cada detall ha estat escollit amb precisi\u00f3 per aconseguir una cuina moderna i duradora, on la qualitat del treball de <strong data-start=\"925\" data-end=\"938\">Sanblanch<\/strong> es reflecteix en cada rac\u00f3. <\/p>\t\t\t\t\t\t\t\t<\/div>\n\t\t\t\t\t<\/div>\n\t\t\t\t<\/div>\n\t\t\t\t<\/div>\n\t\t<div class=\"elementor-element elementor-element-58ea271d e-con-full e-flex e-con e-parent\" data-id=\"58ea271d\" data-element_type=\"container\" data-e-type=\"container\">\n\t\t\t\t<div class=\"elementor-element elementor-element-6e385c elementor-widget elementor-widget-gallery\" data-id=\"6e385c\" data-element_type=\"widget\" data-e-type=\"widget\" data-settings=\"{&quot;columns&quot;:2,&quot;gap&quot;:{&quot;unit&quot;:&quot;px&quot;,&quot;size&quot;:14,&quot;sizes&quot;:[]},&quot;lazyload&quot;:&quot;yes&quot;,&quot;gallery_layout&quot;:&quot;grid&quot;,&quot;columns_tablet&quot;:2,&quot;columns_mobile&quot;:1,&quot;gap_tablet&quot;:{&quot;unit&quot;:&quot;px&quot;,&quot;size&quot;:10,&quot;sizes&quot;:[]},&quot;gap_mobile&quot;:{&quot;unit&quot;:&quot;px&quot;,&quot;size&quot;:10,&quot;sizes&quot;:[]},&quot;link_to&quot;:&quot;file&quot;,&quot;aspect_ratio&quot;:&quot;3:2&quot;,&quot;overlay_background&quot;:&quot;yes&quot;,&quot;content_hover_animation&quot;:&quot;fade-in&quot;}\" data-widget_type=\"gallery.default\">\n\t\t\t\t\t\t\t<div class=\"elementor-gallery__container\">\n\t\t\t\t\t\t\t<a class=\"e-gallery-item elementor-gallery-item elementor-animated-content\" href=\"https:\/\/sanblanch.com\/wp-content\/uploads\/2025\/08\/Campana-estractora-cocina.webp\" data-elementor-open-lightbox=\"yes\" data-elementor-lightbox-slideshow=\"6e385c\" data-elementor-lightbox-title=\"Campana estractora cocina\" data-e-action-hash=\"#elementor-action%3Aaction%3Dlightbox%26settings%3DeyJpZCI6MjYwMCwidXJsIjoiaHR0cHM6XC9cL3NhbmJsYW5jaC5jb21cL3dwLWNvbnRlbnRcL3VwbG9hZHNcLzIwMjVcLzA4XC9DYW1wYW5hLWVzdHJhY3RvcmEtY29jaW5hLndlYnAiLCJzbGlkZXNob3ciOiI2ZTM4NWMifQ%3D%3D\">\n\t\t\t\t\t<div class=\"e-gallery-image elementor-gallery-item__image\" data-thumbnail=\"https:\/\/sanblanch.com\/wp-content\/uploads\/2025\/08\/Campana-estractora-cocina.webp\" data-width=\"1900\" data-height=\"1425\" aria-label=\"\" role=\"img\" ><\/div>\n\t\t\t\t\t\t\t\t\t\t\t<div class=\"elementor-gallery-item__overlay\"><\/div>\n\t\t\t\t\t\t\t\t\t\t\t\t\t\t<\/a>\n\t\t\t\t\t\t\t<a class=\"e-gallery-item elementor-gallery-item elementor-animated-content\" href=\"https:\/\/sanblanch.com\/wp-content\/uploads\/2025\/08\/lampara-cocina.webp\" data-elementor-open-lightbox=\"yes\" data-elementor-lightbox-slideshow=\"6e385c\" data-elementor-lightbox-title=\"lampara cocina\" data-e-action-hash=\"#elementor-action%3Aaction%3Dlightbox%26settings%3DeyJpZCI6MjU5NCwidXJsIjoiaHR0cHM6XC9cL3NhbmJsYW5jaC5jb21cL3dwLWNvbnRlbnRcL3VwbG9hZHNcLzIwMjVcLzA4XC9sYW1wYXJhLWNvY2luYS53ZWJwIiwic2xpZGVzaG93IjoiNmUzODVjIn0%3D\">\n\t\t\t\t\t<div class=\"e-gallery-image elementor-gallery-item__image\" data-thumbnail=\"https:\/\/sanblanch.com\/wp-content\/uploads\/2025\/08\/lampara-cocina.webp\" data-width=\"1900\" data-height=\"1425\" aria-label=\"\" role=\"img\" ><\/div>\n\t\t\t\t\t\t\t\t\t\t\t<div class=\"elementor-gallery-item__overlay\"><\/div>\n\t\t\t\t\t\t\t\t\t\t\t\t\t\t<\/a>\n\t\t\t\t\t\t\t<a class=\"e-gallery-item elementor-gallery-item elementor-animated-content\" href=\"https:\/\/sanblanch.com\/wp-content\/uploads\/2025\/08\/Estanteria-cocina-Sitges.webp\" data-elementor-open-lightbox=\"yes\" data-elementor-lightbox-slideshow=\"6e385c\" data-elementor-lightbox-title=\"Estanter\u00eda cocina Sitges\" data-e-action-hash=\"#elementor-action%3Aaction%3Dlightbox%26settings%3DeyJpZCI6MjYwMywidXJsIjoiaHR0cHM6XC9cL3NhbmJsYW5jaC5jb21cL3dwLWNvbnRlbnRcL3VwbG9hZHNcLzIwMjVcLzA4XC9Fc3RhbnRlcmlhLWNvY2luYS1TaXRnZXMud2VicCIsInNsaWRlc2hvdyI6IjZlMzg1YyJ9\">\n\t\t\t\t\t<div class=\"e-gallery-image elementor-gallery-item__image\" data-thumbnail=\"https:\/\/sanblanch.com\/wp-content\/uploads\/2025\/08\/Estanteria-cocina-Sitges.webp\" data-width=\"1900\" data-height=\"1425\" aria-label=\"\" role=\"img\" ><\/div>\n\t\t\t\t\t\t\t\t\t\t\t<div class=\"elementor-gallery-item__overlay\"><\/div>\n\t\t\t\t\t\t\t\t\t\t\t\t\t\t<\/a>\n\t\t\t\t\t\t\t<a class=\"e-gallery-item elementor-gallery-item elementor-animated-content\" href=\"https:\/\/sanblanch.com\/wp-content\/uploads\/2025\/08\/coicna-barra-desayunos.webp\" data-elementor-open-lightbox=\"yes\" data-elementor-lightbox-slideshow=\"6e385c\" data-elementor-lightbox-title=\"cocina barra desayunos\" data-e-action-hash=\"#elementor-action%3Aaction%3Dlightbox%26settings%3DeyJpZCI6MjExNSwidXJsIjoiaHR0cHM6XC9cL3NhbmJsYW5jaC5jb21cL3dwLWNvbnRlbnRcL3VwbG9hZHNcLzIwMjVcLzA4XC9jb2ljbmEtYmFycmEtZGVzYXl1bm9zLndlYnAiLCJzbGlkZXNob3ciOiI2ZTM4NWMifQ%3D%3D\">\n\t\t\t\t\t<div class=\"e-gallery-image elementor-gallery-item__image\" data-thumbnail=\"https:\/\/sanblanch.com\/wp-content\/uploads\/2025\/08\/coicna-barra-desayunos.webp\" data-width=\"1900\" data-height=\"1425\" aria-label=\"\" role=\"img\" ><\/div>\n\t\t\t\t\t\t\t\t\t\t\t<div class=\"elementor-gallery-item__overlay\"><\/div>\n\t\t\t\t\t\t\t\t\t\t\t\t\t\t<\/a>\n\t\t\t\t\t<\/div>\n\t\t\t\t\t<\/div>\n\t\t\t\t<\/div>\n\t\t<div class=\"elementor-element elementor-element-18ff33a5 e-con-full e-flex e-con e-parent\" data-id=\"18ff33a5\" data-element_type=\"container\" data-e-type=\"container\" data-settings=\"{&quot;background_background&quot;:&quot;classic&quot;}\">\n\t\t\t\t<div class=\"elementor-element elementor-element-79f04d51 elementor-widget elementor-widget-text-editor\" data-id=\"79f04d51\" data-element_type=\"widget\" data-e-type=\"widget\" data-widget_type=\"text-editor.default\">\n\t\t\t\t\t\t\t\t\t<p>Si est\u00e0s pensant en una transformaci\u00f3 similar, descobreix com treballem les nostres <a class=\"decorated-link cursor-pointer\" href=\"https:\/\/sanblanch.com\/ca\/reformes-de-cuina\/\" target=\"_new\" rel=\"noopener\" data-start=\"1055\" data-end=\"1125\">reformes de cuina<\/a> i comen\u00e7a a imaginar el teu nou espai a Sitges o a qualsevol punt del Garraf. <\/p>\t\t\t\t\t\t\t\t<\/div>\n\t\t\t\t<div class=\"elementor-element elementor-element-6d9fb5f4 elementor-align-center elementor-mobile-align-center elementor-invisible elementor-widget elementor-widget-button\" data-id=\"6d9fb5f4\" data-element_type=\"widget\" data-e-type=\"widget\" data-settings=\"{&quot;motion_fx_motion_fx_mouse&quot;:&quot;yes&quot;,&quot;_animation&quot;:&quot;bounce&quot;}\" data-widget_type=\"button.default\">\n\t\t\t\t\t\t\t\t\t\t<a class=\"elementor-button elementor-button-link elementor-size-sm\" href=\"https:\/\/sanblanch.com\/ca\/projectes-de-cuines\/\">\n\t\t\t\t\t\t<span class=\"elementor-button-content-wrapper\">\n\t\t\t\t\t\t<span class=\"elementor-button-icon\">\n\t\t\t\t<svg aria-hidden=\"true\" class=\"e-font-icon-svg e-fas-plus-circle\" viewBox=\"0 0 512 512\" xmlns=\"http:\/\/www.w3.org\/2000\/svg\"><path d=\"M256 8C119 8 8 119 8 256s111 248 248 248 248-111 248-248S393 8 256 8zm144 276c0 6.6-5.4 12-12 12h-92v92c0 6.6-5.4 12-12 12h-56c-6.6 0-12-5.4-12-12v-92h-92c-6.6 0-12-5.4-12-12v-56c0-6.6 5.4-12 12-12h92v-92c0-6.6 5.4-12 12-12h56c6.6 0 12 5.4 12 12v92h92c6.6 0 12 5.4 12 12v56z\"><\/path><\/svg>\t\t\t<\/span>\n\t\t\t\t\t\t\t\t\t<span class=\"elementor-button-text\">M\u00e9s projectes<\/span>\n\t\t\t\t\t<\/span>\n\t\t\t\t\t<\/a>\n\t\t\t\t\t\t\t\t<\/div>\n\t\t\t\t<\/div>\n\t\t\t\t<\/div>\n\t\t","protected":false},"excerpt":{"rendered":"<p>Una cuina amb molta llum Sant Pere de Ribes D\u2019un espai fred a una llar A Sanblanch vam dur a terme aquesta reforma de cuina a Sitges, mantenint alguns elements originals com la nevera i la campana extractora, per\u00f2 renovant completament la resta de l\u2019espai. La cuina original era freda, sense personalitat i poc pr\u00e0ctica. &#8230; <a title=\"Una cuina amb molta llum\" class=\"read-more\" href=\"https:\/\/sanblanch.com\/ca\/una-cuina-amb-molta-llum\/\" aria-label=\"M\u00e9s informaci\u00f3 sobre Una cuina amb molta llum\">Read more<\/a><\/p>\n","protected":false},"author":1,"featured_media":0,"parent":0,"menu_order":0,"comment_status":"closed","ping_status":"closed","template":"elementor_header_footer","meta":{"_joinchat":[],"footnotes":""},"class_list":["post-3506","page","type-page","status-publish"],"yoast_head":"<!-- This site is optimized with the Yoast SEO plugin v27.4 - https:\/\/yoast.com\/product\/yoast-seo-wordpress\/ -->\n<title>Una cuina amb molta llum - Sanblanch<\/title>\n<meta name=\"robots\" content=\"index, follow, max-snippet:-1, max-image-preview:large, max-video-preview:-1\" \/>\n<link rel=\"canonical\" href=\"https:\/\/sanblanch.com\/ca\/una-cuina-amb-molta-llum\/\" \/>\n<meta property=\"og:locale\" content=\"ca_ES\" \/>\n<meta property=\"og:type\" content=\"article\" \/>\n<meta property=\"og:title\" content=\"Una cuina amb molta llum - Sanblanch\" \/>\n<meta property=\"og:description\" content=\"Una cuina amb molta llum Sant Pere de Ribes D\u2019un espai fred a una llar A Sanblanch vam dur a terme aquesta reforma de cuina a Sitges, mantenint alguns elements originals com la nevera i la campana extractora, per\u00f2 renovant completament la resta de l\u2019espai. La cuina original era freda, sense personalitat i poc pr\u00e0ctica. ... Read more\" \/>\n<meta property=\"og:url\" content=\"https:\/\/sanblanch.com\/ca\/una-cuina-amb-molta-llum\/\" \/>\n<meta property=\"og:site_name\" content=\"Sanblanch\" \/>\n<meta property=\"article:modified_time\" content=\"2026-01-08T11:32:22+00:00\" \/>\n<meta property=\"og:image\" content=\"https:\/\/sanblanch.com\/wp-content\/uploads\/2025\/08\/lateral-cocina-sitges.webp\" \/>\n\t<meta property=\"og:image:width\" content=\"1900\" \/>\n\t<meta property=\"og:image:height\" content=\"1425\" \/>\n\t<meta property=\"og:image:type\" content=\"image\/webp\" \/>\n<meta name=\"twitter:card\" content=\"summary_large_image\" \/>\n<meta name=\"twitter:label1\" content=\"Temps estimat de lectura\" \/>\n\t<meta name=\"twitter:data1\" content=\"2 minuts\" \/>\n<script type=\"application\/ld+json\" class=\"yoast-schema-graph\">{\"@context\":\"https:\\\/\\\/schema.org\",\"@graph\":[{\"@type\":\"WebPage\",\"@id\":\"https:\\\/\\\/sanblanch.com\\\/ca\\\/una-cuina-amb-molta-llum\\\/\",\"url\":\"https:\\\/\\\/sanblanch.com\\\/ca\\\/una-cuina-amb-molta-llum\\\/\",\"name\":\"Una cuina amb molta llum - Sanblanch\",\"isPartOf\":{\"@id\":\"https:\\\/\\\/sanblanch.com\\\/ca\\\/#website\"},\"primaryImageOfPage\":{\"@id\":\"https:\\\/\\\/sanblanch.com\\\/ca\\\/una-cuina-amb-molta-llum\\\/#primaryimage\"},\"image\":{\"@id\":\"https:\\\/\\\/sanblanch.com\\\/ca\\\/una-cuina-amb-molta-llum\\\/#primaryimage\"},\"thumbnailUrl\":\"https:\\\/\\\/sanblanch.com\\\/wp-content\\\/uploads\\\/2025\\\/08\\\/lateral-cocina-sitges-1024x768.webp\",\"datePublished\":\"2025-08-31T16:24:37+00:00\",\"dateModified\":\"2026-01-08T11:32:22+00:00\",\"breadcrumb\":{\"@id\":\"https:\\\/\\\/sanblanch.com\\\/ca\\\/una-cuina-amb-molta-llum\\\/#breadcrumb\"},\"inLanguage\":\"ca\",\"potentialAction\":[{\"@type\":\"ReadAction\",\"target\":[\"https:\\\/\\\/sanblanch.com\\\/ca\\\/una-cuina-amb-molta-llum\\\/\"]}]},{\"@type\":\"ImageObject\",\"inLanguage\":\"ca\",\"@id\":\"https:\\\/\\\/sanblanch.com\\\/ca\\\/una-cuina-amb-molta-llum\\\/#primaryimage\",\"url\":\"https:\\\/\\\/sanblanch.com\\\/wp-content\\\/uploads\\\/2025\\\/08\\\/lateral-cocina-sitges-1024x768.webp\",\"contentUrl\":\"https:\\\/\\\/sanblanch.com\\\/wp-content\\\/uploads\\\/2025\\\/08\\\/lateral-cocina-sitges-1024x768.webp\"},{\"@type\":\"BreadcrumbList\",\"@id\":\"https:\\\/\\\/sanblanch.com\\\/ca\\\/una-cuina-amb-molta-llum\\\/#breadcrumb\",\"itemListElement\":[{\"@type\":\"ListItem\",\"position\":1,\"name\":\"Portada\",\"item\":\"https:\\\/\\\/sanblanch.com\\\/ca\\\/\"},{\"@type\":\"ListItem\",\"position\":2,\"name\":\"Una cuina amb molta llum\"}]},{\"@type\":\"WebSite\",\"@id\":\"https:\\\/\\\/sanblanch.com\\\/ca\\\/#website\",\"url\":\"https:\\\/\\\/sanblanch.com\\\/ca\\\/\",\"name\":\"Sanblanch\",\"description\":\"Reformas e interiorismo Vilanova i la Geltru, Sitges, Garraf\",\"publisher\":{\"@id\":\"https:\\\/\\\/sanblanch.com\\\/ca\\\/#organization\"},\"potentialAction\":[{\"@type\":\"SearchAction\",\"target\":{\"@type\":\"EntryPoint\",\"urlTemplate\":\"https:\\\/\\\/sanblanch.com\\\/ca\\\/?s={search_term_string}\"},\"query-input\":{\"@type\":\"PropertyValueSpecification\",\"valueRequired\":true,\"valueName\":\"search_term_string\"}}],\"inLanguage\":\"ca\"},{\"@type\":\"Organization\",\"@id\":\"https:\\\/\\\/sanblanch.com\\\/ca\\\/#organization\",\"name\":\"Sanblanch\",\"url\":\"https:\\\/\\\/sanblanch.com\\\/ca\\\/\",\"logo\":{\"@type\":\"ImageObject\",\"inLanguage\":\"ca\",\"@id\":\"https:\\\/\\\/sanblanch.com\\\/ca\\\/#\\\/schema\\\/logo\\\/image\\\/\",\"url\":\"https:\\\/\\\/sanblanch.com\\\/wp-content\\\/uploads\\\/2025\\\/08\\\/Logo-H-Soluciones-para-el-hogar-Blanco-y-negro.webp\",\"contentUrl\":\"https:\\\/\\\/sanblanch.com\\\/wp-content\\\/uploads\\\/2025\\\/08\\\/Logo-H-Soluciones-para-el-hogar-Blanco-y-negro.webp\",\"width\":800,\"height\":329,\"caption\":\"Sanblanch\"},\"image\":{\"@id\":\"https:\\\/\\\/sanblanch.com\\\/ca\\\/#\\\/schema\\\/logo\\\/image\\\/\"},\"sameAs\":[\"https:\\\/\\\/www.instagram.com\\\/sanblanch\\\/?hl=es\"]}]}<\/script>\n<!-- \/ Yoast SEO plugin. -->","yoast_head_json":{"title":"Una cuina amb molta llum - Sanblanch","robots":{"index":"index","follow":"follow","max-snippet":"max-snippet:-1","max-image-preview":"max-image-preview:large","max-video-preview":"max-video-preview:-1"},"canonical":"https:\/\/sanblanch.com\/ca\/una-cuina-amb-molta-llum\/","og_locale":"ca_ES","og_type":"article","og_title":"Una cuina amb molta llum - Sanblanch","og_description":"Una cuina amb molta llum Sant Pere de Ribes D\u2019un espai fred a una llar A Sanblanch vam dur a terme aquesta reforma de cuina a Sitges, mantenint alguns elements originals com la nevera i la campana extractora, per\u00f2 renovant completament la resta de l\u2019espai. La cuina original era freda, sense personalitat i poc pr\u00e0ctica. ... Read more","og_url":"https:\/\/sanblanch.com\/ca\/una-cuina-amb-molta-llum\/","og_site_name":"Sanblanch","article_modified_time":"2026-01-08T11:32:22+00:00","og_image":[{"width":1900,"height":1425,"url":"https:\/\/sanblanch.com\/wp-content\/uploads\/2025\/08\/lateral-cocina-sitges.webp","type":"image\/webp"}],"twitter_card":"summary_large_image","twitter_misc":{"Temps estimat de lectura":"2 minuts"},"schema":{"@context":"https:\/\/schema.org","@graph":[{"@type":"WebPage","@id":"https:\/\/sanblanch.com\/ca\/una-cuina-amb-molta-llum\/","url":"https:\/\/sanblanch.com\/ca\/una-cuina-amb-molta-llum\/","name":"Una cuina amb molta llum - Sanblanch","isPartOf":{"@id":"https:\/\/sanblanch.com\/ca\/#website"},"primaryImageOfPage":{"@id":"https:\/\/sanblanch.com\/ca\/una-cuina-amb-molta-llum\/#primaryimage"},"image":{"@id":"https:\/\/sanblanch.com\/ca\/una-cuina-amb-molta-llum\/#primaryimage"},"thumbnailUrl":"https:\/\/sanblanch.com\/wp-content\/uploads\/2025\/08\/lateral-cocina-sitges-1024x768.webp","datePublished":"2025-08-31T16:24:37+00:00","dateModified":"2026-01-08T11:32:22+00:00","breadcrumb":{"@id":"https:\/\/sanblanch.com\/ca\/una-cuina-amb-molta-llum\/#breadcrumb"},"inLanguage":"ca","potentialAction":[{"@type":"ReadAction","target":["https:\/\/sanblanch.com\/ca\/una-cuina-amb-molta-llum\/"]}]},{"@type":"ImageObject","inLanguage":"ca","@id":"https:\/\/sanblanch.com\/ca\/una-cuina-amb-molta-llum\/#primaryimage","url":"https:\/\/sanblanch.com\/wp-content\/uploads\/2025\/08\/lateral-cocina-sitges-1024x768.webp","contentUrl":"https:\/\/sanblanch.com\/wp-content\/uploads\/2025\/08\/lateral-cocina-sitges-1024x768.webp"},{"@type":"BreadcrumbList","@id":"https:\/\/sanblanch.com\/ca\/una-cuina-amb-molta-llum\/#breadcrumb","itemListElement":[{"@type":"ListItem","position":1,"name":"Portada","item":"https:\/\/sanblanch.com\/ca\/"},{"@type":"ListItem","position":2,"name":"Una cuina amb molta llum"}]},{"@type":"WebSite","@id":"https:\/\/sanblanch.com\/ca\/#website","url":"https:\/\/sanblanch.com\/ca\/","name":"Sanblanch","description":"Reformas e interiorismo Vilanova i la Geltru, Sitges, Garraf","publisher":{"@id":"https:\/\/sanblanch.com\/ca\/#organization"},"potentialAction":[{"@type":"SearchAction","target":{"@type":"EntryPoint","urlTemplate":"https:\/\/sanblanch.com\/ca\/?s={search_term_string}"},"query-input":{"@type":"PropertyValueSpecification","valueRequired":true,"valueName":"search_term_string"}}],"inLanguage":"ca"},{"@type":"Organization","@id":"https:\/\/sanblanch.com\/ca\/#organization","name":"Sanblanch","url":"https:\/\/sanblanch.com\/ca\/","logo":{"@type":"ImageObject","inLanguage":"ca","@id":"https:\/\/sanblanch.com\/ca\/#\/schema\/logo\/image\/","url":"https:\/\/sanblanch.com\/wp-content\/uploads\/2025\/08\/Logo-H-Soluciones-para-el-hogar-Blanco-y-negro.webp","contentUrl":"https:\/\/sanblanch.com\/wp-content\/uploads\/2025\/08\/Logo-H-Soluciones-para-el-hogar-Blanco-y-negro.webp","width":800,"height":329,"caption":"Sanblanch"},"image":{"@id":"https:\/\/sanblanch.com\/ca\/#\/schema\/logo\/image\/"},"sameAs":["https:\/\/www.instagram.com\/sanblanch\/?hl=es"]}]}},"_links":{"self":[{"href":"https:\/\/sanblanch.com\/ca\/wp-json\/wp\/v2\/pages\/3506","targetHints":{"allow":["GET"]}}],"collection":[{"href":"https:\/\/sanblanch.com\/ca\/wp-json\/wp\/v2\/pages"}],"about":[{"href":"https:\/\/sanblanch.com\/ca\/wp-json\/wp\/v2\/types\/page"}],"author":[{"embeddable":true,"href":"https:\/\/sanblanch.com\/ca\/wp-json\/wp\/v2\/users\/1"}],"replies":[{"embeddable":true,"href":"https:\/\/sanblanch.com\/ca\/wp-json\/wp\/v2\/comments?post=3506"}],"version-history":[{"count":5,"href":"https:\/\/sanblanch.com\/ca\/wp-json\/wp\/v2\/pages\/3506\/revisions"}],"predecessor-version":[{"id":3724,"href":"https:\/\/sanblanch.com\/ca\/wp-json\/wp\/v2\/pages\/3506\/revisions\/3724"}],"wp:attachment":[{"href":"https:\/\/sanblanch.com\/ca\/wp-json\/wp\/v2\/media?parent=3506"}],"curies":[{"name":"wp","href":"https:\/\/api.w.org\/{rel}","templated":true}]}}