{"id":3497,"date":"2025-09-04T14:16:58","date_gmt":"2025-09-04T14:16:58","guid":{"rendered":"https:\/\/sanblanch.com\/trasters-moderns-en-barcelona\/"},"modified":"2026-01-16T11:12:28","modified_gmt":"2026-01-16T11:12:28","slug":"trasters-moderns-en-barcelona","status":"publish","type":"page","link":"https:\/\/sanblanch.com\/ca\/trasters-moderns-en-barcelona\/","title":{"rendered":"Trasters moderns en Barcelona"},"content":{"rendered":"\t\t<div data-elementor-type=\"wp-page\" data-elementor-id=\"3497\" class=\"elementor elementor-3497 elementor-2685\" data-elementor-post-type=\"page\">\n\t\t\t\t<div class=\"elementor-element elementor-element-40a81b4d e-flex e-con-boxed e-con e-parent\" data-id=\"40a81b4d\" data-element_type=\"container\" data-e-type=\"container\" data-settings=\"{&quot;background_background&quot;:&quot;classic&quot;}\">\n\t\t\t\t\t<div class=\"e-con-inner\">\n\t\t\t\t<div class=\"elementor-element elementor-element-65577df5 elementor-widget elementor-widget-heading\" data-id=\"65577df5\" data-element_type=\"widget\" data-e-type=\"widget\" data-widget_type=\"heading.default\">\n\t\t\t\t\t<h1 class=\"elementor-heading-title elementor-size-default\">Reforma de local <\/h1>\t\t\t\t<\/div>\n\t\t\t\t<div class=\"elementor-element elementor-element-5e579f2a elementor-widget elementor-widget-text-editor\" data-id=\"5e579f2a\" data-element_type=\"widget\" data-e-type=\"widget\" data-widget_type=\"text-editor.default\">\n\t\t\t\t\t\t\t\t\t<h2>Barcelona<\/h2>\t\t\t\t\t\t\t\t<\/div>\n\t\t\t\t\t<\/div>\n\t\t\t\t<\/div>\n\t\t<div class=\"elementor-element elementor-element-5a2b558c e-flex e-con-boxed e-con e-parent\" data-id=\"5a2b558c\" data-element_type=\"container\" data-e-type=\"container\">\n\t\t\t\t\t<div class=\"e-con-inner\">\n\t\t\t\t\t<\/div>\n\t\t\t\t<\/div>\n\t\t<div class=\"elementor-element elementor-element-4494fa52 e-con-full elementor-hidden-desktop elementor-hidden-mobile e-flex e-con e-parent\" data-id=\"4494fa52\" data-element_type=\"container\" data-e-type=\"container\">\n\t\t<div class=\"elementor-element elementor-element-c2a3b2 e-flex e-con-boxed e-con e-child\" data-id=\"c2a3b2\" data-element_type=\"container\" data-e-type=\"container\">\n\t\t\t\t\t<div class=\"e-con-inner\">\n\t\t\t\t<div class=\"elementor-element elementor-element-d122187 elementor-widget elementor-widget-heading\" data-id=\"d122187\" data-element_type=\"widget\" data-e-type=\"widget\" data-widget_type=\"heading.default\">\n\t\t\t\t\t<h2 class=\"elementor-heading-title elementor-size-default\">D\u2019oficines a trasters moderns i funcionals<\/h2>\t\t\t\t<\/div>\n\t\t\t\t<div class=\"elementor-element elementor-element-59ed6df2 elementor-widget elementor-widget-image\" data-id=\"59ed6df2\" data-element_type=\"widget\" data-e-type=\"widget\" data-widget_type=\"image.default\">\n\t\t\t\t\t\t\t\t\t\t\t\t\t\t\t<img decoding=\"async\" src=\"https:\/\/sanblanch.com\/wp-content\/uploads\/elementor\/thumbs\/Entrada-trasteros-rb9j7umzo0r09qsmgjnsupuei341telzrhhh569hrc.webp\" title=\"Entrada trasteros\" alt=\"Entrada trasteros\" loading=\"lazy\" \/>\t\t\t\t\t\t\t\t\t\t\t\t\t\t\t<\/div>\n\t\t\t\t<div class=\"elementor-element elementor-element-72931ea7 elementor-widget elementor-widget-text-editor\" data-id=\"72931ea7\" data-element_type=\"widget\" data-e-type=\"widget\" data-widget_type=\"text-editor.default\">\n\t\t\t\t\t\t\t\t\t<p data-start=\"397\" data-end=\"598\">A Sanblanch vam dur a terme la <strong data-start=\"400\" data-end=\"413\">reforma integral d\u2019un local a Barcelona<\/strong>, transformant unes antigues oficines en un espai adaptat per a un negoci de <strong data-start=\"559\" data-end=\"595\">trasters moderns i funcionals.<\/strong><\/p><h3 data-start=\"600\" data-end=\"642\">Un canvi d\u2019\u00fas amb visi\u00f3 pr\u00e0ctica<\/h3><p data-start=\"643\" data-end=\"882\">El projecte va suposar una reestructuraci\u00f3 completa: vam desmuntar panells antics, vam netejar les instal\u00b7lacions existents i vam muntar <strong data-start=\"773\" data-end=\"830\">parets de pladur<\/strong> amb diferents resist\u00e8ncies al foc, garantint seguretat i compliment normatiu.<\/p><h3 data-start=\"884\" data-end=\"925\">Accessibilitat i seguretat millorades<\/h3><p data-start=\"926\" data-end=\"1151\">Per facilitar l\u2019acc\u00e9s dels usuaris i optimitzar la funcionalitat del negoci, vam instal\u00b7lar una nova escala i vam projectar <strong data-start=\"1060\" data-end=\"1081\">un buit per a l\u2019ascensor<\/strong>, millorant l\u2019accessibilitat i la comoditat dels futurs clients.<\/p>\t\t\t\t\t\t\t\t<\/div>\n\t\t\t\t\t<\/div>\n\t\t\t\t<\/div>\n\t\t\t\t<\/div>\n\t\t<div class=\"elementor-element elementor-element-8e33e74 e-con-full elementor-hidden-tablet e-flex e-con e-parent\" data-id=\"8e33e74\" data-element_type=\"container\" data-e-type=\"container\">\n\t\t<div class=\"elementor-element elementor-element-47b48a4 e-con-full e-flex e-con e-child\" data-id=\"47b48a4\" data-element_type=\"container\" data-e-type=\"container\">\n\t\t\t\t<div class=\"elementor-element elementor-element-f0008c7 elementor-widget elementor-widget-heading\" data-id=\"f0008c7\" data-element_type=\"widget\" data-e-type=\"widget\" data-widget_type=\"heading.default\">\n\t\t\t\t\t<h2 class=\"elementor-heading-title elementor-size-default\">D\u2019oficines a trasters moderns i funcionals<\/h2>\t\t\t\t<\/div>\n\t\t\t\t<div class=\"elementor-element elementor-element-635e7da elementor-widget elementor-widget-text-editor\" data-id=\"635e7da\" data-element_type=\"widget\" data-e-type=\"widget\" data-widget_type=\"text-editor.default\">\n\t\t\t\t\t\t\t\t\t<p data-start=\"397\" data-end=\"598\">A Sanblanch vam dur a terme la <strong data-start=\"400\" data-end=\"413\">reforma integral d\u2019un local a Barcelona<\/strong>, transformant unes antigues oficines en un espai adaptat per a un negoci de <strong data-start=\"559\" data-end=\"595\">trasters moderns i funcionals.<\/strong><\/p><h3 data-start=\"600\" data-end=\"642\">Un canvi d\u2019\u00fas amb visi\u00f3 pr\u00e0ctica<\/h3><p data-start=\"643\" data-end=\"882\">El projecte va suposar una reestructuraci\u00f3 completa: vam desmuntar panells antics, vam netejar les instal\u00b7lacions existents i vam muntar <strong data-start=\"773\" data-end=\"830\">parets de pladur<\/strong> amb diferents resist\u00e8ncies al foc, garantint seguretat i compliment normatiu.<\/p><h3 data-start=\"884\" data-end=\"925\">Accessibilitat i seguretat millorades<br><\/h3><p data-start=\"926\" data-end=\"1151\">Per facilitar l\u2019acc\u00e9s dels usuaris i optimitzar la funcionalitat del negoci, vam instal\u00b7lar una nova escala i vam projectar <strong data-start=\"1060\" data-end=\"1081\">un buit per a l\u2019ascensor<\/strong>, millorant l\u2019accessibilitat i la comoditat dels futurs clients.<\/p>\t\t\t\t\t\t\t\t<\/div>\n\t\t\t\t<\/div>\n\t\t\t\t<div class=\"elementor-element elementor-element-3cb2495 elementor-widget elementor-widget-image\" data-id=\"3cb2495\" data-element_type=\"widget\" data-e-type=\"widget\" data-widget_type=\"image.default\">\n\t\t\t\t\t\t\t\t\t\t\t\t\t\t\t<img decoding=\"async\" src=\"https:\/\/sanblanch.com\/wp-content\/uploads\/elementor\/thumbs\/Entrada-trasteros-rb9j7umzo0r09qsmgjnsupuei341telzrhhh569hrc.webp\" title=\"Entrada trasteros\" alt=\"Entrada trasteros\" loading=\"lazy\" \/>\t\t\t\t\t\t\t\t\t\t\t\t\t\t\t<\/div>\n\t\t\t\t<\/div>\n\t\t<div class=\"elementor-element elementor-element-4de6c0ba e-con-full e-flex e-con e-parent\" data-id=\"4de6c0ba\" data-element_type=\"container\" data-e-type=\"container\">\n\t\t\t\t<div class=\"elementor-element elementor-element-6be1817 elementor-widget elementor-widget-gallery\" data-id=\"6be1817\" data-element_type=\"widget\" data-e-type=\"widget\" data-settings=\"{&quot;columns&quot;:2,&quot;gap&quot;:{&quot;unit&quot;:&quot;px&quot;,&quot;size&quot;:14,&quot;sizes&quot;:[]},&quot;lazyload&quot;:&quot;yes&quot;,&quot;gallery_layout&quot;:&quot;grid&quot;,&quot;columns_tablet&quot;:2,&quot;columns_mobile&quot;:1,&quot;gap_tablet&quot;:{&quot;unit&quot;:&quot;px&quot;,&quot;size&quot;:10,&quot;sizes&quot;:[]},&quot;gap_mobile&quot;:{&quot;unit&quot;:&quot;px&quot;,&quot;size&quot;:10,&quot;sizes&quot;:[]},&quot;link_to&quot;:&quot;file&quot;,&quot;aspect_ratio&quot;:&quot;3:2&quot;,&quot;overlay_background&quot;:&quot;yes&quot;,&quot;content_hover_animation&quot;:&quot;fade-in&quot;}\" data-widget_type=\"gallery.default\">\n\t\t\t\t\t\t\t<div class=\"elementor-gallery__container\">\n\t\t\t\t\t\t\t<a class=\"e-gallery-item elementor-gallery-item elementor-animated-content\" href=\"https:\/\/sanblanch.com\/wp-content\/uploads\/2025\/09\/Instalaciones-trasteros.webp\" data-elementor-open-lightbox=\"yes\" data-elementor-lightbox-slideshow=\"6be1817\" data-elementor-lightbox-title=\"Instalaciones trasteros\" data-e-action-hash=\"#elementor-action%3Aaction%3Dlightbox%26settings%3DeyJpZCI6MjY5MSwidXJsIjoiaHR0cHM6XC9cL3NhbmJsYW5jaC5jb21cL3dwLWNvbnRlbnRcL3VwbG9hZHNcLzIwMjVcLzA5XC9JbnN0YWxhY2lvbmVzLXRyYXN0ZXJvcy53ZWJwIiwic2xpZGVzaG93IjoiNmJlMTgxNyJ9\">\n\t\t\t\t\t<div class=\"e-gallery-image elementor-gallery-item__image\" data-thumbnail=\"https:\/\/sanblanch.com\/wp-content\/uploads\/2025\/09\/Instalaciones-trasteros.webp\" data-width=\"1900\" data-height=\"1267\" aria-label=\"\" role=\"img\" ><\/div>\n\t\t\t\t\t\t\t\t\t\t\t<div class=\"elementor-gallery-item__overlay\"><\/div>\n\t\t\t\t\t\t\t\t\t\t\t\t\t\t<\/a>\n\t\t\t\t\t\t\t<a class=\"e-gallery-item elementor-gallery-item elementor-animated-content\" href=\"https:\/\/sanblanch.com\/wp-content\/uploads\/2025\/09\/Escaleras-trasteros.webp\" data-elementor-open-lightbox=\"yes\" data-elementor-lightbox-slideshow=\"6be1817\" data-elementor-lightbox-title=\"Escaleras trasteros\" data-e-action-hash=\"#elementor-action%3Aaction%3Dlightbox%26settings%3DeyJpZCI6MjcwMCwidXJsIjoiaHR0cHM6XC9cL3NhbmJsYW5jaC5jb21cL3dwLWNvbnRlbnRcL3VwbG9hZHNcLzIwMjVcLzA5XC9Fc2NhbGVyYXMtdHJhc3Rlcm9zLndlYnAiLCJzbGlkZXNob3ciOiI2YmUxODE3In0%3D\">\n\t\t\t\t\t<div class=\"e-gallery-image elementor-gallery-item__image\" data-thumbnail=\"https:\/\/sanblanch.com\/wp-content\/uploads\/2025\/09\/Escaleras-trasteros.webp\" data-width=\"1900\" data-height=\"1267\" aria-label=\"\" role=\"img\" ><\/div>\n\t\t\t\t\t\t\t\t\t\t\t<div class=\"elementor-gallery-item__overlay\"><\/div>\n\t\t\t\t\t\t\t\t\t\t\t\t\t\t<\/a>\n\t\t\t\t\t\t\t<a class=\"e-gallery-item elementor-gallery-item elementor-animated-content\" href=\"https:\/\/sanblanch.com\/wp-content\/uploads\/2025\/09\/Candado-trastero.webp\" data-elementor-open-lightbox=\"yes\" data-elementor-lightbox-slideshow=\"6be1817\" data-elementor-lightbox-title=\"Candado trastero\" data-e-action-hash=\"#elementor-action%3Aaction%3Dlightbox%26settings%3DeyJpZCI6MjY5NCwidXJsIjoiaHR0cHM6XC9cL3NhbmJsYW5jaC5jb21cL3dwLWNvbnRlbnRcL3VwbG9hZHNcLzIwMjVcLzA5XC9DYW5kYWRvLXRyYXN0ZXJvLndlYnAiLCJzbGlkZXNob3ciOiI2YmUxODE3In0%3D\">\n\t\t\t\t\t<div class=\"e-gallery-image elementor-gallery-item__image\" data-thumbnail=\"https:\/\/sanblanch.com\/wp-content\/uploads\/2025\/09\/Candado-trastero.webp\" data-width=\"1900\" data-height=\"1267\" aria-label=\"\" role=\"img\" ><\/div>\n\t\t\t\t\t\t\t\t\t\t\t<div class=\"elementor-gallery-item__overlay\"><\/div>\n\t\t\t\t\t\t\t\t\t\t\t\t\t\t<\/a>\n\t\t\t\t\t\t\t<a class=\"e-gallery-item elementor-gallery-item elementor-animated-content\" href=\"https:\/\/sanblanch.com\/wp-content\/uploads\/2025\/09\/Puertas-trasteros.webp\" data-elementor-open-lightbox=\"yes\" data-elementor-lightbox-slideshow=\"6be1817\" data-elementor-lightbox-title=\"Puertas trasteros\" data-e-action-hash=\"#elementor-action%3Aaction%3Dlightbox%26settings%3DeyJpZCI6MjY5NywidXJsIjoiaHR0cHM6XC9cL3NhbmJsYW5jaC5jb21cL3dwLWNvbnRlbnRcL3VwbG9hZHNcLzIwMjVcLzA5XC9QdWVydGFzLXRyYXN0ZXJvcy53ZWJwIiwic2xpZGVzaG93IjoiNmJlMTgxNyJ9\">\n\t\t\t\t\t<div class=\"e-gallery-image elementor-gallery-item__image\" data-thumbnail=\"https:\/\/sanblanch.com\/wp-content\/uploads\/2025\/09\/Puertas-trasteros.webp\" data-width=\"1900\" data-height=\"1267\" aria-label=\"\" role=\"img\" ><\/div>\n\t\t\t\t\t\t\t\t\t\t\t<div class=\"elementor-gallery-item__overlay\"><\/div>\n\t\t\t\t\t\t\t\t\t\t\t\t\t\t<\/a>\n\t\t\t\t\t<\/div>\n\t\t\t\t\t<\/div>\n\t\t\t\t<\/div>\n\t\t<div class=\"elementor-element elementor-element-2860d343 e-con-full e-flex e-con e-parent\" data-id=\"2860d343\" data-element_type=\"container\" data-e-type=\"container\" data-settings=\"{&quot;background_background&quot;:&quot;classic&quot;}\">\n\t\t\t\t<div class=\"elementor-element elementor-element-8b072ac elementor-widget elementor-widget-text-editor\" data-id=\"8b072ac\" data-element_type=\"widget\" data-e-type=\"widget\" data-widget_type=\"text-editor.default\">\n\t\t\t\t\t\t\t\t\t<p data-start=\"1169\" data-end=\"1326\">D\u2019un espai obsolet hem creat un local modern, segur i ben adaptat, a punt per acollir un negoci de trasters al centre de Barcelona.<\/p><p data-start=\"1328\" data-end=\"1590\">\ud83d\udc49 Si busques una empresa de reformes a Barcelona capa\u00e7 de transformar locals en projectes funcionals i rendibles, descobreix com treballem les nostres <a class=\"decorated-link cursor-pointer\" href=\"https:\/\/sanblanch.com\/ca\/reformes-integrals\/\" target=\"_new\" rel=\"noopener\" data-start=\"1483\" data-end=\"1555\"><strong data-start=\"1484\" data-end=\"1507\">reformes integrals<\/strong><\/a> i confia el teu negoci a SanBbanch.<\/p>\t\t\t\t\t\t\t\t<\/div>\n\t\t\t\t<div class=\"elementor-element elementor-element-198ffe27 elementor-align-center elementor-mobile-align-center elementor-invisible elementor-widget elementor-widget-button\" data-id=\"198ffe27\" data-element_type=\"widget\" data-e-type=\"widget\" data-settings=\"{&quot;motion_fx_motion_fx_mouse&quot;:&quot;yes&quot;,&quot;_animation&quot;:&quot;bounce&quot;}\" data-widget_type=\"button.default\">\n\t\t\t\t\t\t\t\t\t\t<a class=\"elementor-button elementor-button-link elementor-size-sm\" href=\"https:\/\/sanblanch.com\/ca\/projectes\/\">\n\t\t\t\t\t\t<span class=\"elementor-button-content-wrapper\">\n\t\t\t\t\t\t<span class=\"elementor-button-icon\">\n\t\t\t\t<svg aria-hidden=\"true\" class=\"e-font-icon-svg e-fas-plus-circle\" viewBox=\"0 0 512 512\" xmlns=\"http:\/\/www.w3.org\/2000\/svg\"><path d=\"M256 8C119 8 8 119 8 256s111 248 248 248 248-111 248-248S393 8 256 8zm144 276c0 6.6-5.4 12-12 12h-92v92c0 6.6-5.4 12-12 12h-56c-6.6 0-12-5.4-12-12v-92h-92c-6.6 0-12-5.4-12-12v-56c0-6.6 5.4-12 12-12h92v-92c0-6.6 5.4-12 12-12h56c6.6 0 12 5.4 12 12v92h92c6.6 0 12 5.4 12 12v56z\"><\/path><\/svg>\t\t\t<\/span>\n\t\t\t\t\t\t\t\t\t<span class=\"elementor-button-text\">M\u00e9s projectes<\/span>\n\t\t\t\t\t<\/span>\n\t\t\t\t\t<\/a>\n\t\t\t\t\t\t\t\t<\/div>\n\t\t\t\t<\/div>\n\t\t\t\t<\/div>\n\t\t","protected":false},"excerpt":{"rendered":"<p>Reforma de local Barcelona D\u2019oficines a trasters moderns i funcionals A Sanblanch vam dur a terme la reforma integral d\u2019un local a Barcelona, transformant unes antigues oficines en un espai adaptat per a un negoci de trasters moderns i funcionals. Un canvi d\u2019\u00fas amb visi\u00f3 pr\u00e0ctica El projecte va suposar una reestructuraci\u00f3 completa: vam desmuntar &#8230; <a title=\"Trasters moderns en Barcelona\" class=\"read-more\" href=\"https:\/\/sanblanch.com\/ca\/trasters-moderns-en-barcelona\/\" aria-label=\"M\u00e9s informaci\u00f3 sobre Trasters moderns en Barcelona\">Read more<\/a><\/p>\n","protected":false},"author":1,"featured_media":2118,"parent":0,"menu_order":0,"comment_status":"closed","ping_status":"closed","template":"elementor_header_footer","meta":{"_joinchat":[],"footnotes":""},"class_list":["post-3497","page","type-page","status-publish","has-post-thumbnail"],"yoast_head":"<!-- This site is optimized with the Yoast SEO plugin v27.4 - https:\/\/yoast.com\/product\/yoast-seo-wordpress\/ -->\n<title>Trasters moderns en Barcelona - Sanblanch<\/title>\n<meta name=\"robots\" content=\"index, follow, max-snippet:-1, max-image-preview:large, max-video-preview:-1\" \/>\n<link rel=\"canonical\" href=\"https:\/\/sanblanch.com\/ca\/trasters-moderns-en-barcelona\/\" \/>\n<meta property=\"og:locale\" content=\"ca_ES\" \/>\n<meta property=\"og:type\" content=\"article\" \/>\n<meta property=\"og:title\" content=\"Trasters moderns en Barcelona - Sanblanch\" \/>\n<meta property=\"og:description\" content=\"Reforma de local Barcelona D\u2019oficines a trasters moderns i funcionals A Sanblanch vam dur a terme la reforma integral d\u2019un local a Barcelona, transformant unes antigues oficines en un espai adaptat per a un negoci de trasters moderns i funcionals. Un canvi d\u2019\u00fas amb visi\u00f3 pr\u00e0ctica El projecte va suposar una reestructuraci\u00f3 completa: vam desmuntar ... Read more\" \/>\n<meta property=\"og:url\" content=\"https:\/\/sanblanch.com\/ca\/trasters-moderns-en-barcelona\/\" \/>\n<meta property=\"og:site_name\" content=\"Sanblanch\" \/>\n<meta property=\"article:modified_time\" content=\"2026-01-16T11:12:28+00:00\" \/>\n<meta property=\"og:image\" content=\"https:\/\/sanblanch.com\/wp-content\/uploads\/2025\/08\/trasteros.webp\" \/>\n\t<meta property=\"og:image:width\" content=\"1900\" \/>\n\t<meta property=\"og:image:height\" content=\"1267\" \/>\n\t<meta property=\"og:image:type\" content=\"image\/webp\" \/>\n<meta name=\"twitter:card\" content=\"summary_large_image\" \/>\n<meta name=\"twitter:label1\" content=\"Temps estimat de lectura\" \/>\n\t<meta name=\"twitter:data1\" content=\"2 minuts\" \/>\n<script type=\"application\/ld+json\" class=\"yoast-schema-graph\">{\"@context\":\"https:\\\/\\\/schema.org\",\"@graph\":[{\"@type\":\"WebPage\",\"@id\":\"https:\\\/\\\/sanblanch.com\\\/ca\\\/trasters-moderns-en-barcelona\\\/\",\"url\":\"https:\\\/\\\/sanblanch.com\\\/ca\\\/trasters-moderns-en-barcelona\\\/\",\"name\":\"Trasters moderns en Barcelona - Sanblanch\",\"isPartOf\":{\"@id\":\"https:\\\/\\\/sanblanch.com\\\/ca\\\/#website\"},\"primaryImageOfPage\":{\"@id\":\"https:\\\/\\\/sanblanch.com\\\/ca\\\/trasters-moderns-en-barcelona\\\/#primaryimage\"},\"image\":{\"@id\":\"https:\\\/\\\/sanblanch.com\\\/ca\\\/trasters-moderns-en-barcelona\\\/#primaryimage\"},\"thumbnailUrl\":\"https:\\\/\\\/sanblanch.com\\\/wp-content\\\/uploads\\\/2025\\\/08\\\/trasteros.webp\",\"datePublished\":\"2025-09-04T14:16:58+00:00\",\"dateModified\":\"2026-01-16T11:12:28+00:00\",\"breadcrumb\":{\"@id\":\"https:\\\/\\\/sanblanch.com\\\/ca\\\/trasters-moderns-en-barcelona\\\/#breadcrumb\"},\"inLanguage\":\"ca\",\"potentialAction\":[{\"@type\":\"ReadAction\",\"target\":[\"https:\\\/\\\/sanblanch.com\\\/ca\\\/trasters-moderns-en-barcelona\\\/\"]}]},{\"@type\":\"ImageObject\",\"inLanguage\":\"ca\",\"@id\":\"https:\\\/\\\/sanblanch.com\\\/ca\\\/trasters-moderns-en-barcelona\\\/#primaryimage\",\"url\":\"https:\\\/\\\/sanblanch.com\\\/wp-content\\\/uploads\\\/2025\\\/08\\\/trasteros.webp\",\"contentUrl\":\"https:\\\/\\\/sanblanch.com\\\/wp-content\\\/uploads\\\/2025\\\/08\\\/trasteros.webp\",\"width\":1900,\"height\":1267},{\"@type\":\"BreadcrumbList\",\"@id\":\"https:\\\/\\\/sanblanch.com\\\/ca\\\/trasters-moderns-en-barcelona\\\/#breadcrumb\",\"itemListElement\":[{\"@type\":\"ListItem\",\"position\":1,\"name\":\"Portada\",\"item\":\"https:\\\/\\\/sanblanch.com\\\/ca\\\/\"},{\"@type\":\"ListItem\",\"position\":2,\"name\":\"Trasters moderns en Barcelona\"}]},{\"@type\":\"WebSite\",\"@id\":\"https:\\\/\\\/sanblanch.com\\\/ca\\\/#website\",\"url\":\"https:\\\/\\\/sanblanch.com\\\/ca\\\/\",\"name\":\"Sanblanch\",\"description\":\"Reformas e interiorismo Vilanova i la Geltru, Sitges, Garraf\",\"publisher\":{\"@id\":\"https:\\\/\\\/sanblanch.com\\\/ca\\\/#organization\"},\"potentialAction\":[{\"@type\":\"SearchAction\",\"target\":{\"@type\":\"EntryPoint\",\"urlTemplate\":\"https:\\\/\\\/sanblanch.com\\\/ca\\\/?s={search_term_string}\"},\"query-input\":{\"@type\":\"PropertyValueSpecification\",\"valueRequired\":true,\"valueName\":\"search_term_string\"}}],\"inLanguage\":\"ca\"},{\"@type\":\"Organization\",\"@id\":\"https:\\\/\\\/sanblanch.com\\\/ca\\\/#organization\",\"name\":\"Sanblanch\",\"url\":\"https:\\\/\\\/sanblanch.com\\\/ca\\\/\",\"logo\":{\"@type\":\"ImageObject\",\"inLanguage\":\"ca\",\"@id\":\"https:\\\/\\\/sanblanch.com\\\/ca\\\/#\\\/schema\\\/logo\\\/image\\\/\",\"url\":\"https:\\\/\\\/sanblanch.com\\\/wp-content\\\/uploads\\\/2025\\\/08\\\/Logo-H-Soluciones-para-el-hogar-Blanco-y-negro.webp\",\"contentUrl\":\"https:\\\/\\\/sanblanch.com\\\/wp-content\\\/uploads\\\/2025\\\/08\\\/Logo-H-Soluciones-para-el-hogar-Blanco-y-negro.webp\",\"width\":800,\"height\":329,\"caption\":\"Sanblanch\"},\"image\":{\"@id\":\"https:\\\/\\\/sanblanch.com\\\/ca\\\/#\\\/schema\\\/logo\\\/image\\\/\"},\"sameAs\":[\"https:\\\/\\\/www.instagram.com\\\/sanblanch\\\/?hl=es\"]}]}<\/script>\n<!-- \/ Yoast SEO plugin. -->","yoast_head_json":{"title":"Trasters moderns en Barcelona - Sanblanch","robots":{"index":"index","follow":"follow","max-snippet":"max-snippet:-1","max-image-preview":"max-image-preview:large","max-video-preview":"max-video-preview:-1"},"canonical":"https:\/\/sanblanch.com\/ca\/trasters-moderns-en-barcelona\/","og_locale":"ca_ES","og_type":"article","og_title":"Trasters moderns en Barcelona - Sanblanch","og_description":"Reforma de local Barcelona D\u2019oficines a trasters moderns i funcionals A Sanblanch vam dur a terme la reforma integral d\u2019un local a Barcelona, transformant unes antigues oficines en un espai adaptat per a un negoci de trasters moderns i funcionals. Un canvi d\u2019\u00fas amb visi\u00f3 pr\u00e0ctica El projecte va suposar una reestructuraci\u00f3 completa: vam desmuntar ... Read more","og_url":"https:\/\/sanblanch.com\/ca\/trasters-moderns-en-barcelona\/","og_site_name":"Sanblanch","article_modified_time":"2026-01-16T11:12:28+00:00","og_image":[{"width":1900,"height":1267,"url":"https:\/\/sanblanch.com\/wp-content\/uploads\/2025\/08\/trasteros.webp","type":"image\/webp"}],"twitter_card":"summary_large_image","twitter_misc":{"Temps estimat de lectura":"2 minuts"},"schema":{"@context":"https:\/\/schema.org","@graph":[{"@type":"WebPage","@id":"https:\/\/sanblanch.com\/ca\/trasters-moderns-en-barcelona\/","url":"https:\/\/sanblanch.com\/ca\/trasters-moderns-en-barcelona\/","name":"Trasters moderns en Barcelona - Sanblanch","isPartOf":{"@id":"https:\/\/sanblanch.com\/ca\/#website"},"primaryImageOfPage":{"@id":"https:\/\/sanblanch.com\/ca\/trasters-moderns-en-barcelona\/#primaryimage"},"image":{"@id":"https:\/\/sanblanch.com\/ca\/trasters-moderns-en-barcelona\/#primaryimage"},"thumbnailUrl":"https:\/\/sanblanch.com\/wp-content\/uploads\/2025\/08\/trasteros.webp","datePublished":"2025-09-04T14:16:58+00:00","dateModified":"2026-01-16T11:12:28+00:00","breadcrumb":{"@id":"https:\/\/sanblanch.com\/ca\/trasters-moderns-en-barcelona\/#breadcrumb"},"inLanguage":"ca","potentialAction":[{"@type":"ReadAction","target":["https:\/\/sanblanch.com\/ca\/trasters-moderns-en-barcelona\/"]}]},{"@type":"ImageObject","inLanguage":"ca","@id":"https:\/\/sanblanch.com\/ca\/trasters-moderns-en-barcelona\/#primaryimage","url":"https:\/\/sanblanch.com\/wp-content\/uploads\/2025\/08\/trasteros.webp","contentUrl":"https:\/\/sanblanch.com\/wp-content\/uploads\/2025\/08\/trasteros.webp","width":1900,"height":1267},{"@type":"BreadcrumbList","@id":"https:\/\/sanblanch.com\/ca\/trasters-moderns-en-barcelona\/#breadcrumb","itemListElement":[{"@type":"ListItem","position":1,"name":"Portada","item":"https:\/\/sanblanch.com\/ca\/"},{"@type":"ListItem","position":2,"name":"Trasters moderns en Barcelona"}]},{"@type":"WebSite","@id":"https:\/\/sanblanch.com\/ca\/#website","url":"https:\/\/sanblanch.com\/ca\/","name":"Sanblanch","description":"Reformas e interiorismo Vilanova i la Geltru, Sitges, Garraf","publisher":{"@id":"https:\/\/sanblanch.com\/ca\/#organization"},"potentialAction":[{"@type":"SearchAction","target":{"@type":"EntryPoint","urlTemplate":"https:\/\/sanblanch.com\/ca\/?s={search_term_string}"},"query-input":{"@type":"PropertyValueSpecification","valueRequired":true,"valueName":"search_term_string"}}],"inLanguage":"ca"},{"@type":"Organization","@id":"https:\/\/sanblanch.com\/ca\/#organization","name":"Sanblanch","url":"https:\/\/sanblanch.com\/ca\/","logo":{"@type":"ImageObject","inLanguage":"ca","@id":"https:\/\/sanblanch.com\/ca\/#\/schema\/logo\/image\/","url":"https:\/\/sanblanch.com\/wp-content\/uploads\/2025\/08\/Logo-H-Soluciones-para-el-hogar-Blanco-y-negro.webp","contentUrl":"https:\/\/sanblanch.com\/wp-content\/uploads\/2025\/08\/Logo-H-Soluciones-para-el-hogar-Blanco-y-negro.webp","width":800,"height":329,"caption":"Sanblanch"},"image":{"@id":"https:\/\/sanblanch.com\/ca\/#\/schema\/logo\/image\/"},"sameAs":["https:\/\/www.instagram.com\/sanblanch\/?hl=es"]}]}},"_links":{"self":[{"href":"https:\/\/sanblanch.com\/ca\/wp-json\/wp\/v2\/pages\/3497","targetHints":{"allow":["GET"]}}],"collection":[{"href":"https:\/\/sanblanch.com\/ca\/wp-json\/wp\/v2\/pages"}],"about":[{"href":"https:\/\/sanblanch.com\/ca\/wp-json\/wp\/v2\/types\/page"}],"author":[{"embeddable":true,"href":"https:\/\/sanblanch.com\/ca\/wp-json\/wp\/v2\/users\/1"}],"replies":[{"embeddable":true,"href":"https:\/\/sanblanch.com\/ca\/wp-json\/wp\/v2\/comments?post=3497"}],"version-history":[{"count":5,"href":"https:\/\/sanblanch.com\/ca\/wp-json\/wp\/v2\/pages\/3497\/revisions"}],"predecessor-version":[{"id":3751,"href":"https:\/\/sanblanch.com\/ca\/wp-json\/wp\/v2\/pages\/3497\/revisions\/3751"}],"wp:featuredmedia":[{"embeddable":true,"href":"https:\/\/sanblanch.com\/ca\/wp-json\/wp\/v2\/media\/2118"}],"wp:attachment":[{"href":"https:\/\/sanblanch.com\/ca\/wp-json\/wp\/v2\/media?parent=3497"}],"curies":[{"name":"wp","href":"https:\/\/api.w.org\/{rel}","templated":true}]}}