{"id":3285,"date":"2024-09-24T05:05:04","date_gmt":"2024-09-24T05:05:04","guid":{"rendered":"https:\/\/sanblanch.com\/qui-som\/"},"modified":"2026-01-07T12:32:18","modified_gmt":"2026-01-07T12:32:18","slug":"qui-som","status":"publish","type":"page","link":"https:\/\/sanblanch.com\/ca\/qui-som\/","title":{"rendered":"Qui som"},"content":{"rendered":"\t\t<div data-elementor-type=\"wp-page\" data-elementor-id=\"3285\" class=\"elementor elementor-3285 elementor-1187\" data-elementor-post-type=\"page\">\n\t\t\t\t<div class=\"elementor-element elementor-element-492c8a6a e-con-full e-flex e-con e-parent\" data-id=\"492c8a6a\" data-element_type=\"container\" data-e-type=\"container\" data-settings=\"{&quot;background_background&quot;:&quot;classic&quot;}\">\n\t\t\t\t<div class=\"elementor-element elementor-element-3aea9085 elementor-widget elementor-widget-heading\" data-id=\"3aea9085\" data-element_type=\"widget\" data-e-type=\"widget\" data-widget_type=\"heading.default\">\n\t\t\t\t\t<h2 class=\"elementor-heading-title elementor-size-default\">A\u00f1ade aqu\u00ed tu texto de cabecera<\/h2>\t\t\t\t<\/div>\n\t\t\t\t<\/div>\n\t\t<div class=\"elementor-element elementor-element-1646fa9c e-flex e-con-boxed e-con e-parent\" data-id=\"1646fa9c\" data-element_type=\"container\" data-e-type=\"container\" data-settings=\"{&quot;background_background&quot;:&quot;classic&quot;}\">\n\t\t\t\t\t<div class=\"e-con-inner\">\n\t\t\t\t<div class=\"elementor-element elementor-element-63e2938a elementor-widget elementor-widget-heading\" data-id=\"63e2938a\" data-element_type=\"widget\" data-e-type=\"widget\" data-widget_type=\"heading.default\">\n\t\t\t\t\t<h2 class=\"elementor-heading-title elementor-size-default\">Reformes i interiorisme amb segell mediterrani<\/h2>\t\t\t\t<\/div>\n\t\t\t\t<div class=\"elementor-element elementor-element-9d8c484 elementor-widget elementor-widget-image\" data-id=\"9d8c484\" data-element_type=\"widget\" data-e-type=\"widget\" data-widget_type=\"image.default\">\n\t\t\t\t\t\t\t\t\t\t\t\t\t\t\t<img decoding=\"async\" width=\"300\" height=\"41\" src=\"https:\/\/sanblanch.com\/wp-content\/uploads\/2025\/08\/Logo-blanco-nombre-300x41.webp\" class=\"attachment-medium size-medium wp-image-2057\" alt=\"\" srcset=\"https:\/\/sanblanch.com\/wp-content\/uploads\/2025\/08\/Logo-blanco-nombre-300x41.webp 300w, https:\/\/sanblanch.com\/wp-content\/uploads\/2025\/08\/Logo-blanco-nombre-768x104.webp 768w, https:\/\/sanblanch.com\/wp-content\/uploads\/2025\/08\/Logo-blanco-nombre.webp 800w\" sizes=\"(max-width: 300px) 100vw, 300px\" \/>\t\t\t\t\t\t\t\t\t\t\t\t\t\t\t<\/div>\n\t\t\t\t<div class=\"elementor-element elementor-element-659e9687 elementor-widget elementor-widget-heading\" data-id=\"659e9687\" data-element_type=\"widget\" data-e-type=\"widget\" data-widget_type=\"heading.default\">\n\t\t\t\t\t<h1 class=\"elementor-heading-title elementor-size-default\">Creem espais que transcendeixen l\u2019est\u00e8tica i es converteixen en reflex dels qui els habiten.\n<\/h1>\t\t\t\t<\/div>\n\t\t\t\t\t<\/div>\n\t\t\t\t<\/div>\n\t\t<div class=\"elementor-element elementor-element-32d9d1c3 e-flex e-con-boxed elementor-invisible e-con e-parent\" data-id=\"32d9d1c3\" data-element_type=\"container\" data-e-type=\"container\" data-settings=\"{&quot;background_background&quot;:&quot;classic&quot;,&quot;animation&quot;:&quot;slideInDown&quot;}\">\n\t\t\t\t\t<div class=\"e-con-inner\">\n\t\t\t\t<div class=\"elementor-element elementor-element-b8023ca elementor-widget elementor-widget-heading\" data-id=\"b8023ca\" data-element_type=\"widget\" data-e-type=\"widget\" data-widget_type=\"heading.default\">\n\t\t\t\t\t<h2 class=\"elementor-heading-title elementor-size-default\">La nostra ess\u00e8ncia<\/h2>\t\t\t\t<\/div>\n\t\t\t\t<div class=\"elementor-element elementor-element-522a29c2 elementor-widget elementor-widget-text-editor\" data-id=\"522a29c2\" data-element_type=\"widget\" data-e-type=\"widget\" data-widget_type=\"text-editor.default\">\n\t\t\t\t\t\t\t\t\t<p><span style=\"font-weight: 400;\">Sanblanch va n\u00e9ixer a la comarca del Garraf amb un prop\u00f2sit clar: crear llars amb \u00e0nima.<\/span> <\/p><p><span style=\"font-weight: 400;\">El nostre lema, \u201cdissenyem espais que transcendeixen l\u2019est\u00e8tica, donant un nou aire a casa teva\u201d, resumeix all\u00f2 que ens mou: combinar disseny, tecnologia i confort amb car\u00e0cter mediterrani.<\/span><span style=\"font-weight: 400;\"><br><\/span><\/p>\t\t\t\t\t\t\t\t<\/div>\n\t\t\t\t\t<\/div>\n\t\t\t\t<\/div>\n\t\t<div class=\"elementor-element elementor-element-1e7a3389 e-flex e-con-boxed e-con e-parent\" data-id=\"1e7a3389\" data-element_type=\"container\" data-e-type=\"container\">\n\t\t\t\t\t<div class=\"e-con-inner\">\n\t\t\t\t<div class=\"elementor-element elementor-element-5f6c3a69 elementor-invisible elementor-widget elementor-widget-heading\" data-id=\"5f6c3a69\" data-element_type=\"widget\" data-e-type=\"widget\" data-settings=\"{&quot;_animation&quot;:&quot;fadeIn&quot;,&quot;_animation_delay&quot;:0.5}\" data-widget_type=\"heading.default\">\n\t\t\t\t\t<h3 class=\"elementor-heading-title elementor-size-default\">Qui som\n<\/h3>\t\t\t\t<\/div>\n\t\t\t\t<div class=\"elementor-element elementor-element-6097398d elementor-invisible elementor-widget elementor-widget-text-editor\" data-id=\"6097398d\" data-element_type=\"widget\" data-e-type=\"widget\" data-settings=\"{&quot;_animation&quot;:&quot;fadeIn&quot;,&quot;_animation_delay&quot;:0.5}\" data-widget_type=\"text-editor.default\">\n\t\t\t\t\t\t\t\t\t<p data-start=\"205\" data-end=\"519\">A Sanblanch entenem que cada projecte \u00e9s \u00fanic, i per aix\u00f2 ens basem en un model flexible i col\u00b7laboratiu. En lloc de limitar-nos a un equip intern tancat, treballem amb una xarxa d\u2019arquitectes, interioristes, artesans i t\u00e8cnics especialitzats que seleccionem segons les necessitats de cada obra. <\/p>\n<p data-start=\"521\" data-end=\"833\">Aquesta manera de treballar ens d\u00f3na la llibertat de rodejar-nos sempre dels professionals m\u00e9s adequats, sumant talent i experi\u00e8ncia per crear projectes exclusius. La nostra missi\u00f3 \u00e9s coordinar tot el proc\u00e9s amb precisi\u00f3, assegurant que cada detall s\u2019executi amb la qualitat i la cura que defineixen Sanblanch. <\/p>\n<p data-start=\"835\" data-end=\"1041\">M\u00e9s que un estudi tradicional, som un gestor integral de projectes: unim disseny, t\u00e8cnica i execuci\u00f3 sota una mateixa visi\u00f3, perqu\u00e8 tu nom\u00e9s hagis de gaudir de la transformaci\u00f3 de casa teva.<\/p>\t\t\t\t\t\t\t\t<\/div>\n\t\t\t\t\t<\/div>\n\t\t\t\t<\/div>\n\t\t<div class=\"elementor-element elementor-element-5ce6a6d e-flex e-con-boxed e-con e-parent\" data-id=\"5ce6a6d\" data-element_type=\"container\" data-e-type=\"container\">\n\t\t\t\t\t<div class=\"e-con-inner\">\n\t\t<div class=\"elementor-element elementor-element-23d7923 e-con-full e-flex e-con e-child\" data-id=\"23d7923\" data-element_type=\"container\" data-e-type=\"container\">\n\t\t\t\t<div class=\"elementor-element elementor-element-dbdfe1c elementor-widget elementor-widget-image\" data-id=\"dbdfe1c\" data-element_type=\"widget\" data-e-type=\"widget\" data-widget_type=\"image.default\">\n\t\t\t\t\t\t\t\t\t\t\t\t\t\t\t<img fetchpriority=\"high\" decoding=\"async\" width=\"1024\" height=\"1024\" src=\"https:\/\/sanblanch.com\/wp-content\/uploads\/2025\/08\/Fran-Santos-Sanblanch-Garraf-1024x1024.webp\" class=\"attachment-large size-large wp-image-2487\" alt=\"\" srcset=\"https:\/\/sanblanch.com\/wp-content\/uploads\/2025\/08\/Fran-Santos-Sanblanch-Garraf-1024x1024.webp 1024w, https:\/\/sanblanch.com\/wp-content\/uploads\/2025\/08\/Fran-Santos-Sanblanch-Garraf-300x300.webp 300w, https:\/\/sanblanch.com\/wp-content\/uploads\/2025\/08\/Fran-Santos-Sanblanch-Garraf-150x150.webp 150w, https:\/\/sanblanch.com\/wp-content\/uploads\/2025\/08\/Fran-Santos-Sanblanch-Garraf-768x768.webp 768w, https:\/\/sanblanch.com\/wp-content\/uploads\/2025\/08\/Fran-Santos-Sanblanch-Garraf-1536x1536.webp 1536w, https:\/\/sanblanch.com\/wp-content\/uploads\/2025\/08\/Fran-Santos-Sanblanch-Garraf.webp 1900w\" sizes=\"(max-width: 1024px) 100vw, 1024px\" \/>\t\t\t\t\t\t\t\t\t\t\t\t\t\t\t<\/div>\n\t\t\t\t<\/div>\n\t\t<div class=\"elementor-element elementor-element-230ee0f e-con-full e-flex e-con e-child\" data-id=\"230ee0f\" data-element_type=\"container\" data-e-type=\"container\">\n\t\t\t\t<div class=\"elementor-element elementor-element-6b7742b elementor-widget elementor-widget-image\" data-id=\"6b7742b\" data-element_type=\"widget\" data-e-type=\"widget\" data-widget_type=\"image.default\">\n\t\t\t\t\t\t\t\t\t\t\t\t\t\t\t<img decoding=\"async\" width=\"1024\" height=\"1024\" src=\"https:\/\/sanblanch.com\/wp-content\/uploads\/2025\/08\/cartel-sanblanch-1024x1024.webp\" class=\"attachment-large size-large wp-image-2481\" alt=\"\" srcset=\"https:\/\/sanblanch.com\/wp-content\/uploads\/2025\/08\/cartel-sanblanch-1024x1024.webp 1024w, https:\/\/sanblanch.com\/wp-content\/uploads\/2025\/08\/cartel-sanblanch-300x300.webp 300w, https:\/\/sanblanch.com\/wp-content\/uploads\/2025\/08\/cartel-sanblanch-150x150.webp 150w, https:\/\/sanblanch.com\/wp-content\/uploads\/2025\/08\/cartel-sanblanch-768x768.webp 768w, https:\/\/sanblanch.com\/wp-content\/uploads\/2025\/08\/cartel-sanblanch-1536x1536.webp 1536w, https:\/\/sanblanch.com\/wp-content\/uploads\/2025\/08\/cartel-sanblanch.webp 1900w\" sizes=\"(max-width: 1024px) 100vw, 1024px\" \/>\t\t\t\t\t\t\t\t\t\t\t\t\t\t\t<\/div>\n\t\t\t\t<\/div>\n\t\t<div class=\"elementor-element elementor-element-19e15cc e-con-full e-flex e-con e-child\" data-id=\"19e15cc\" data-element_type=\"container\" data-e-type=\"container\">\n\t\t\t\t<div class=\"elementor-element elementor-element-f039f9a elementor-widget elementor-widget-image\" data-id=\"f039f9a\" data-element_type=\"widget\" data-e-type=\"widget\" data-widget_type=\"image.default\">\n\t\t\t\t\t\t\t\t\t\t\t\t\t\t\t<img loading=\"lazy\" decoding=\"async\" width=\"1024\" height=\"1020\" src=\"https:\/\/sanblanch.com\/wp-content\/uploads\/2025\/08\/transporte-sanblanch-1024x1020.webp\" class=\"attachment-large size-large wp-image-2484\" alt=\"\" srcset=\"https:\/\/sanblanch.com\/wp-content\/uploads\/2025\/08\/transporte-sanblanch-1024x1020.webp 1024w, https:\/\/sanblanch.com\/wp-content\/uploads\/2025\/08\/transporte-sanblanch-300x300.webp 300w, https:\/\/sanblanch.com\/wp-content\/uploads\/2025\/08\/transporte-sanblanch-150x150.webp 150w, https:\/\/sanblanch.com\/wp-content\/uploads\/2025\/08\/transporte-sanblanch-768x765.webp 768w, https:\/\/sanblanch.com\/wp-content\/uploads\/2025\/08\/transporte-sanblanch-1536x1530.webp 1536w, https:\/\/sanblanch.com\/wp-content\/uploads\/2025\/08\/transporte-sanblanch.webp 1900w\" sizes=\"(max-width: 1024px) 100vw, 1024px\" \/>\t\t\t\t\t\t\t\t\t\t\t\t\t\t\t<\/div>\n\t\t\t\t<\/div>\n\t\t\t\t\t<\/div>\n\t\t\t\t<\/div>\n\t\t<div class=\"elementor-element elementor-element-175a266 e-flex e-con-boxed e-con e-parent\" data-id=\"175a266\" data-element_type=\"container\" data-e-type=\"container\">\n\t\t\t\t\t<div class=\"e-con-inner\">\n\t\t\t\t<div class=\"elementor-element elementor-element-8a3d0f7 elementor-invisible elementor-widget elementor-widget-heading\" data-id=\"8a3d0f7\" data-element_type=\"widget\" data-e-type=\"widget\" data-settings=\"{&quot;_animation&quot;:&quot;fadeIn&quot;,&quot;_animation_delay&quot;:0.5}\" data-widget_type=\"heading.default\">\n\t\t\t\t\t<h3 class=\"elementor-heading-title elementor-size-default\">Aix\u00ed va comen\u00e7ar tot\n<\/h3>\t\t\t\t<\/div>\n\t\t\t\t<div class=\"elementor-element elementor-element-4ade2455 elementor-invisible elementor-widget elementor-widget-text-editor\" data-id=\"4ade2455\" data-element_type=\"widget\" data-e-type=\"widget\" data-settings=\"{&quot;_animation&quot;:&quot;fadeIn&quot;,&quot;_animation_delay&quot;:0.5}\" data-widget_type=\"text-editor.default\">\n\t\t\t\t\t\t\t\t\t<p><span style=\"font-weight: 400;\">La hist\u00f2ria de SanBlanch t\u00e9 un nom: Fran Santos, fundador i motor de l\u2019empresa. Va comen\u00e7ar en la construcci\u00f3 amb nom\u00e9s 16 anys i ja dirigia obres importants amb 20 anys, abans de llan\u00e7ar la seva pr\u00f2pia empresa el 2021. <\/span><\/p><p><span style=\"font-weight: 400;\">Tota aquesta experi\u00e8ncia li va servir per adonar-se que el mercat necessitava m\u00e9s que reformes tradicionals: calia un enfocament que fusion\u00e9s la creativitat de l\u2019interiorisme amb la precisi\u00f3 de l\u2019obra. Va comen\u00e7ar amb petits projectes familiars a la zona, que a poc a poc van anar creixent gr\u00e0cies a la seva visi\u00f3 detallista, el seu comprom\u00eds amb els terminis i la confian\u00e7a que generava en cada client. Avui, acompanyat d\u2019un equip multidisciplinari que comparteix la seva passi\u00f3, SanBlanch s\u2019ha consolidat com un referent en reformes integrals d\u2019alt nivell, especialment en cuines, banys i espais habitacionals. <br><\/span><\/p>\t\t\t\t\t\t\t\t<\/div>\n\t\t\t\t\t<\/div>\n\t\t\t\t<\/div>\n\t\t<div class=\"elementor-element elementor-element-707d55f0 e-flex e-con-boxed e-con e-parent\" data-id=\"707d55f0\" data-element_type=\"container\" data-e-type=\"container\" data-settings=\"{&quot;background_background&quot;:&quot;classic&quot;}\">\n\t\t\t\t\t<div class=\"e-con-inner\">\n\t\t\t\t<div class=\"elementor-element elementor-element-7df9b53f elementor-invisible elementor-widget elementor-widget-heading\" data-id=\"7df9b53f\" data-element_type=\"widget\" data-e-type=\"widget\" data-settings=\"{&quot;_animation&quot;:&quot;fadeIn&quot;,&quot;_animation_delay&quot;:0.5}\" data-widget_type=\"heading.default\">\n\t\t\t\t\t<h2 class=\"elementor-heading-title elementor-size-default\">Evoluci\u00f3 i objectius\n<\/h2>\t\t\t\t<\/div>\n\t\t\t\t<div class=\"elementor-element elementor-element-25d58db1 elementor-view-default elementor-invisible elementor-widget elementor-widget-icon\" data-id=\"25d58db1\" data-element_type=\"widget\" data-e-type=\"widget\" data-settings=\"{&quot;_animation&quot;:&quot;fadeInDown&quot;}\" data-widget_type=\"icon.default\">\n\t\t\t\t\t\t\t<div class=\"elementor-icon-wrapper\">\n\t\t\t<div class=\"elementor-icon\">\n\t\t\t<svg aria-hidden=\"true\" class=\"e-font-icon-svg e-fas-arrow-down\" viewBox=\"0 0 448 512\" xmlns=\"http:\/\/www.w3.org\/2000\/svg\"><path d=\"M413.1 222.5l22.2 22.2c9.4 9.4 9.4 24.6 0 33.9L241 473c-9.4 9.4-24.6 9.4-33.9 0L12.7 278.6c-9.4-9.4-9.4-24.6 0-33.9l22.2-22.2c9.5-9.5 25-9.3 34.3.4L184 343.4V56c0-13.3 10.7-24 24-24h32c13.3 0 24 10.7 24 24v287.4l114.8-120.5c9.3-9.8 24.8-10 34.3-.4z\"><\/path><\/svg>\t\t\t<\/div>\n\t\t<\/div>\n\t\t\t\t\t\t<\/div>\n\t\t\t\t<div class=\"elementor-element elementor-element-d8d7450 elementor-widget elementor-widget-text-editor\" data-id=\"d8d7450\" data-element_type=\"widget\" data-e-type=\"widget\" data-widget_type=\"text-editor.default\">\n\t\t\t\t\t\t\t\t\t<p>Des dels seus inicis, Sanblanch ha crescut gr\u00e0cies a una visi\u00f3 clara: coordinar i dirigir projectes de manera integral, envoltant-se sempre dels millors professionals per a cada especialitat. Aquest model ens ha perm\u00e8s passar de petites reformes locals a projectes de gran envergadura a Vilanova i la Geltr\u00fa, Sitges, Sant Pere de Ribes i Barcelona, mantenint sempre el mateix segell de qualitat i proximitat. <\/p>\t\t\t\t\t\t\t\t<\/div>\n\t\t\t\t\t<\/div>\n\t\t\t\t<\/div>\n\t\t<div class=\"elementor-element elementor-element-fe45288 e-flex e-con-boxed e-con e-parent\" data-id=\"fe45288\" data-element_type=\"container\" data-e-type=\"container\">\n\t\t\t\t\t<div class=\"e-con-inner\">\n\t\t\t\t<div class=\"elementor-element elementor-element-ed20eb4 elementor-widget elementor-widget-text-editor\" data-id=\"ed20eb4\" data-element_type=\"widget\" data-e-type=\"widget\" data-widget_type=\"text-editor.default\">\n\t\t\t\t\t\t\t\t\t<p>Avui, la nostra missi\u00f3 continua sent la mateixa: crear llars que combinin disseny, confort i tecnologia amb car\u00e0cter mediterrani, per\u00f2 amb la mirada posada en el futur. Els nostres objectius a curt i mitj\u00e0 termini inclouen: <\/p>\t\t\t\t\t\t\t\t<\/div>\n\t\t\t\t<div class=\"elementor-element elementor-element-1919fc5 elementor-icon-list--layout-traditional elementor-list-item-link-full_width elementor-widget elementor-widget-icon-list\" data-id=\"1919fc5\" data-element_type=\"widget\" data-e-type=\"widget\" data-widget_type=\"icon-list.default\">\n\t\t\t\t\t\t\t<ul class=\"elementor-icon-list-items\">\n\t\t\t\t\t\t\t<li class=\"elementor-icon-list-item\">\n\t\t\t\t\t\t\t\t\t\t\t<span class=\"elementor-icon-list-icon\">\n\t\t\t\t\t\t\t<svg aria-hidden=\"true\" class=\"e-font-icon-svg e-fas-check\" viewBox=\"0 0 512 512\" xmlns=\"http:\/\/www.w3.org\/2000\/svg\"><path d=\"M173.898 439.404l-166.4-166.4c-9.997-9.997-9.997-26.206 0-36.204l36.203-36.204c9.997-9.998 26.207-9.998 36.204 0L192 312.69 432.095 72.596c9.997-9.997 26.207-9.997 36.204 0l36.203 36.204c9.997 9.997 9.997 26.206 0 36.204l-294.4 294.401c-9.998 9.997-26.207 9.997-36.204-.001z\"><\/path><\/svg>\t\t\t\t\t\t<\/span>\n\t\t\t\t\t\t\t\t\t\t<span class=\"elementor-icon-list-text\">Consolidar la nostra metodologia de reformes integrals en terminis d\u20191\u20131,5 mesos.<\/span>\n\t\t\t\t\t\t\t\t\t<\/li>\n\t\t\t\t\t\t\t\t<li class=\"elementor-icon-list-item\">\n\t\t\t\t\t\t\t\t\t\t\t<span class=\"elementor-icon-list-icon\">\n\t\t\t\t\t\t\t<svg aria-hidden=\"true\" class=\"e-font-icon-svg e-fas-check\" viewBox=\"0 0 512 512\" xmlns=\"http:\/\/www.w3.org\/2000\/svg\"><path d=\"M173.898 439.404l-166.4-166.4c-9.997-9.997-9.997-26.206 0-36.204l36.203-36.204c9.997-9.998 26.207-9.998 36.204 0L192 312.69 432.095 72.596c9.997-9.997 26.207-9.997 36.204 0l36.203 36.204c9.997 9.997 9.997 26.206 0 36.204l-294.4 294.401c-9.998 9.997-26.207 9.997-36.204-.001z\"><\/path><\/svg>\t\t\t\t\t\t<\/span>\n\t\t\t\t\t\t\t\t\t\t<span class=\"elementor-icon-list-text\">Potenciar la incorporaci\u00f3 de solucions intel\u00b7ligents com dom\u00f2tica i il\u00b7luminaci\u00f3 eficient.<\/span>\n\t\t\t\t\t\t\t\t\t<\/li>\n\t\t\t\t\t\t\t\t<li class=\"elementor-icon-list-item\">\n\t\t\t\t\t\t\t\t\t\t\t<span class=\"elementor-icon-list-icon\">\n\t\t\t\t\t\t\t<svg aria-hidden=\"true\" class=\"e-font-icon-svg e-fas-check\" viewBox=\"0 0 512 512\" xmlns=\"http:\/\/www.w3.org\/2000\/svg\"><path d=\"M173.898 439.404l-166.4-166.4c-9.997-9.997-9.997-26.206 0-36.204l36.203-36.204c9.997-9.998 26.207-9.998 36.204 0L192 312.69 432.095 72.596c9.997-9.997 26.207-9.997 36.204 0l36.203 36.204c9.997 9.997 9.997 26.206 0 36.204l-294.4 294.401c-9.998 9.997-26.207 9.997-36.204-.001z\"><\/path><\/svg>\t\t\t\t\t\t<\/span>\n\t\t\t\t\t\t\t\t\t\t<span class=\"elementor-icon-list-text\">Continuar treballant amb una xarxa de col\u00b7laboradors especialitzats que aportin valor afegit a cada projecte.<\/span>\n\t\t\t\t\t\t\t\t\t<\/li>\n\t\t\t\t\t\t\t\t<li class=\"elementor-icon-list-item\">\n\t\t\t\t\t\t\t\t\t\t\t<span class=\"elementor-icon-list-icon\">\n\t\t\t\t\t\t\t<svg aria-hidden=\"true\" class=\"e-font-icon-svg e-fas-check\" viewBox=\"0 0 512 512\" xmlns=\"http:\/\/www.w3.org\/2000\/svg\"><path d=\"M173.898 439.404l-166.4-166.4c-9.997-9.997-9.997-26.206 0-36.204l36.203-36.204c9.997-9.998 26.207-9.998 36.204 0L192 312.69 432.095 72.596c9.997-9.997 26.207-9.997 36.204 0l36.203 36.204c9.997 9.997 9.997 26.206 0 36.204l-294.4 294.401c-9.998 9.997-26.207 9.997-36.204-.001z\"><\/path><\/svg>\t\t\t\t\t\t<\/span>\n\t\t\t\t\t\t\t\t\t\t<span class=\"elementor-icon-list-text\">Apostar per materials sostenibles i t\u00e8cniques constructives que respectin l\u2019entorn i elevin la qualitat de vida dels nostres clients.<\/span>\n\t\t\t\t\t\t\t\t\t<\/li>\n\t\t\t\t\t\t<\/ul>\n\t\t\t\t\t\t<\/div>\n\t\t\t\t<div class=\"elementor-element elementor-element-3dd0174 elementor-widget elementor-widget-text-editor\" data-id=\"3dd0174\" data-element_type=\"widget\" data-e-type=\"widget\" data-widget_type=\"text-editor.default\">\n\t\t\t\t\t\t\t\t\t<p>M\u00e9s que cr\u00e9ixer en volum, el nostre objectiu \u00e9s continuar creixent en excel\u00b7l\u00e8ncia, oferint projectes que responguin a les expectatives d\u2019un p\u00fablic exigent, tant local com internacional.<\/p>\t\t\t\t\t\t\t\t<\/div>\n\t\t\t\t<div class=\"elementor-element elementor-element-da4a10d elementor-align-center elementor-widget elementor-widget-button\" data-id=\"da4a10d\" data-element_type=\"widget\" data-e-type=\"widget\" data-widget_type=\"button.default\">\n\t\t\t\t\t\t\t\t\t\t<a class=\"elementor-button elementor-button-link elementor-size-sm\" href=\"https:\/\/sanblanch.com\/ca\/projectes\/\">\n\t\t\t\t\t\t<span class=\"elementor-button-content-wrapper\">\n\t\t\t\t\t\t<span class=\"elementor-button-icon\">\n\t\t\t\t<svg aria-hidden=\"true\" class=\"e-font-icon-svg e-fas-plus-circle\" viewBox=\"0 0 512 512\" xmlns=\"http:\/\/www.w3.org\/2000\/svg\"><path d=\"M256 8C119 8 8 119 8 256s111 248 248 248 248-111 248-248S393 8 256 8zm144 276c0 6.6-5.4 12-12 12h-92v92c0 6.6-5.4 12-12 12h-56c-6.6 0-12-5.4-12-12v-92h-92c-6.6 0-12-5.4-12-12v-56c0-6.6 5.4-12 12-12h92v-92c0-6.6 5.4-12 12-12h56c6.6 0 12 5.4 12 12v92h92c6.6 0 12 5.4 12 12v56z\"><\/path><\/svg>\t\t\t<\/span>\n\t\t\t\t\t\t\t\t\t<span class=\"elementor-button-text\">VEURE PROJECTES<\/span>\n\t\t\t\t\t<\/span>\n\t\t\t\t\t<\/a>\n\t\t\t\t\t\t\t\t<\/div>\n\t\t\t\t\t<\/div>\n\t\t\t\t<\/div>\n\t\t<div class=\"elementor-element elementor-element-70afd5ae e-flex e-con-boxed elementor-invisible e-con e-parent\" data-id=\"70afd5ae\" data-element_type=\"container\" data-e-type=\"container\" data-settings=\"{&quot;background_background&quot;:&quot;classic&quot;,&quot;motion_fx_motion_fx_scrolling&quot;:&quot;yes&quot;,&quot;motion_fx_range&quot;:&quot;viewport&quot;,&quot;animation&quot;:&quot;slideInDown&quot;,&quot;motion_fx_devices&quot;:[&quot;desktop&quot;,&quot;tablet&quot;,&quot;mobile&quot;]}\">\n\t\t\t\t\t<div class=\"e-con-inner\">\n\t\t\t\t<div class=\"elementor-element elementor-element-374a35ea elementor-widget elementor-widget-heading\" data-id=\"374a35ea\" data-element_type=\"widget\" data-e-type=\"widget\" data-widget_type=\"heading.default\">\n\t\t\t\t\t<h2 class=\"elementor-heading-title elementor-size-default\">La tranquil\u00b7litat de confiar en un proc\u00e9s \u00fanic<\/h2>\t\t\t\t<\/div>\n\t\t\t\t<div class=\"elementor-element elementor-element-095ef63 elementor-widget elementor-widget-text-editor\" data-id=\"095ef63\" data-element_type=\"widget\" data-e-type=\"widget\" data-widget_type=\"text-editor.default\">\n\t\t\t\t\t\t\t\t\t<p>A Sanblanch entenem que una reforma no \u00e9s nom\u00e9s una obra: \u00e9s una inversi\u00f3 emocional, de temps i d\u2019estil de vida. Per aix\u00f2 hem dissenyat un m\u00e8tode de treball pensat per aportar confian\u00e7a i resultats impecables en cada fase: <\/p>\t\t\t\t\t\t\t\t<\/div>\n\t\t\t\t<div class=\"elementor-element elementor-element-38d6f715 elementor-view-default elementor-invisible elementor-widget elementor-widget-icon\" data-id=\"38d6f715\" data-element_type=\"widget\" data-e-type=\"widget\" data-settings=\"{&quot;_animation&quot;:&quot;fadeInDown&quot;}\" data-widget_type=\"icon.default\">\n\t\t\t\t\t\t\t<div class=\"elementor-icon-wrapper\">\n\t\t\t<div class=\"elementor-icon\">\n\t\t\t<svg aria-hidden=\"true\" class=\"e-font-icon-svg e-fas-arrow-down\" viewBox=\"0 0 448 512\" xmlns=\"http:\/\/www.w3.org\/2000\/svg\"><path d=\"M413.1 222.5l22.2 22.2c9.4 9.4 9.4 24.6 0 33.9L241 473c-9.4 9.4-24.6 9.4-33.9 0L12.7 278.6c-9.4-9.4-9.4-24.6 0-33.9l22.2-22.2c9.5-9.5 25-9.3 34.3.4L184 343.4V56c0-13.3 10.7-24 24-24h32c13.3 0 24 10.7 24 24v287.4l114.8-120.5c9.3-9.8 24.8-10 34.3-.4z\"><\/path><\/svg>\t\t\t<\/div>\n\t\t<\/div>\n\t\t\t\t\t\t<\/div>\n\t\t\t\t\t<\/div>\n\t\t\t\t<\/div>\n\t\t<div class=\"elementor-element elementor-element-741b21fc e-flex e-con-boxed e-con e-parent\" data-id=\"741b21fc\" data-element_type=\"container\" data-e-type=\"container\">\n\t\t\t\t\t<div class=\"e-con-inner\">\n\t\t<div class=\"elementor-element elementor-element-28ae3969 e-con-full e-flex e-con e-child\" data-id=\"28ae3969\" data-element_type=\"container\" data-e-type=\"container\">\n\t\t\t\t<div class=\"elementor-element elementor-element-75eb066d animated-slow elementor-invisible elementor-widget elementor-widget-text-editor\" data-id=\"75eb066d\" data-element_type=\"widget\" data-e-type=\"widget\" data-settings=\"{&quot;_animation&quot;:&quot;fadeIn&quot;}\" data-widget_type=\"text-editor.default\">\n\t\t\t\t\t\t\t\t\t<p>\/01<\/p>\t\t\t\t\t\t\t\t<\/div>\n\t\t\t\t<div class=\"elementor-element elementor-element-595c7f3d elementor-widget elementor-widget-heading\" data-id=\"595c7f3d\" data-element_type=\"widget\" data-e-type=\"widget\" data-settings=\"{&quot;_animation&quot;:&quot;none&quot;}\" data-widget_type=\"heading.default\">\n\t\t\t\t\t<h2 class=\"elementor-heading-title elementor-size-default\">Visualitzaci\u00f3 en 3D\n\n\n<\/h2>\t\t\t\t<\/div>\n\t\t\t\t<div class=\"elementor-element elementor-element-65835218 elementor-invisible elementor-widget elementor-widget-text-editor\" data-id=\"65835218\" data-element_type=\"widget\" data-e-type=\"widget\" data-settings=\"{&quot;_animation&quot;:&quot;fadeIn&quot;,&quot;_animation_delay&quot;:0.5}\" data-widget_type=\"text-editor.default\">\n\t\t\t\t\t\t\t\t\t<p>Creem un render previ perqu\u00e8 vegis el teu projecte abans de comen\u00e7ar, amb la m\u00e0xima claredat i realisme.<\/p>\t\t\t\t\t\t\t\t<\/div>\n\t\t\t\t<\/div>\n\t\t<div class=\"elementor-element elementor-element-3b11f3f e-con-full e-flex e-con e-child\" data-id=\"3b11f3f\" data-element_type=\"container\" data-e-type=\"container\">\n\t\t\t\t<div class=\"elementor-element elementor-element-33fc78cc animated-slow elementor-invisible elementor-widget elementor-widget-text-editor\" data-id=\"33fc78cc\" data-element_type=\"widget\" data-e-type=\"widget\" data-settings=\"{&quot;_animation&quot;:&quot;fadeIn&quot;}\" data-widget_type=\"text-editor.default\">\n\t\t\t\t\t\t\t\t\t<p>\/02<\/p>\t\t\t\t\t\t\t\t<\/div>\n\t\t\t\t<div class=\"elementor-element elementor-element-2d36abfe elementor-widget elementor-widget-heading\" data-id=\"2d36abfe\" data-element_type=\"widget\" data-e-type=\"widget\" data-settings=\"{&quot;_animation&quot;:&quot;none&quot;}\" data-widget_type=\"heading.default\">\n\t\t\t\t\t<h2 class=\"elementor-heading-title elementor-size-default\">Pressupost detallat i transparent\n\n\n<\/h2>\t\t\t\t<\/div>\n\t\t\t\t<div class=\"elementor-element elementor-element-21727014 elementor-invisible elementor-widget elementor-widget-text-editor\" data-id=\"21727014\" data-element_type=\"widget\" data-e-type=\"widget\" data-settings=\"{&quot;_animation&quot;:&quot;fadeIn&quot;,&quot;_animation_delay&quot;:0.5}\" data-widget_type=\"text-editor.default\">\n\t\t\t\t\t\t\t\t\t<p><span style=\"font-weight: 400;\">Sense sorpreses ni costos ocults. Des del principi saps en qu\u00e8 s\u2019inverteix cada euro. <\/span><\/p>\t\t\t\t\t\t\t\t<\/div>\n\t\t\t\t<\/div>\n\t\t\t\t\t<\/div>\n\t\t\t\t<\/div>\n\t\t<div class=\"elementor-element elementor-element-4a145eb0 e-flex e-con-boxed e-con e-parent\" data-id=\"4a145eb0\" data-element_type=\"container\" data-e-type=\"container\">\n\t\t\t\t\t<div class=\"e-con-inner\">\n\t\t<div class=\"elementor-element elementor-element-4d2ff3b8 e-con-full e-flex e-con e-child\" data-id=\"4d2ff3b8\" data-element_type=\"container\" data-e-type=\"container\">\n\t\t\t\t<div class=\"elementor-element elementor-element-6151754e animated-slow elementor-invisible elementor-widget elementor-widget-text-editor\" data-id=\"6151754e\" data-element_type=\"widget\" data-e-type=\"widget\" data-settings=\"{&quot;_animation&quot;:&quot;fadeIn&quot;,&quot;_animation_delay&quot;:20}\" data-widget_type=\"text-editor.default\">\n\t\t\t\t\t\t\t\t\t<p>\/03<\/p>\t\t\t\t\t\t\t\t<\/div>\n\t\t\t\t<div class=\"elementor-element elementor-element-4e20df7b elementor-widget elementor-widget-heading\" data-id=\"4e20df7b\" data-element_type=\"widget\" data-e-type=\"widget\" data-settings=\"{&quot;_animation&quot;:&quot;none&quot;}\" data-widget_type=\"heading.default\">\n\t\t\t\t\t<h2 class=\"elementor-heading-title elementor-size-default\">Organitzaci\u00f3 impecable\n<\/h2>\t\t\t\t<\/div>\n\t\t\t\t<div class=\"elementor-element elementor-element-49f7b6c5 elementor-invisible elementor-widget elementor-widget-text-editor\" data-id=\"49f7b6c5\" data-element_type=\"widget\" data-e-type=\"widget\" data-settings=\"{&quot;_animation&quot;:&quot;fadeIn&quot;,&quot;_animation_delay&quot;:0.5}\" data-widget_type=\"text-editor.default\">\n\t\t\t\t\t\t\t\t\t<p>Cuidem l\u2019espai de treball com si fos nostre, garantint ordre i respecte per casa teva durant tota l\u2019obra.<\/p>\t\t\t\t\t\t\t\t<\/div>\n\t\t\t\t<\/div>\n\t\t<div class=\"elementor-element elementor-element-1571454a e-con-full e-flex e-con e-child\" data-id=\"1571454a\" data-element_type=\"container\" data-e-type=\"container\">\n\t\t\t\t<div class=\"elementor-element elementor-element-3250f0ca animated-slow elementor-invisible elementor-widget elementor-widget-text-editor\" data-id=\"3250f0ca\" data-element_type=\"widget\" data-e-type=\"widget\" data-settings=\"{&quot;_animation&quot;:&quot;fadeIn&quot;}\" data-widget_type=\"text-editor.default\">\n\t\t\t\t\t\t\t\t\t<p>\/04<\/p>\t\t\t\t\t\t\t\t<\/div>\n\t\t\t\t<div class=\"elementor-element elementor-element-5c20fed3 elementor-widget elementor-widget-heading\" data-id=\"5c20fed3\" data-element_type=\"widget\" data-e-type=\"widget\" data-settings=\"{&quot;_animation&quot;:&quot;none&quot;}\" data-widget_type=\"heading.default\">\n\t\t\t\t\t<h2 class=\"elementor-heading-title elementor-size-default\">Atenci\u00f3 al detall\n\n<\/h2>\t\t\t\t<\/div>\n\t\t\t\t<div class=\"elementor-element elementor-element-23e913a9 elementor-invisible elementor-widget elementor-widget-text-editor\" data-id=\"23e913a9\" data-element_type=\"widget\" data-e-type=\"widget\" data-settings=\"{&quot;_animation&quot;:&quot;fadeIn&quot;,&quot;_animation_delay&quot;:0.5}\" data-widget_type=\"text-editor.default\">\n\t\t\t\t\t\t\t\t\t<p>Des dels materials fins als acabats, cada decisi\u00f3 est\u00e0 pensada per elevar el teu espai i superar les teves expectatives.<\/p>\t\t\t\t\t\t\t\t<\/div>\n\t\t\t\t<\/div>\n\t\t\t\t\t<\/div>\n\t\t\t\t<\/div>\n\t\t<div class=\"elementor-element elementor-element-2b98f871 e-flex e-con-boxed e-con e-parent\" data-id=\"2b98f871\" data-element_type=\"container\" data-e-type=\"container\" data-settings=\"{&quot;background_background&quot;:&quot;classic&quot;}\">\n\t\t\t\t\t<div class=\"e-con-inner\">\n\t\t\t\t<div class=\"elementor-element elementor-element-5d9b4173 elementor-invisible elementor-widget elementor-widget-heading\" data-id=\"5d9b4173\" data-element_type=\"widget\" data-e-type=\"widget\" data-settings=\"{&quot;_animation&quot;:&quot;fadeIn&quot;,&quot;_animation_delay&quot;:0.5}\" data-widget_type=\"heading.default\">\n\t\t\t\t\t<h2 class=\"elementor-heading-title elementor-size-default\">Fes realitat la teva visi\u00f3 amb Sanblanch<\/h2>\t\t\t\t<\/div>\n\t\t\t\t<div class=\"elementor-element elementor-element-24709c24 elementor-invisible elementor-widget elementor-widget-heading\" data-id=\"24709c24\" data-element_type=\"widget\" data-e-type=\"widget\" data-settings=\"{&quot;_animation&quot;:&quot;fadeIn&quot;,&quot;_animation_delay&quot;:0.5}\" data-widget_type=\"heading.default\">\n\t\t\t\t\t<h2 class=\"elementor-heading-title elementor-size-default\">Cada projecte comen\u00e7a amb una idea, per\u00f2 nom\u00e9s esdev\u00e9 \u00fanic quan s\u2019envolta dels professionals adequats i d\u2019una direcci\u00f3 que el coordini amb precisi\u00f3. <\/h2>\t\t\t\t<\/div>\n\t\t\t\t<div class=\"elementor-element elementor-element-386b460f elementor-invisible elementor-widget elementor-widget-text-editor\" data-id=\"386b460f\" data-element_type=\"widget\" data-e-type=\"widget\" data-settings=\"{&quot;_animation&quot;:&quot;fadeIn&quot;,&quot;_animation_delay&quot;:0.5}\" data-widget_type=\"text-editor.default\">\n\t\t\t\t\t\t\t\t\t<p>A Sanblanch reunim talent, experi\u00e8ncia i confian\u00e7a per transformar casa teva en l\u2019espai que sempre has imaginat.<\/p>\t\t\t\t\t\t\t\t<\/div>\n\t\t\t\t<div class=\"elementor-element elementor-element-7dce0dc elementor-widget elementor-widget-text-editor\" data-id=\"7dce0dc\" data-element_type=\"widget\" data-e-type=\"widget\" data-widget_type=\"text-editor.default\">\n\t\t\t\t\t\t\t\t\t<p style=\"text-align: center;\">Explica\u2019ns el teu projecte i descobreix com podem fer-lo realitat, amb la tranquil\u00b7litat d\u2019un servei integral i a mida.<\/p>\t\t\t\t\t\t\t\t<\/div>\n\t\t\t\t<div class=\"elementor-element elementor-element-4a1411ee elementor-align-center elementor-mobile-align-center elementor-invisible elementor-widget elementor-widget-button\" data-id=\"4a1411ee\" data-element_type=\"widget\" data-e-type=\"widget\" data-settings=\"{&quot;motion_fx_motion_fx_mouse&quot;:&quot;yes&quot;,&quot;_animation&quot;:&quot;bounce&quot;}\" data-widget_type=\"button.default\">\n\t\t\t\t\t\t\t\t\t\t<a class=\"elementor-button elementor-button-link elementor-size-sm\" href=\"https:\/\/sanblanch.com\/ca\/contacte\/\">\n\t\t\t\t\t\t<span class=\"elementor-button-content-wrapper\">\n\t\t\t\t\t\t<span class=\"elementor-button-icon\">\n\t\t\t\t<svg aria-hidden=\"true\" class=\"e-font-icon-svg e-fas-plus-circle\" viewBox=\"0 0 512 512\" xmlns=\"http:\/\/www.w3.org\/2000\/svg\"><path d=\"M256 8C119 8 8 119 8 256s111 248 248 248 248-111 248-248S393 8 256 8zm144 276c0 6.6-5.4 12-12 12h-92v92c0 6.6-5.4 12-12 12h-56c-6.6 0-12-5.4-12-12v-92h-92c-6.6 0-12-5.4-12-12v-56c0-6.6 5.4-12 12-12h92v-92c0-6.6 5.4-12 12-12h56c6.6 0 12 5.4 12 12v92h92c6.6 0 12 5.4 12 12v56z\"><\/path><\/svg>\t\t\t<\/span>\n\t\t\t\t\t\t\t\t\t<span class=\"elementor-button-text\">Demana una proposta personalitzadasolicita una propuesta personalizada<\/span>\n\t\t\t\t\t<\/span>\n\t\t\t\t\t<\/a>\n\t\t\t\t\t\t\t\t<\/div>\n\t\t\t\t\t<\/div>\n\t\t\t\t<\/div>\n\t\t\t\t<\/div>\n\t\t","protected":false},"excerpt":{"rendered":"<p>A\u00f1ade aqu\u00ed tu texto de cabecera Reformes i interiorisme amb segell mediterrani Creem espais que transcendeixen l\u2019est\u00e8tica i es converteixen en reflex dels qui els habiten. La nostra ess\u00e8ncia Sanblanch va n\u00e9ixer a la comarca del Garraf amb un prop\u00f2sit clar: crear llars amb \u00e0nima. El nostre lema, \u201cdissenyem espais que transcendeixen l\u2019est\u00e8tica, donant un &#8230; <a title=\"Qui som\" class=\"read-more\" href=\"https:\/\/sanblanch.com\/ca\/qui-som\/\" aria-label=\"M\u00e9s informaci\u00f3 sobre Qui som\">Read more<\/a><\/p>\n","protected":false},"author":1,"featured_media":0,"parent":0,"menu_order":0,"comment_status":"closed","ping_status":"closed","template":"elementor_header_footer","meta":{"_joinchat":[],"footnotes":""},"class_list":["post-3285","page","type-page","status-publish"],"yoast_head":"<!-- This site is optimized with the Yoast SEO plugin v27.4 - https:\/\/yoast.com\/product\/yoast-seo-wordpress\/ -->\n<title>Qui som - Sanblanch<\/title>\n<meta name=\"robots\" content=\"index, follow, max-snippet:-1, max-image-preview:large, max-video-preview:-1\" \/>\n<link rel=\"canonical\" href=\"https:\/\/sanblanch.com\/ca\/qui-som\/\" \/>\n<meta property=\"og:locale\" content=\"ca_ES\" \/>\n<meta property=\"og:type\" content=\"article\" \/>\n<meta property=\"og:title\" content=\"Qui som - Sanblanch\" \/>\n<meta property=\"og:description\" content=\"A\u00f1ade aqu\u00ed tu texto de cabecera Reformes i interiorisme amb segell mediterrani Creem espais que transcendeixen l\u2019est\u00e8tica i es converteixen en reflex dels qui els habiten. La nostra ess\u00e8ncia Sanblanch va n\u00e9ixer a la comarca del Garraf amb un prop\u00f2sit clar: crear llars amb \u00e0nima. El nostre lema, \u201cdissenyem espais que transcendeixen l\u2019est\u00e8tica, donant un ... Read more\" \/>\n<meta property=\"og:url\" content=\"https:\/\/sanblanch.com\/ca\/qui-som\/\" \/>\n<meta property=\"og:site_name\" content=\"Sanblanch\" \/>\n<meta property=\"article:modified_time\" content=\"2026-01-07T12:32:18+00:00\" \/>\n<meta property=\"og:image\" content=\"https:\/\/sanblanch.com\/wp-content\/uploads\/2025\/08\/Logo-blanco-nombre.webp\" \/>\n\t<meta property=\"og:image:width\" content=\"800\" \/>\n\t<meta property=\"og:image:height\" content=\"108\" \/>\n\t<meta property=\"og:image:type\" content=\"image\/webp\" \/>\n<meta name=\"twitter:card\" content=\"summary_large_image\" \/>\n<meta name=\"twitter:label1\" content=\"Temps estimat de lectura\" \/>\n\t<meta name=\"twitter:data1\" content=\"4 minuts\" \/>\n<script type=\"application\/ld+json\" class=\"yoast-schema-graph\">{\"@context\":\"https:\\\/\\\/schema.org\",\"@graph\":[{\"@type\":\"WebPage\",\"@id\":\"https:\\\/\\\/sanblanch.com\\\/ca\\\/qui-som\\\/\",\"url\":\"https:\\\/\\\/sanblanch.com\\\/ca\\\/qui-som\\\/\",\"name\":\"Qui som - Sanblanch\",\"isPartOf\":{\"@id\":\"https:\\\/\\\/sanblanch.com\\\/ca\\\/#website\"},\"primaryImageOfPage\":{\"@id\":\"https:\\\/\\\/sanblanch.com\\\/ca\\\/qui-som\\\/#primaryimage\"},\"image\":{\"@id\":\"https:\\\/\\\/sanblanch.com\\\/ca\\\/qui-som\\\/#primaryimage\"},\"thumbnailUrl\":\"https:\\\/\\\/sanblanch.com\\\/wp-content\\\/uploads\\\/2025\\\/08\\\/Logo-blanco-nombre-300x41.webp\",\"datePublished\":\"2024-09-24T05:05:04+00:00\",\"dateModified\":\"2026-01-07T12:32:18+00:00\",\"breadcrumb\":{\"@id\":\"https:\\\/\\\/sanblanch.com\\\/ca\\\/qui-som\\\/#breadcrumb\"},\"inLanguage\":\"ca\",\"potentialAction\":[{\"@type\":\"ReadAction\",\"target\":[\"https:\\\/\\\/sanblanch.com\\\/ca\\\/qui-som\\\/\"]}]},{\"@type\":\"ImageObject\",\"inLanguage\":\"ca\",\"@id\":\"https:\\\/\\\/sanblanch.com\\\/ca\\\/qui-som\\\/#primaryimage\",\"url\":\"https:\\\/\\\/sanblanch.com\\\/wp-content\\\/uploads\\\/2025\\\/08\\\/Logo-blanco-nombre-300x41.webp\",\"contentUrl\":\"https:\\\/\\\/sanblanch.com\\\/wp-content\\\/uploads\\\/2025\\\/08\\\/Logo-blanco-nombre-300x41.webp\"},{\"@type\":\"BreadcrumbList\",\"@id\":\"https:\\\/\\\/sanblanch.com\\\/ca\\\/qui-som\\\/#breadcrumb\",\"itemListElement\":[{\"@type\":\"ListItem\",\"position\":1,\"name\":\"Portada\",\"item\":\"https:\\\/\\\/sanblanch.com\\\/ca\\\/\"},{\"@type\":\"ListItem\",\"position\":2,\"name\":\"Qui som\"}]},{\"@type\":\"WebSite\",\"@id\":\"https:\\\/\\\/sanblanch.com\\\/ca\\\/#website\",\"url\":\"https:\\\/\\\/sanblanch.com\\\/ca\\\/\",\"name\":\"Sanblanch\",\"description\":\"Reformas e interiorismo Vilanova i la Geltru, Sitges, Garraf\",\"publisher\":{\"@id\":\"https:\\\/\\\/sanblanch.com\\\/ca\\\/#organization\"},\"potentialAction\":[{\"@type\":\"SearchAction\",\"target\":{\"@type\":\"EntryPoint\",\"urlTemplate\":\"https:\\\/\\\/sanblanch.com\\\/ca\\\/?s={search_term_string}\"},\"query-input\":{\"@type\":\"PropertyValueSpecification\",\"valueRequired\":true,\"valueName\":\"search_term_string\"}}],\"inLanguage\":\"ca\"},{\"@type\":\"Organization\",\"@id\":\"https:\\\/\\\/sanblanch.com\\\/ca\\\/#organization\",\"name\":\"Sanblanch\",\"url\":\"https:\\\/\\\/sanblanch.com\\\/ca\\\/\",\"logo\":{\"@type\":\"ImageObject\",\"inLanguage\":\"ca\",\"@id\":\"https:\\\/\\\/sanblanch.com\\\/ca\\\/#\\\/schema\\\/logo\\\/image\\\/\",\"url\":\"https:\\\/\\\/sanblanch.com\\\/wp-content\\\/uploads\\\/2025\\\/08\\\/Logo-H-Soluciones-para-el-hogar-Blanco-y-negro.webp\",\"contentUrl\":\"https:\\\/\\\/sanblanch.com\\\/wp-content\\\/uploads\\\/2025\\\/08\\\/Logo-H-Soluciones-para-el-hogar-Blanco-y-negro.webp\",\"width\":800,\"height\":329,\"caption\":\"Sanblanch\"},\"image\":{\"@id\":\"https:\\\/\\\/sanblanch.com\\\/ca\\\/#\\\/schema\\\/logo\\\/image\\\/\"},\"sameAs\":[\"https:\\\/\\\/www.instagram.com\\\/sanblanch\\\/?hl=es\"]}]}<\/script>\n<!-- \/ Yoast SEO plugin. -->","yoast_head_json":{"title":"Qui som - Sanblanch","robots":{"index":"index","follow":"follow","max-snippet":"max-snippet:-1","max-image-preview":"max-image-preview:large","max-video-preview":"max-video-preview:-1"},"canonical":"https:\/\/sanblanch.com\/ca\/qui-som\/","og_locale":"ca_ES","og_type":"article","og_title":"Qui som - Sanblanch","og_description":"A\u00f1ade aqu\u00ed tu texto de cabecera Reformes i interiorisme amb segell mediterrani Creem espais que transcendeixen l\u2019est\u00e8tica i es converteixen en reflex dels qui els habiten. La nostra ess\u00e8ncia Sanblanch va n\u00e9ixer a la comarca del Garraf amb un prop\u00f2sit clar: crear llars amb \u00e0nima. El nostre lema, \u201cdissenyem espais que transcendeixen l\u2019est\u00e8tica, donant un ... Read more","og_url":"https:\/\/sanblanch.com\/ca\/qui-som\/","og_site_name":"Sanblanch","article_modified_time":"2026-01-07T12:32:18+00:00","og_image":[{"width":800,"height":108,"url":"https:\/\/sanblanch.com\/wp-content\/uploads\/2025\/08\/Logo-blanco-nombre.webp","type":"image\/webp"}],"twitter_card":"summary_large_image","twitter_misc":{"Temps estimat de lectura":"4 minuts"},"schema":{"@context":"https:\/\/schema.org","@graph":[{"@type":"WebPage","@id":"https:\/\/sanblanch.com\/ca\/qui-som\/","url":"https:\/\/sanblanch.com\/ca\/qui-som\/","name":"Qui som - Sanblanch","isPartOf":{"@id":"https:\/\/sanblanch.com\/ca\/#website"},"primaryImageOfPage":{"@id":"https:\/\/sanblanch.com\/ca\/qui-som\/#primaryimage"},"image":{"@id":"https:\/\/sanblanch.com\/ca\/qui-som\/#primaryimage"},"thumbnailUrl":"https:\/\/sanblanch.com\/wp-content\/uploads\/2025\/08\/Logo-blanco-nombre-300x41.webp","datePublished":"2024-09-24T05:05:04+00:00","dateModified":"2026-01-07T12:32:18+00:00","breadcrumb":{"@id":"https:\/\/sanblanch.com\/ca\/qui-som\/#breadcrumb"},"inLanguage":"ca","potentialAction":[{"@type":"ReadAction","target":["https:\/\/sanblanch.com\/ca\/qui-som\/"]}]},{"@type":"ImageObject","inLanguage":"ca","@id":"https:\/\/sanblanch.com\/ca\/qui-som\/#primaryimage","url":"https:\/\/sanblanch.com\/wp-content\/uploads\/2025\/08\/Logo-blanco-nombre-300x41.webp","contentUrl":"https:\/\/sanblanch.com\/wp-content\/uploads\/2025\/08\/Logo-blanco-nombre-300x41.webp"},{"@type":"BreadcrumbList","@id":"https:\/\/sanblanch.com\/ca\/qui-som\/#breadcrumb","itemListElement":[{"@type":"ListItem","position":1,"name":"Portada","item":"https:\/\/sanblanch.com\/ca\/"},{"@type":"ListItem","position":2,"name":"Qui som"}]},{"@type":"WebSite","@id":"https:\/\/sanblanch.com\/ca\/#website","url":"https:\/\/sanblanch.com\/ca\/","name":"Sanblanch","description":"Reformas e interiorismo Vilanova i la Geltru, Sitges, Garraf","publisher":{"@id":"https:\/\/sanblanch.com\/ca\/#organization"},"potentialAction":[{"@type":"SearchAction","target":{"@type":"EntryPoint","urlTemplate":"https:\/\/sanblanch.com\/ca\/?s={search_term_string}"},"query-input":{"@type":"PropertyValueSpecification","valueRequired":true,"valueName":"search_term_string"}}],"inLanguage":"ca"},{"@type":"Organization","@id":"https:\/\/sanblanch.com\/ca\/#organization","name":"Sanblanch","url":"https:\/\/sanblanch.com\/ca\/","logo":{"@type":"ImageObject","inLanguage":"ca","@id":"https:\/\/sanblanch.com\/ca\/#\/schema\/logo\/image\/","url":"https:\/\/sanblanch.com\/wp-content\/uploads\/2025\/08\/Logo-H-Soluciones-para-el-hogar-Blanco-y-negro.webp","contentUrl":"https:\/\/sanblanch.com\/wp-content\/uploads\/2025\/08\/Logo-H-Soluciones-para-el-hogar-Blanco-y-negro.webp","width":800,"height":329,"caption":"Sanblanch"},"image":{"@id":"https:\/\/sanblanch.com\/ca\/#\/schema\/logo\/image\/"},"sameAs":["https:\/\/www.instagram.com\/sanblanch\/?hl=es"]}]}},"_links":{"self":[{"href":"https:\/\/sanblanch.com\/ca\/wp-json\/wp\/v2\/pages\/3285","targetHints":{"allow":["GET"]}}],"collection":[{"href":"https:\/\/sanblanch.com\/ca\/wp-json\/wp\/v2\/pages"}],"about":[{"href":"https:\/\/sanblanch.com\/ca\/wp-json\/wp\/v2\/types\/page"}],"author":[{"embeddable":true,"href":"https:\/\/sanblanch.com\/ca\/wp-json\/wp\/v2\/users\/1"}],"replies":[{"embeddable":true,"href":"https:\/\/sanblanch.com\/ca\/wp-json\/wp\/v2\/comments?post=3285"}],"version-history":[{"count":6,"href":"https:\/\/sanblanch.com\/ca\/wp-json\/wp\/v2\/pages\/3285\/revisions"}],"predecessor-version":[{"id":3694,"href":"https:\/\/sanblanch.com\/ca\/wp-json\/wp\/v2\/pages\/3285\/revisions\/3694"}],"wp:attachment":[{"href":"https:\/\/sanblanch.com\/ca\/wp-json\/wp\/v2\/media?parent=3285"}],"curies":[{"name":"wp","href":"https:\/\/api.w.org\/{rel}","templated":true}]}}